{"id":407728,"date":"2025-11-13T10:35:11","date_gmt":"2025-11-13T09:35:11","guid":{"rendered":"https:\/\/life-effect.org\/klima-sozialfonds-ksf\/"},"modified":"2025-12-01T15:08:42","modified_gmt":"2025-12-01T14:08:42","slug":"klima-sozialfonds-ksf","status":"publish","type":"page","link":"https:\/\/life-effect.org\/de\/klima-sozialfonds-ksf\/","title":{"rendered":"Klima-Sozialfonds (KSF)"},"content":{"rendered":"<p>[et_pb_section fb_built=&#8220;1&#8243; _builder_version=&#8220;4.27.4&#8243; _module_preset=&#8220;default&#8220; background_color=&#8220;#F0EFEE&#8220; background_image=&#8220;https:\/\/life-effect.org\/wp-content\/uploads\/2025\/10\/Life-effect-background-02-sky.png&#8220; background_position=&#8220;top_left&#8220; min_height=&#8220;2598.4px&#8220; custom_padding=&#8220;163px|||0px||&#8220; global_colors_info=&#8220;{}&#8220;][et_pb_row _builder_version=&#8220;4.27.4&#8243; _module_preset=&#8220;default&#8220; width=&#8220;91.5%&#8220; module_alignment=&#8220;center&#8220; min_height=&#8220;157.3px&#8220; custom_margin=&#8220;0px|auto|-55px|180px|false|false&#8220; custom_padding=&#8220;||0px|||&#8220; global_colors_info=&#8220;{}&#8220;][et_pb_column type=&#8220;4_4&#8243; _builder_version=&#8220;4.27.4&#8243; _module_preset=&#8220;default&#8220; global_colors_info=&#8220;{}&#8220;][et_pb_text content_tablet=&#8220;<\/p>\n<p>Klima-Sozialfonds (KSF)<\/p>\n<p>&#8220; content_phone=&#8220;<\/p>\n<p>Klima-Sozialfonds (KSF)<\/p>\n<p>&#8220; content_last_edited=&#8220;on|phone&#8220; _builder_version=&#8220;4.27.4&#8243; _module_preset=&#8220;default&#8220; text_font=&#8220;&#8211;et_global_heading_font|700|||||||&#8220; text_font_size=&#8220;50px&#8220; text_line_height=&#8220;1.8em&#8220; min_height=&#8220;124.8px&#8220; custom_padding=&#8220;||93px|||&#8220; text_line_height_tablet=&#8220;1.7em&#8220; text_line_height_phone=&#8220;1em&#8220; text_line_height_last_edited=&#8220;on|tablet&#8220; global_colors_info=&#8220;{}&#8220;]<\/p>\n<p style=\"text-align: left\">Klima-Sozialfonds (KSF)<\/p>\n<p>[\/et_pb_text][\/et_pb_column][\/et_pb_row][et_pb_row _builder_version=&#8220;4.27.4&#8243; _module_preset=&#8220;default&#8220; custom_margin=&#8220;||20px||false|false&#8220; global_colors_info=&#8220;{}&#8220;][et_pb_column type=&#8220;4_4&#8243; _builder_version=&#8220;4.27.4&#8243; _module_preset=&#8220;default&#8220; global_colors_info=&#8220;{}&#8220;][et_pb_video src=&#8220;https:\/\/youtu.be\/i58MmFMOj0M?si=_qj-URzwg2NaLQMg&#8220; _builder_version=&#8220;4.27.4&#8243; _module_preset=&#8220;default&#8220; global_colors_info=&#8220;{}&#8220;][\/et_pb_video][\/et_pb_column][\/et_pb_row][et_pb_row _builder_version=&#8220;4.27.4&#8243; _module_preset=&#8220;default&#8220; custom_padding=&#8220;||0px|||&#8220; hover_enabled=&#8220;0&#8243; global_colors_info=&#8220;{}&#8220; sticky_enabled=&#8220;0&#8243;][et_pb_column type=&#8220;4_4&#8243; _builder_version=&#8220;4.27.4&#8243; _module_preset=&#8220;default&#8220; global_colors_info=&#8220;{}&#8220;][et_pb_blurb content_max_width=&#8220;100%&#8220; admin_label=&#8220;FContent V20 &#8211; Five &#8211; Empowering businesses across industries&#8220; module_class=&#8220;fc5_blurb&#8220; _builder_version=&#8220;4.27.4&#8243; _module_preset=&#8220;default&#8220; header_font=&#8220;Sofia Sans|600|||||||&#8220; header_text_color=&#8220;#FFFFFF&#8220; header_font_size=&#8220;18px&#8220; header_line_height=&#8220;100%&#8220; body_font=&#8220;Sofia Sans||||||||&#8220; body_text_color=&#8220;gcid-heading-color&#8220; width=&#8220;100%&#8220; min_height=&#8220;464.5px&#8220; custom_margin=&#8220;||-435px||false|false&#8220; custom_padding=&#8220;||3px|0px|false|false&#8220; animation=&#8220;off&#8220; hover_enabled=&#8220;0&#8243; header_font_size_tablet=&#8220;18px&#8220; header_font_size_phone=&#8220;16px&#8220; header_font_size_last_edited=&#8220;on|phone&#8220; custom_css_blurb_title=&#8220;padding-bottom:18px;&#8220; custom_css_blurb_content=&#8220;font-weight:400;&#8220; inline_fonts=&#8220;Sofia Sans&#8220; global_colors_info=&#8220;{%22gcid-heading-color%22:%91%22body_text_color%22%93}&#8220; custom_css_blurb_title_last_edited=&#8220;on|phone&#8220; custom_css_blurb_title_tablet=&#8220;padding-top: 20px;||padding-bottom: 20px;&#8220; custom_css_blurb_title_phone=&#8220;padding-top: 20px;||padding-bottom: 20px;&#8220; sticky_enabled=&#8220;0&#8243;]<\/p>\n<p><a href=\"https:\/\/life-effect.org\/wp-content\/uploads\/2025\/11\/DE-Module-2.pdf\" title=\"Kapitel hier downloaden \" target=\"_blank\" rel=\"noopener\"><strong>Kapitel hier downloaden <\/strong><\/a><\/p>\n<p>[\/et_pb_blurb][\/et_pb_column][\/et_pb_row][et_pb_row _builder_version=&#8220;4.27.4&#8243; _module_preset=&#8220;default&#8220; custom_margin=&#8220;0px||0px||true|true&#8220; global_colors_info=&#8220;{}&#8220;][et_pb_column type=&#8220;4_4&#8243; _builder_version=&#8220;4.27.4&#8243; _module_preset=&#8220;default&#8220; global_colors_info=&#8220;{}&#8220;][et_pb_accordion open_toggle_text_color=&#8220;gcid-heading-color&#8220; open_toggle_background_color=&#8220;#B7DA9D&#8220; closed_toggle_background_color=&#8220;#B7DA9D&#8220; toggle_icon=&#8220;&#xe050;||divi||400&#8243; icon_color=&#8220;gcid-heading-color&#8220; use_icon_font_size=&#8220;on&#8220; icon_font_size=&#8220;32px&#8220; _builder_version=&#8220;4.27.4&#8243; _module_preset=&#8220;default&#8220; toggle_text_color=&#8220;gcid-heading-color&#8220; toggle_level=&#8220;h1&#8243; toggle_font_size=&#8220;30px&#8220; toggle_letter_spacing=&#8220;0.5px&#8220; closed_toggle_font_size=&#8220;30px&#8220; body_font=&#8220;Sofia Sans||||||||&#8220; hover_enabled=&#8220;0&#8243; border_radii=&#8220;on|20px|20px|20px|20px&#8220; border_width_all=&#8220;3px&#8220; border_color_all=&#8220;gcid-heading-color&#8220; global_colors_info=&#8220;{%22gcid-heading-color%22:%91%22open_toggle_text_color%22,%22toggle_text_color%22,%22border_color_all%22,%22icon_color%22%93}&#8220; sticky_enabled=&#8220;0&#8243;][et_pb_accordion_item title=&#8220;Finanzierung des Klima-Sozialfonds &#8220; open=&#8220;on&#8220; _builder_version=&#8220;4.27.4&#8243; _module_preset=&#8220;default&#8220; global_colors_info=&#8220;{}&#8220; toggle_level=&#8220;h1&#8243; toggle_font=&#8220;|700|||||||&#8220;]<span style=\"font-weight: 400\">Als Reaktion auf die negativen Auswirkungen des ETS2, der zu einem Anstieg der Kraftstoff- und Transportkosten gef\u00fchrt hat, wurde der Klima-Sozialfonds (KSF) eingerichtet. Der KSF ist der erste EU-Fonds, der ausdr\u00fccklich mit dem Ziel geschaffen wurde, potenzielle Energie- und Verkehrsarmut abzumildern, die durch die Abkehr von fossilen Brennstoffen entsteht. Von 2026 bis 2032 wird der Fonds gezielte Unterst\u00fctzungsleistungen in H\u00f6he von 65 Milliarden Euro an alle EU-Mitgliedstaaten verteilen. Da der KSF ab 2026, ein Jahr vor Beginn des ETS2, mit der Verteilung der Mittel beginnt, wird er durch 50 Millionen Zertifikate aus dem ETS1 und 150 Millionen Zertifikate aus dem ETS2 finanziert, bis zu einem H\u00f6chstwert von 65 Milliarden Euro. 25 % der Finanzierung f\u00fcr Projekte im Rahmen der Klima-Sozialpl\u00e4ne m\u00fcssen von den Mitgliedstaaten selbst getragen werden, wodurch sich die verf\u00fcgbaren KSF-Mittel auf insgesamt 86,7 Milliarden Euro belaufen. Den Mitgliedstaaten steht es frei, die Pl\u00e4ne mit ETS2-Einnahmen mitzufinanzieren und den Kofinanzierungssatz \u00fcber 25 % hinaus zu erh\u00f6hen.      <\/span><br \/>\n[\/et_pb_accordion_item][et_pb_accordion_item title=&#8220;Zuteilung des KSF&#8220; _builder_version=&#8220;4.27.4&#8243; _module_preset=&#8220;default&#8220; global_colors_info=&#8220;{}&#8220; toggle_level=&#8220;h1&#8243; toggle_font=&#8220;|700|||||||&#8220; open=&#8220;off&#8220;]Jeder Mitgliedstaat erh\u00e4lt eine Zuweisung aus dem KSF auf der Grundlage einer Bedarfsbewertung, bei der der Anteil der von Armut bedrohten Bev\u00f6lkerung in l\u00e4ndlichen Gebieten, die CO2-Emissionen<span style=\"font-weight: 400\"> aus Brennstoffen in Haushalten, die Anzahl armutsgef\u00e4hrdeter Haushalte mit Zahlungsr\u00fcckst\u00e4nden bei Versorgungsrechnungen, die Gesamtbev\u00f6lkerung und das Bruttonationaleinkommen (BNE) pro Kopf ber\u00fccksichtigt werden. Auf dieser Grundlage erhalten Polen (17,6 % des KSF-Budgets), Frankreich (11,2 %), Italien (10,8 %), Spanien (10,5 %) und Rum\u00e4nien (9,3 %) die gr\u00f6\u00dften Anteile der Mittel. Der KSF verf\u00fcgt zudem \u00fcber einen integrierten Solidarit\u00e4tsmechanismus: Mitgliedstaaten mit einem h\u00f6heren Bedarf erhalten im Verh\u00e4ltnis zu dem von ihnen gezahlten ETS2-Preis anteilig mehr Mittel. So ist beispielsweise Bulgarien ein Nettoempf\u00e4nger des Fonds und erh\u00e4lt im Verh\u00e4ltnis zu seinem Emissionsanteil eine gr\u00f6\u00dfere Mittelzuweisung.   <\/span><br \/>\n[\/et_pb_accordion_item][et_pb_accordion_item title=&#8220;Ausgaben des Klima-Sozialfonds&#8220; _builder_version=&#8220;4.27.4&#8243; _module_preset=&#8220;default&#8220; hover_enabled=&#8220;0&#8243; global_colors_info=&#8220;{}&#8220; toggle_level=&#8220;h1&#8243; toggle_font=&#8220;|700|||||||&#8220; open=&#8220;off&#8220; sticky_enabled=&#8220;0&#8243;]<\/p>\n<p><span style=\"font-weight: 400\">Der KSF kann f\u00fcr gr\u00fcne Investitionen verwendet werden, um die Erschwinglichkeit und Zug\u00e4nglichkeit von Emissionsminderungen zu verbessern. Zu den gr\u00fcnen Investitionen z\u00e4hlen beispielsweise energieeffiziente Renovierungen, die Dekarbonisierung von Heiz- und K\u00fchlsystemen, emissionsfreie Fahrzeuge sowie die Beteiligung an Energiegemeinschaften. Die Mitgliedstaaten k\u00f6nnen steuerliche Anreize oder finanzielle Unterst\u00fctzung einf\u00fchren, um die Anschaffung emissionsfreier Fahrzeuge und Fahrr\u00e4der zu erleichtern oder die bestehende Infrastruktur zu modernisieren. Die KSF-Verordnung nennt ausdr\u00fccklich die Entwicklung eines Marktes f\u00fcr gebrauchte emissionsfreie Fahrzeuge, die Schaffung von Anreizen f\u00fcr die Nutzung erschwinglicher und zug\u00e4nglicher \u00f6ffentlicher Verkehrsmittel und die Unterst\u00fctzung privater und \u00f6ffentlicher Einrichtungen bei der Bereitstellung nachhaltiger Mobilit\u00e4tsl\u00f6sungen \u2013 etwa Mobilit\u00e4t auf Abruf, gemeinschaftliche Verkehrsdienste und aktive Mobilit\u00e4tsformen. <\/span><\/p>\n<p><span style=\"font-weight: 400\">Ein begrenzter Anteil von bis zu 37,5 % des Fonds kann f\u00fcr vor\u00fcbergehende direkte Einkommensunterst\u00fctzung verwendet werden, da viele Investitionen \u2013 wie etwa Geb\u00e4udesanierungen oder der Ausbau \u00f6ffentlicher Verkehrslinien \u2013 mehrere Jahre in Anspruch nehmen k\u00f6nnen. W\u00e4hrend dieser Zeit sind schutzbed\u00fcrftige Haushalte, die auf \u00f6ffentliche Unterst\u00fctzung angewiesen sind, dem CO2-Preis ausgesetzt, sodass m\u00f6glicherweise eine finanzielle Entlastung erforderlich ist. <\/span><\/p>\n<p><span style=\"font-weight: 400\">Weitere 2,5 % der Mittel stehen f\u00fcr \u00f6ffentliche Konsultationen, Kommunikationsma\u00dfnahmen, die Durchf\u00fchrung von Studien oder die Bereitstellung technischer Unterst\u00fctzung und den Kapazit\u00e4tsaufbau der Durchf\u00fchrungsstellen zur Verf\u00fcgung. Diese Kategorie kann Schulungen zur Gew\u00e4hrleistung einer ordnungsgem\u00e4\u00dfen Verwaltung des Fonds und zur Erreichung seiner Ziele oder die Einrichtung von \u201eOne-Stop-Shops\u201c umfassen. Diese sollen den B\u00fcrger:innen helfen, Hindernisse bei der Inanspruchnahme staatlicher Programme im Zusammenhang mit der Renovierung von Wohngeb\u00e4uden zu \u00fcberwinden. <\/span><\/p>\n<p>[\/et_pb_accordion_item][et_pb_accordion_item title=&#8220;Prozess des Klima-Sozialplans&#8220; _builder_version=&#8220;4.27.4&#8243; _module_preset=&#8220;default&#8220; global_colors_info=&#8220;{}&#8220; toggle_level=&#8220;h1&#8243; toggle_font=&#8220;|700|||||||&#8220; open=&#8220;off&#8220;]<span style=\"font-weight: 400\">Die Mitgliedstaaten k\u00f6nnen auf die KSF-Mittel zugreifen, indem sie nationale Klima-Sozialpl\u00e4ne (KSPs) einreichen. Diese Pl\u00e4ne h\u00e4tten bis Juni 2025 vorgelegt werden m\u00fcssen, diese Frist haben bislang nur Schweden und Lettland eingehalten. Die KSPs m\u00fcssen von der Europ\u00e4ischen Kommission genehmigt werden, nachdem ein obligatorischer Konsultationsprozess mit lokalen und regionalen Beh\u00f6rden, Vertreter:innen der Wirtschafts- und Sozialpartner, der Zivilgesellschaft und Jugendorganisationen sowie anderen Interessengruppen stattgefunden hat. Nach der Einreichung hat die Kommission zwei Monate Zeit, um zus\u00e4tzliche Informationen einzuholen oder Anmerkungen vorzubringen. Anschlie\u00dfend kann der Mitgliedstaat den Plan bei Bedarf \u00fcberarbeiten. Die Pl\u00e4ne werden anhand ihrer Relevanz, Wirksamkeit, Effizienz und Koh\u00e4renz bewertet. Eine endg\u00fcltige Entscheidung erfolgt innerhalb von f\u00fcnf Monaten nach Einreichung.     <\/span><\/p>\n<p><span style=\"font-weight: 400\">Eine positive Bewertung f\u00fchrt zu einem Rechtsakt der Kommission, in dem alle Informationen zur Umsetzung des KSP, einschlie\u00dflich der maximalen Mittelzuweisung und des nationalen Beitrags, festgehalten werden. Die Auszahlung der Mittel ist an die Erreichung der im Plan definierten Meilensteine und Ziele gekn\u00fcpft. Die Mitgliedstaaten k\u00f6nnen zweimal j\u00e4hrlich Zahlungen beantragen, wobei die ersten Auszahlungen im Jahr 2026 erfolgen sollen. Sollte ein KSP nicht mehr umsetzbar sein oder erhebliche Anpassungen erfordern, sind die Mitgliedstaaten verpflichtet, den Plan entsprechend zu \u00fcberarbeiten. Die Kommission kann einen ge\u00e4nderten Plan ablehnen, nachdem sie dem Mitgliedstaat Gelegenheit gegeben hat, \u00fcber erzielte Ergebnisse zu berichten und Abweichungen zu begr\u00fcnden.    <\/span><\/p>\n<p><span style=\"font-weight: 400\">Der Klima-Sozialplan (KSP) jedes Mitgliedstaats muss Folgendes enthalten: <\/span><\/p>\n<ul>\n<li><span style=\"font-weight: 400\"> Eine Sch\u00e4tzung der zu erwartenden Auswirkungen der Preiserh\u00f6hungen infolge der Einf\u00fchrung des ETS2, insbesondere im Hinblick auf Energie- und Verkehrsarmut.<\/span><\/li>\n<\/ul>\n<p>&nbsp;<\/p>\n<ul>\n<li><span style=\"font-weight: 400\"> Die gesch\u00e4tzte Anzahl und Identifizierung schutzbed\u00fcrftiger Haushalte, Kleinstunternehmen und Verkehrsteilnehmer (sowohl im \u00f6ffentlichen Nahverkehr als auch im Individualverkehr).<\/span><\/li>\n<\/ul>\n<p>&nbsp;<\/p>\n<ul>\n<li><span style=\"font-weight: 400\"> Konkrete Ma\u00dfnahmen und Investitionen, die geplant sind, um die negativen Auswirkungen der Preiserh\u00f6hung auf diese Zielgruppen abzumildern, einschlie\u00dflich vor\u00fcbergehender Einkommensunterst\u00fctzung und langfristiger Ma\u00dfnahmen zur Dekarbonisierung.<\/span><\/li>\n<\/ul>\n<p>&nbsp;<\/p>\n<ul>\n<li><span style=\"font-weight: 400\"> Meilensteine, Ziele und Indikatoren zur \u00dcberwachung der Umsetzung und Fertigstellung bis Mitte 2032. <\/span><\/li>\n<\/ul>\n<p>&nbsp;<\/p>\n<ul>\n<li><span style=\"font-weight: 400\"> Angaben zu den Kosten des Plans sowie eine Erl\u00e4uterung, wie die Kosteneffizienz sichergestellt wird. <\/span><\/li>\n<\/ul>\n<p>&nbsp;<\/p>\n<ul>\n<li><span style=\"font-weight: 400\"> Darlegung der Vereinbarkeit mit dem Grundsatz der \u201eNichtverursachung erheblicher Umweltsch\u00e4den\u201c (\u201eDo No Significant Harm\u201d-Prinzip). <\/span><\/li>\n<\/ul>\n<p>&nbsp;<\/p>\n<ul>\n<li><span style=\"font-weight: 400\"> Informationen \u00fcber die durchgef\u00fchrten \u00f6ffentlichen Konsultationen, die zur Ausarbeitung des Plans beigetragen haben. Dazu geh\u00f6ren \u00f6ffentliche Konsultationen mit lokalen und regionalen Beh\u00f6rden, Vertretern der Wirtschafts- und Sozialpartner, relevanten Organisationen der Zivilgesellschaft, Jugendorganisationen und anderen Interessengruppen. Der Plan selbst muss eine Zusammenfassung dieser Konsultationen enthalten, die bei der Bewertung durch die Kommission ber\u00fccksichtigt wird.  <\/span><\/li>\n<\/ul>\n<p>&nbsp;<br \/>\n[\/et_pb_accordion_item][\/et_pb_accordion][\/et_pb_column][\/et_pb_row][et_pb_row _builder_version=&#8220;4.27.4&#8243; _module_preset=&#8220;default&#8220; background_image=&#8220;https:\/\/life-effect.org\/wp-content\/uploads\/2025\/10\/Streetpattern-01-light-green.png&#8220; custom_margin=&#8220;40px||40px||true|false&#8220; custom_padding=&#8220;60px|40px|60px|40px|true|true&#8220; border_radii=&#8220;on|30px|30px|30px|30px&#8220; border_width_all=&#8220;4px&#8220; border_color_all=&#8220;#FFC6ED&#8220; global_colors_info=&#8220;{}&#8220;][et_pb_column type=&#8220;4_4&#8243; _builder_version=&#8220;4.27.4&#8243; _module_preset=&#8220;default&#8220; global_colors_info=&#8220;{}&#8220;][et_pb_text _builder_version=&#8220;4.27.4&#8243; _module_preset=&#8220;default&#8220; text_font=&#8220;&#8211;et_global_heading_font|700|||||||&#8220; header_font=&#8220;&#8211;et_global_heading_font|700|||||||&#8220; header_text_align=&#8220;center&#8220; header_text_color=&#8220;gcid-body-color&#8220; header_font_size=&#8220;50px&#8220; global_colors_info=&#8220;{%22gcid-body-color%22:%91%22header_text_color%22%93}&#8220;]<\/p>\n<h1>Wie gut kennen Sie den<\/h1>\n<h1>Klima-<br \/>Sozialfonds (KSF)?<\/h1>\n<p>[\/et_pb_text][et_pb_button button_url=&#8220;https:\/\/life-effect.org\/social-climate-fund-quiz\/&#8220; url_new_window=&#8220;on&#8220; button_text=&#8220;Mach das Quiz&#8220; button_alignment=&#8220;center&#8220; _builder_version=&#8220;4.27.4&#8243; _module_preset=&#8220;default&#8220; global_colors_info=&#8220;{}&#8220;][\/et_pb_button][\/et_pb_column][\/et_pb_row][et_pb_row column_structure=&#8220;1_2,1_2&#8243; _builder_version=&#8220;4.27.4&#8243; _module_preset=&#8220;default&#8220; global_colors_info=&#8220;{}&#8220;][et_pb_column type=&#8220;1_2&#8243; _builder_version=&#8220;4.27.4&#8243; _module_preset=&#8220;default&#8220; global_colors_info=&#8220;{}&#8220;][et_pb_button button_url=&#8220;https:\/\/life-effect.org\/de\/was-ist-da-ets-wie-funktioniert-ets\/&#8220; button_text=&#8220; Was ist ETS2?&#8220; button_alignment=&#8220;left&#8220; _builder_version=&#8220;4.27.4&#8243; _module_preset=&#8220;default&#8220; button_text_color=&#8220;gcid-heading-color&#8220; button_bg_color=&#8220;RGBA(255,255,255,0)&#8220; button_bg_enable_image=&#8220;off&#8220; global_colors_info=&#8220;{%22gcid-heading-color%22:%91%22button_text_color%22%93}&#8220;][\/et_pb_button][\/et_pb_column][et_pb_column type=&#8220;1_2&#8243; _builder_version=&#8220;4.27.4&#8243; _module_preset=&#8220;default&#8220; global_colors_info=&#8220;{}&#8220;][et_pb_button button_url=&#8220;https:\/\/life-effect.org\/de\/ueberlegungen-zu-den-ets2-einnahmen\/&#8220; button_text=&#8220; \u00dcberlegungen zu den ETS2-Einnahmen&#8220; _builder_version=&#8220;4.27.4&#8243; _module_preset=&#8220;default&#8220; button_text_color=&#8220;gcid-heading-color&#8220; button_bg_color=&#8220;RGBA(255,255,255,0)&#8220; button_bg_enable_image=&#8220;off&#8220; global_colors_info=&#8220;{%22gcid-heading-color%22:%91%22button_text_color%22%93}&#8220;][\/et_pb_button][\/et_pb_column][\/et_pb_row][\/et_pb_section]<\/p>\n","protected":false},"excerpt":{"rendered":"<p>Klima-Sozialfonds (KSF)Kapitel hier downloaden Als Reaktion auf die negativen Auswirkungen des ETS2, der zu einem Anstieg der Kraftstoff- und Transportkosten gef\u00fchrt hat, wurde der Klima-Sozialfonds (KSF) eingerichtet. Der KSF ist der erste EU-Fonds, der ausdr\u00fccklich mit dem Ziel geschaffen wurde, potenzielle Energie- und Verkehrsarmut abzumildern, die durch die Abkehr von fossilen Brennstoffen entsteht. Von 2026 [&hellip;]<\/p>\n","protected":false},"author":20,"featured_media":0,"parent":0,"menu_order":0,"comment_status":"closed","ping_status":"closed","template":"","meta":{"_acf_changed":false,"_et_pb_use_builder":"on","_et_pb_old_content":"","_et_gb_content_width":"","_monsterinsights_skip_tracking":false,"_monsterinsights_sitenote_active":false,"_monsterinsights_sitenote_note":"","_monsterinsights_sitenote_category":0,"footnotes":""},"class_list":["post-407728","page","type-page","status-publish","hentry"],"acf":[],"yoast_head":"<!-- This site is optimized with the Yoast SEO plugin v27.5 - https:\/\/yoast.com\/product\/yoast-seo-wordpress\/ -->\n<title>Klima-Sozialfonds (KSF) - LIFE Effect<\/title>\n<meta name=\"robots\" content=\"index, follow, max-snippet:-1, max-image-preview:large, max-video-preview:-1\" \/>\n<link rel=\"canonical\" href=\"https:\/\/life-effect.org\/de\/klima-sozialfonds-ksf\/\" \/>\n<meta property=\"og:locale\" content=\"de_DE\" \/>\n<meta property=\"og:type\" content=\"article\" \/>\n<meta property=\"og:title\" content=\"Klima-Sozialfonds (KSF) - LIFE Effect\" \/>\n<meta property=\"og:description\" content=\"Klima-Sozialfonds (KSF)Kapitel hier downloaden Als Reaktion auf die negativen Auswirkungen des ETS2, der zu einem Anstieg der Kraftstoff- und Transportkosten gef\u00fchrt hat, wurde der Klima-Sozialfonds (KSF) eingerichtet. Der KSF ist der erste EU-Fonds, der ausdr\u00fccklich mit dem Ziel geschaffen wurde, potenzielle Energie- und Verkehrsarmut abzumildern, die durch die Abkehr von fossilen Brennstoffen entsteht. Von 2026 [&hellip;]\" \/>\n<meta property=\"og:url\" content=\"https:\/\/life-effect.org\/de\/klima-sozialfonds-ksf\/\" \/>\n<meta property=\"og:site_name\" content=\"LIFE Effect\" \/>\n<meta property=\"article:modified_time\" content=\"2025-12-01T14:08:42+00:00\" \/>\n<meta name=\"twitter:card\" content=\"summary_large_image\" \/>\n<meta name=\"twitter:label1\" content=\"Gesch\u00e4tzte Lesezeit\" \/>\n\t<meta name=\"twitter:data1\" content=\"10\u00a0Minuten\" \/>\n<script type=\"application\/ld+json\" class=\"yoast-schema-graph\">{\"@context\":\"https:\\\/\\\/schema.org\",\"@graph\":[{\"@type\":\"WebPage\",\"@id\":\"https:\\\/\\\/life-effect.org\\\/de\\\/klima-sozialfonds-ksf\\\/\",\"url\":\"https:\\\/\\\/life-effect.org\\\/de\\\/klima-sozialfonds-ksf\\\/\",\"name\":\"Klima-Sozialfonds (KSF) - LIFE Effect\",\"isPartOf\":{\"@id\":\"https:\\\/\\\/life-effect.org\\\/de\\\/#website\"},\"datePublished\":\"2025-11-13T09:35:11+00:00\",\"dateModified\":\"2025-12-01T14:08:42+00:00\",\"breadcrumb\":{\"@id\":\"https:\\\/\\\/life-effect.org\\\/de\\\/klima-sozialfonds-ksf\\\/#breadcrumb\"},\"inLanguage\":\"de\",\"potentialAction\":[{\"@type\":\"ReadAction\",\"target\":[\"https:\\\/\\\/life-effect.org\\\/de\\\/klima-sozialfonds-ksf\\\/\"]}]},{\"@type\":\"BreadcrumbList\",\"@id\":\"https:\\\/\\\/life-effect.org\\\/de\\\/klima-sozialfonds-ksf\\\/#breadcrumb\",\"itemListElement\":[{\"@type\":\"ListItem\",\"position\":1,\"name\":\"Home\",\"item\":\"https:\\\/\\\/life-effect.org\\\/de\\\/\"},{\"@type\":\"ListItem\",\"position\":2,\"name\":\"Klima-Sozialfonds (KSF)\"}]},{\"@type\":\"WebSite\",\"@id\":\"https:\\\/\\\/life-effect.org\\\/de\\\/#website\",\"url\":\"https:\\\/\\\/life-effect.org\\\/de\\\/\",\"name\":\"LIFE Effect\",\"description\":\"For carbon pricing that puts people and planet first\",\"potentialAction\":[{\"@type\":\"SearchAction\",\"target\":{\"@type\":\"EntryPoint\",\"urlTemplate\":\"https:\\\/\\\/life-effect.org\\\/de\\\/?s={search_term_string}\"},\"query-input\":{\"@type\":\"PropertyValueSpecification\",\"valueRequired\":true,\"valueName\":\"search_term_string\"}}],\"inLanguage\":\"de\"}]}<\/script>\n<!-- \/ Yoast SEO plugin. -->","yoast_head_json":{"title":"Klima-Sozialfonds (KSF) - LIFE Effect","robots":{"index":"index","follow":"follow","max-snippet":"max-snippet:-1","max-image-preview":"max-image-preview:large","max-video-preview":"max-video-preview:-1"},"canonical":"https:\/\/life-effect.org\/de\/klima-sozialfonds-ksf\/","og_locale":"de_DE","og_type":"article","og_title":"Klima-Sozialfonds (KSF) - LIFE Effect","og_description":"Klima-Sozialfonds (KSF)Kapitel hier downloaden Als Reaktion auf die negativen Auswirkungen des ETS2, der zu einem Anstieg der Kraftstoff- und Transportkosten gef\u00fchrt hat, wurde der Klima-Sozialfonds (KSF) eingerichtet. Der KSF ist der erste EU-Fonds, der ausdr\u00fccklich mit dem Ziel geschaffen wurde, potenzielle Energie- und Verkehrsarmut abzumildern, die durch die Abkehr von fossilen Brennstoffen entsteht. Von 2026 [&hellip;]","og_url":"https:\/\/life-effect.org\/de\/klima-sozialfonds-ksf\/","og_site_name":"LIFE Effect","article_modified_time":"2025-12-01T14:08:42+00:00","twitter_card":"summary_large_image","twitter_misc":{"Gesch\u00e4tzte Lesezeit":"10\u00a0Minuten"},"schema":{"@context":"https:\/\/schema.org","@graph":[{"@type":"WebPage","@id":"https:\/\/life-effect.org\/de\/klima-sozialfonds-ksf\/","url":"https:\/\/life-effect.org\/de\/klima-sozialfonds-ksf\/","name":"Klima-Sozialfonds (KSF) - LIFE Effect","isPartOf":{"@id":"https:\/\/life-effect.org\/de\/#website"},"datePublished":"2025-11-13T09:35:11+00:00","dateModified":"2025-12-01T14:08:42+00:00","breadcrumb":{"@id":"https:\/\/life-effect.org\/de\/klima-sozialfonds-ksf\/#breadcrumb"},"inLanguage":"de","potentialAction":[{"@type":"ReadAction","target":["https:\/\/life-effect.org\/de\/klima-sozialfonds-ksf\/"]}]},{"@type":"BreadcrumbList","@id":"https:\/\/life-effect.org\/de\/klima-sozialfonds-ksf\/#breadcrumb","itemListElement":[{"@type":"ListItem","position":1,"name":"Home","item":"https:\/\/life-effect.org\/de\/"},{"@type":"ListItem","position":2,"name":"Klima-Sozialfonds (KSF)"}]},{"@type":"WebSite","@id":"https:\/\/life-effect.org\/de\/#website","url":"https:\/\/life-effect.org\/de\/","name":"LIFE Effect","description":"For carbon pricing that puts people and planet first","potentialAction":[{"@type":"SearchAction","target":{"@type":"EntryPoint","urlTemplate":"https:\/\/life-effect.org\/de\/?s={search_term_string}"},"query-input":{"@type":"PropertyValueSpecification","valueRequired":true,"valueName":"search_term_string"}}],"inLanguage":"de"}]}},"_links":{"self":[{"href":"https:\/\/life-effect.org\/de\/wp-json\/wp\/v2\/pages\/407728","targetHints":{"allow":["GET"]}}],"collection":[{"href":"https:\/\/life-effect.org\/de\/wp-json\/wp\/v2\/pages"}],"about":[{"href":"https:\/\/life-effect.org\/de\/wp-json\/wp\/v2\/types\/page"}],"author":[{"embeddable":true,"href":"https:\/\/life-effect.org\/de\/wp-json\/wp\/v2\/users\/20"}],"replies":[{"embeddable":true,"href":"https:\/\/life-effect.org\/de\/wp-json\/wp\/v2\/comments?post=407728"}],"version-history":[{"count":7,"href":"https:\/\/life-effect.org\/de\/wp-json\/wp\/v2\/pages\/407728\/revisions"}],"predecessor-version":[{"id":408240,"href":"https:\/\/life-effect.org\/de\/wp-json\/wp\/v2\/pages\/407728\/revisions\/408240"}],"wp:attachment":[{"href":"https:\/\/life-effect.org\/de\/wp-json\/wp\/v2\/media?parent=407728"}],"curies":[{"name":"wp","href":"https:\/\/api.w.org\/{rel}","templated":true}]}}