{"id":407470,"date":"2025-11-13T11:11:32","date_gmt":"2025-11-13T10:11:32","guid":{"rendered":"https:\/\/life-effect.org\/ets2-e-lobiettivo-climatico-del-2040\/"},"modified":"2025-11-27T15:38:55","modified_gmt":"2025-11-27T14:38:55","slug":"ets2-e-lobiettivo-climatico-del-2040","status":"publish","type":"page","link":"https:\/\/life-effect.org\/it\/ets2-e-lobiettivo-climatico-del-2040\/","title":{"rendered":"ETS2 e l&#8217;obiettivo climatico del 2040"},"content":{"rendered":"<p>[et_pb_section fb_built=&#8221;1&#8243; _builder_version=&#8221;4.27.4&#8243; _module_preset=&#8221;default&#8221; background_image=&#8221;https:\/\/life-effect.org\/wp-content\/uploads\/2025\/10\/Life-effect-background-02-sky.png&#8221; custom_padding=&#8221;183px|||||&#8221; global_colors_info=&#8221;{}&#8221;][et_pb_row _builder_version=&#8221;4.27.4&#8243; _module_preset=&#8221;default&#8221; min_height=&#8221;116.3px&#8221; custom_padding=&#8221;||1px|||&#8221; global_colors_info=&#8221;{}&#8221;][et_pb_column type=&#8221;4_4&#8243; _builder_version=&#8221;4.27.4&#8243; _module_preset=&#8221;default&#8221; global_colors_info=&#8221;{}&#8221;][et_pb_text content_tablet=&#8221;<\/p>\n<p>ETS2 e obiettivo UE di riduzione emissioni al 2040<\/p>\n<p>&#8221; content_phone=&#8221;<\/p>\n<p>ETS2 e obiettivo UE di riduzione emissioni al 2040<\/p>\n<p>&#8221; content_last_edited=&#8221;on|phone&#8221; _builder_version=&#8221;4.27.4&#8243; _module_preset=&#8221;default&#8221; text_font=&#8221;&#8211;et_global_heading_font|700|||||||&#8221; text_font_size=&#8221;50px&#8221; text_line_height=&#8221;1.8em&#8221; min_height=&#8221;124.8px&#8221; custom_padding=&#8221;||0px|||&#8221; text_line_height_tablet=&#8221;1.7em&#8221; text_line_height_phone=&#8221;1em&#8221; text_line_height_last_edited=&#8221;on|tablet&#8221; global_colors_info=&#8221;{}&#8221;]<\/p>\n<p style=\"text-align: left\">\u00a0ETS2 e obiettivo UE di riduzione emissioni al 2040<\/p>\n<p>[\/et_pb_text][\/et_pb_column][\/et_pb_row][et_pb_row _builder_version=&#8221;4.27.4&#8243; _module_preset=&#8221;default&#8221; global_colors_info=&#8221;{}&#8221;][et_pb_column type=&#8221;4_4&#8243; _builder_version=&#8221;4.27.4&#8243; _module_preset=&#8221;default&#8221; global_colors_info=&#8221;{}&#8221;][et_pb_video src=&#8221;https:\/\/youtu.be\/9ivDPkVDFjo?si=lFILdfoSK2HNPMLy&#8221; _builder_version=&#8221;4.27.4&#8243; _module_preset=&#8221;default&#8221; global_colors_info=&#8221;{}&#8221;][\/et_pb_video][\/et_pb_column][\/et_pb_row][et_pb_row _builder_version=&#8221;4.27.4&#8243; _module_preset=&#8221;default&#8221; global_colors_info=&#8221;{}&#8221;][et_pb_column type=&#8221;4_4&#8243; _builder_version=&#8221;4.27.4&#8243; _module_preset=&#8221;default&#8221; global_colors_info=&#8221;{}&#8221;][et_pb_blurb content_max_width=&#8221;100%&#8221; admin_label=&#8221;FContent V20 &#8211; Five &#8211; Empowering businesses across industries&#8221; module_class=&#8221;fc5_blurb&#8221; _builder_version=&#8221;4.27.4&#8243; _module_preset=&#8221;default&#8221; header_font=&#8221;Barlow|600|||||||&#8221; header_text_color=&#8221;#FFFFFF&#8221; header_font_size=&#8221;18px&#8221; header_line_height=&#8221;100%&#8221; body_text_color=&#8221;gcid-heading-color&#8221; width=&#8221;100%&#8221; min_height=&#8221;448.5px&#8221; custom_margin=&#8221;||0px||false|false&#8221; custom_padding=&#8221;||0px|0px||&#8221; animation=&#8221;off&#8221; header_font_size_tablet=&#8221;18px&#8221; header_font_size_phone=&#8221;16px&#8221; header_font_size_last_edited=&#8221;on|phone&#8221; custom_css_blurb_title=&#8221;padding-bottom:18px;&#8221; custom_css_blurb_content=&#8221;font-weight:400;&#8221; inline_fonts=&#8221;Sofia Sans&#8221; global_colors_info=&#8221;{%22gcid-heading-color%22:%91%22body_text_color%22%93}&#8221; custom_css_blurb_title_last_edited=&#8221;on|phone&#8221; custom_css_blurb_title_tablet=&#8221;padding-top: 20px;||padding-bottom: 20px;&#8221; custom_css_blurb_title_phone=&#8221;padding-top: 20px;||padding-bottom: 20px;&#8221;]<\/p>\n<p><span style=\"font-family: 'Sofia Sans';font-weight: normal\">Senza l&#8217;ETS2, l&#8217;UE non raggiunger\u00e0 il suo obiettivo climatico per il 2040 n\u00e9 quello al 2050. In conformit\u00e0 con la legge clima UE, il blocco deve raggiungere legalmente la neutralit\u00e0 climatica entro il 2050. Entro il 2030 \u00e8 previsto un obiettivo intermedio per ottenere una riduzione del 55% delle emissioni di gas serra rispetto ai livelli del 1990. Al momento della stesura del presente documento, \u00e8 in corso il processo politico per fissare un obiettivo climatico intermedio per il 2040. Nel luglio 2025, la Commissione UE ha pubblicato la sua proposta di riduzione delle emissioni del 90% entro il 2040 rispetto ai livelli del 1990, <span style=\"text-decoration: underline;color: #0a0101\"><a style=\"color: #0a0101;text-decoration: underline\" href=\"https:\/\/carbonmarketwatch.org\/publications\/fit-for-2040\/\">ma con una lunga lista di &#8220;flessibilit\u00e0&#8221; per gli Stati membri per evitare la loro responsabilit\u00e0 nella lotta ai cambiamenti climatici.<\/a><\/span> <\/span><\/p>\n<p><span style=\"font-weight: normal;font-family: 'Sofia Sans'\">Qualsiasi indebolimento dell&#8217;ETS2 dovr\u00e0 essere compensato da un aumento delle riduzioni totali delle emissioni dei settori ETS1 o non ETS per rimanere in linea con l&#8217;obiettivo climatico UE per il 2040. Ci\u00f2 riguarda principalmente i settori industriale e agricolo, dove ulteriori riduzioni delle emissioni comportano una serie di sfide politiche e sociali.<br \/><\/span><\/p>\n<p><span style=\"font-family: 'Sofia Sans';font-weight: normal\">\u00c8 importante ribadire che, sebbene l&#8217;ETS2 sia considerato essenziale per il raggiungimento degli obiettivi climatici UE, esso funzioner\u00e0 solo come parte centrale di un mix di politiche. Il regolamento sulla ripartizione degli sforzi (ESR) 2021-2030 stabilisce obiettivi nazionali per ciascuno Stato membro al fine di contribuire alla riduzione delle emissioni sulla base della solidariet\u00e0 e dell&#8217;equit\u00e0, con i paesi pi\u00f9 ricchi con un livello storico di emissioni pi\u00f9 elevato che devono contribuire in misura maggiore alla riduzione delle emissioni di CO2. L&#8217;ESR dovrebbe essere prorogato oltre il 2030 per continuare a incentivare gli Stati membri a elaborare e attuare politiche climatiche complementari a livello locale e nazionale per soddisfare le loro esigenze specifiche e promuovere l&#8217;ambizione sostenuta dal quadro ETS. <\/span><\/p>\n<p><a href=\"https:\/\/life-effect.org\/wp-content\/uploads\/2025\/11\/IT-Module-6.pdf\" title=\"Scarica il capitolo\"><strong><span style=\"font-family: 'Sofia Sans'\">Scarica il capitolo<\/span><\/strong><\/a><\/p>\n<p>[\/et_pb_blurb][\/et_pb_column][\/et_pb_row][et_pb_row _builder_version=&#8221;4.27.4&#8243; _module_preset=&#8221;default&#8221; background_image=&#8221;https:\/\/life-effect.org\/wp-content\/uploads\/2025\/10\/Streetpattern-01-light-green.png&#8221; custom_margin=&#8221;40px||40px||true|false&#8221; custom_padding=&#8221;60px|40px|60px|40px|true|true&#8221; border_radii=&#8221;on|30px|30px|30px|30px&#8221; border_width_all=&#8221;4px&#8221; border_color_all=&#8221;#FFC6ED&#8221; global_colors_info=&#8221;{}&#8221;][et_pb_column type=&#8221;4_4&#8243; _builder_version=&#8221;4.27.4&#8243; _module_preset=&#8221;default&#8221; global_colors_info=&#8221;{}&#8221;][et_pb_text _builder_version=&#8221;4.27.4&#8243; _module_preset=&#8221;default&#8221; text_font=&#8221;&#8211;et_global_heading_font|700|||||||&#8221; header_font=&#8221;&#8211;et_global_heading_font|700|||||||&#8221; header_text_align=&#8221;center&#8221; header_text_color=&#8221;gcid-body-color&#8221; header_font_size=&#8221;50px&#8221; hover_enabled=&#8221;0&#8243; global_colors_info=&#8221;{%22gcid-body-color%22:%91%22header_text_color%22%93}&#8221; sticky_enabled=&#8221;0&#8243;]<\/p>\n<h1>\u00a0ETS2 e obiettivo UE<\/h1>\n<h1>di riduzione emissioni al 2040<\/h1>\n<p>[\/et_pb_text][et_pb_button button_text=&#8221;Fai un quiz&#8221; button_alignment=&#8221;center&#8221; _builder_version=&#8221;4.27.4&#8243; _module_preset=&#8221;default&#8221; hover_enabled=&#8221;0&#8243; global_colors_info=&#8221;{}&#8221; button_url=&#8221;https:\/\/life-effect.org\/ets2-and-the-2040-climate-target-quiz\/&#8221; url_new_window=&#8221;on&#8221; sticky_enabled=&#8221;0&#8243;][\/et_pb_button][\/et_pb_column][\/et_pb_row][et_pb_row column_structure=&#8221;1_2,1_2&#8243; _builder_version=&#8221;4.27.4&#8243; _module_preset=&#8221;default&#8221; global_colors_info=&#8221;{}&#8221;][et_pb_column type=&#8221;1_2&#8243; _builder_version=&#8221;4.27.4&#8243; _module_preset=&#8221;default&#8221; global_colors_info=&#8221;{}&#8221;][et_pb_button button_url=&#8221;https:\/\/life-effect.org\/it\/ruolo-delle-misure-complementari\/&#8221; button_text=&#8221;Ruolo delle misure complementari&#8221; button_alignment=&#8221;left&#8221; _builder_version=&#8221;4.27.4&#8243; _module_preset=&#8221;default&#8221; button_text_color=&#8221;gcid-heading-color&#8221; button_bg_color=&#8221;RGBA(255,255,255,0)&#8221; button_bg_enable_image=&#8221;off&#8221; global_colors_info=&#8221;{%22gcid-heading-color%22:%91%22button_text_color%22%93}&#8221;][\/et_pb_button][\/et_pb_column][et_pb_column type=&#8221;1_2&#8243; _builder_version=&#8221;4.27.4&#8243; _module_preset=&#8221;default&#8221; global_colors_info=&#8221;{}&#8221;][et_pb_button button_url=&#8221;https:\/\/life-effect.org\/it\/ets101-moduli-di-formazione\/&#8221; button_text=&#8221;Tutti i moduli&#8221; _builder_version=&#8221;4.27.4&#8243; _module_preset=&#8221;default&#8221; button_text_color=&#8221;gcid-heading-color&#8221; button_bg_color=&#8221;RGBA(255,255,255,0)&#8221; button_bg_enable_image=&#8221;off&#8221; global_colors_info=&#8221;{%22gcid-heading-color%22:%91%22button_text_color%22%93}&#8221;][\/et_pb_button][\/et_pb_column][\/et_pb_row][\/et_pb_section]<\/p>\n","protected":false},"excerpt":{"rendered":"<p>\u00a0ETS2 e obiettivo UE di riduzione emissioni al 2040Senza l&#8217;ETS2, l&#8217;UE non raggiunger\u00e0 il suo obiettivo climatico per il 2040 n\u00e9 quello al 2050. In conformit\u00e0 con la legge clima UE, il blocco deve raggiungere legalmente la neutralit\u00e0 climatica entro il 2050. Entro il 2030 \u00e8 previsto un obiettivo intermedio per ottenere una riduzione del [&hellip;]<\/p>\n","protected":false},"author":20,"featured_media":0,"parent":0,"menu_order":0,"comment_status":"closed","ping_status":"closed","template":"","meta":{"_acf_changed":false,"_et_pb_use_builder":"on","_et_pb_old_content":"","_et_gb_content_width":"","_monsterinsights_skip_tracking":false,"_monsterinsights_sitenote_active":false,"_monsterinsights_sitenote_note":"","_monsterinsights_sitenote_category":0,"footnotes":""},"class_list":["post-407470","page","type-page","status-publish","hentry"],"acf":[],"yoast_head":"<!-- This site is optimized with the Yoast SEO plugin v27.5 - https:\/\/yoast.com\/product\/yoast-seo-wordpress\/ -->\n<title>ETS2 e l&#039;obiettivo climatico del 2040 - LIFE Effect<\/title>\n<meta name=\"robots\" content=\"index, follow, max-snippet:-1, max-image-preview:large, max-video-preview:-1\" \/>\n<link rel=\"canonical\" href=\"https:\/\/life-effect.org\/it\/ets2-e-lobiettivo-climatico-del-2040\/\" \/>\n<meta property=\"og:locale\" content=\"it_IT\" \/>\n<meta property=\"og:type\" content=\"article\" \/>\n<meta property=\"og:title\" content=\"ETS2 e l&#039;obiettivo climatico del 2040 - LIFE Effect\" \/>\n<meta property=\"og:description\" content=\"\u00a0ETS2 e obiettivo UE di riduzione emissioni al 2040Senza l&#039;ETS2, l&#039;UE non raggiunger\u00e0 il suo obiettivo climatico per il 2040 n\u00e9 quello al 2050. In conformit\u00e0 con la legge clima UE, il blocco deve raggiungere legalmente la neutralit\u00e0 climatica entro il 2050. Entro il 2030 \u00e8 previsto un obiettivo intermedio per ottenere una riduzione del [&hellip;]\" \/>\n<meta property=\"og:url\" content=\"https:\/\/life-effect.org\/it\/ets2-e-lobiettivo-climatico-del-2040\/\" \/>\n<meta property=\"og:site_name\" content=\"LIFE Effect\" \/>\n<meta property=\"article:modified_time\" content=\"2025-11-27T14:38:55+00:00\" \/>\n<meta name=\"twitter:card\" content=\"summary_large_image\" \/>\n<meta name=\"twitter:label1\" content=\"Tempo di lettura stimato\" \/>\n\t<meta name=\"twitter:data1\" content=\"5 minuti\" \/>\n<script type=\"application\/ld+json\" class=\"yoast-schema-graph\">{\"@context\":\"https:\\\/\\\/schema.org\",\"@graph\":[{\"@type\":\"WebPage\",\"@id\":\"https:\\\/\\\/life-effect.org\\\/it\\\/ets2-e-lobiettivo-climatico-del-2040\\\/\",\"url\":\"https:\\\/\\\/life-effect.org\\\/it\\\/ets2-e-lobiettivo-climatico-del-2040\\\/\",\"name\":\"ETS2 e l'obiettivo climatico del 2040 - LIFE Effect\",\"isPartOf\":{\"@id\":\"https:\\\/\\\/life-effect.org\\\/it\\\/#website\"},\"datePublished\":\"2025-11-13T10:11:32+00:00\",\"dateModified\":\"2025-11-27T14:38:55+00:00\",\"breadcrumb\":{\"@id\":\"https:\\\/\\\/life-effect.org\\\/it\\\/ets2-e-lobiettivo-climatico-del-2040\\\/#breadcrumb\"},\"inLanguage\":\"it-IT\",\"potentialAction\":[{\"@type\":\"ReadAction\",\"target\":[\"https:\\\/\\\/life-effect.org\\\/it\\\/ets2-e-lobiettivo-climatico-del-2040\\\/\"]}]},{\"@type\":\"BreadcrumbList\",\"@id\":\"https:\\\/\\\/life-effect.org\\\/it\\\/ets2-e-lobiettivo-climatico-del-2040\\\/#breadcrumb\",\"itemListElement\":[{\"@type\":\"ListItem\",\"position\":1,\"name\":\"Home\",\"item\":\"https:\\\/\\\/life-effect.org\\\/it\\\/\"},{\"@type\":\"ListItem\",\"position\":2,\"name\":\"ETS2 e l&#8217;obiettivo climatico del 2040\"}]},{\"@type\":\"WebSite\",\"@id\":\"https:\\\/\\\/life-effect.org\\\/it\\\/#website\",\"url\":\"https:\\\/\\\/life-effect.org\\\/it\\\/\",\"name\":\"LIFE Effect\",\"description\":\"For carbon pricing that puts people and planet first\",\"potentialAction\":[{\"@type\":\"SearchAction\",\"target\":{\"@type\":\"EntryPoint\",\"urlTemplate\":\"https:\\\/\\\/life-effect.org\\\/it\\\/?s={search_term_string}\"},\"query-input\":{\"@type\":\"PropertyValueSpecification\",\"valueRequired\":true,\"valueName\":\"search_term_string\"}}],\"inLanguage\":\"it-IT\"}]}<\/script>\n<!-- \/ Yoast SEO plugin. -->","yoast_head_json":{"title":"ETS2 e l'obiettivo climatico del 2040 - LIFE Effect","robots":{"index":"index","follow":"follow","max-snippet":"max-snippet:-1","max-image-preview":"max-image-preview:large","max-video-preview":"max-video-preview:-1"},"canonical":"https:\/\/life-effect.org\/it\/ets2-e-lobiettivo-climatico-del-2040\/","og_locale":"it_IT","og_type":"article","og_title":"ETS2 e l'obiettivo climatico del 2040 - LIFE Effect","og_description":"\u00a0ETS2 e obiettivo UE di riduzione emissioni al 2040Senza l'ETS2, l'UE non raggiunger\u00e0 il suo obiettivo climatico per il 2040 n\u00e9 quello al 2050. In conformit\u00e0 con la legge clima UE, il blocco deve raggiungere legalmente la neutralit\u00e0 climatica entro il 2050. Entro il 2030 \u00e8 previsto un obiettivo intermedio per ottenere una riduzione del [&hellip;]","og_url":"https:\/\/life-effect.org\/it\/ets2-e-lobiettivo-climatico-del-2040\/","og_site_name":"LIFE Effect","article_modified_time":"2025-11-27T14:38:55+00:00","twitter_card":"summary_large_image","twitter_misc":{"Tempo di lettura stimato":"5 minuti"},"schema":{"@context":"https:\/\/schema.org","@graph":[{"@type":"WebPage","@id":"https:\/\/life-effect.org\/it\/ets2-e-lobiettivo-climatico-del-2040\/","url":"https:\/\/life-effect.org\/it\/ets2-e-lobiettivo-climatico-del-2040\/","name":"ETS2 e l'obiettivo climatico del 2040 - LIFE Effect","isPartOf":{"@id":"https:\/\/life-effect.org\/it\/#website"},"datePublished":"2025-11-13T10:11:32+00:00","dateModified":"2025-11-27T14:38:55+00:00","breadcrumb":{"@id":"https:\/\/life-effect.org\/it\/ets2-e-lobiettivo-climatico-del-2040\/#breadcrumb"},"inLanguage":"it-IT","potentialAction":[{"@type":"ReadAction","target":["https:\/\/life-effect.org\/it\/ets2-e-lobiettivo-climatico-del-2040\/"]}]},{"@type":"BreadcrumbList","@id":"https:\/\/life-effect.org\/it\/ets2-e-lobiettivo-climatico-del-2040\/#breadcrumb","itemListElement":[{"@type":"ListItem","position":1,"name":"Home","item":"https:\/\/life-effect.org\/it\/"},{"@type":"ListItem","position":2,"name":"ETS2 e l&#8217;obiettivo climatico del 2040"}]},{"@type":"WebSite","@id":"https:\/\/life-effect.org\/it\/#website","url":"https:\/\/life-effect.org\/it\/","name":"LIFE Effect","description":"For carbon pricing that puts people and planet first","potentialAction":[{"@type":"SearchAction","target":{"@type":"EntryPoint","urlTemplate":"https:\/\/life-effect.org\/it\/?s={search_term_string}"},"query-input":{"@type":"PropertyValueSpecification","valueRequired":true,"valueName":"search_term_string"}}],"inLanguage":"it-IT"}]}},"_links":{"self":[{"href":"https:\/\/life-effect.org\/it\/wp-json\/wp\/v2\/pages\/407470","targetHints":{"allow":["GET"]}}],"collection":[{"href":"https:\/\/life-effect.org\/it\/wp-json\/wp\/v2\/pages"}],"about":[{"href":"https:\/\/life-effect.org\/it\/wp-json\/wp\/v2\/types\/page"}],"author":[{"embeddable":true,"href":"https:\/\/life-effect.org\/it\/wp-json\/wp\/v2\/users\/20"}],"replies":[{"embeddable":true,"href":"https:\/\/life-effect.org\/it\/wp-json\/wp\/v2\/comments?post=407470"}],"version-history":[{"count":6,"href":"https:\/\/life-effect.org\/it\/wp-json\/wp\/v2\/pages\/407470\/revisions"}],"predecessor-version":[{"id":408201,"href":"https:\/\/life-effect.org\/it\/wp-json\/wp\/v2\/pages\/407470\/revisions\/408201"}],"wp:attachment":[{"href":"https:\/\/life-effect.org\/it\/wp-json\/wp\/v2\/media?parent=407470"}],"curies":[{"name":"wp","href":"https:\/\/api.w.org\/{rel}","templated":true}]}}