{"id":408606,"date":"2025-11-13T11:03:12","date_gmt":"2025-11-13T10:03:12","guid":{"rendered":"https:\/\/life-effect.org\/rola-polityk-uzupelniajacych\/"},"modified":"2026-02-04T17:22:22","modified_gmt":"2026-02-04T16:22:22","slug":"rola-polityk-uzupelniajacych","status":"publish","type":"page","link":"https:\/\/life-effect.org\/pl\/rola-polityk-uzupelniajacych\/","title":{"rendered":"Rola polityk uzupe\u0142niaj\u0105cych"},"content":{"rendered":"<p>[et_pb_section fb_built=&#8221;1&#8243; _builder_version=&#8221;4.27.4&#8243; _module_preset=&#8221;default&#8221; background_color=&#8221;#F0EFEE&#8221; background_image=&#8221;https:\/\/life-effect.org\/wp-content\/uploads\/2025\/10\/Life-effect-background-02-sky.png&#8221; background_position=&#8221;top_left&#8221; min_height=&#8221;2598.4px&#8221; custom_padding=&#8221;163px|||0px||&#8221; global_colors_info=&#8221;{}&#8221;][et_pb_row _builder_version=&#8221;4.27.4&#8243; _module_preset=&#8221;default&#8221; width=&#8221;91.5%&#8221; module_alignment=&#8221;center&#8221; min_height=&#8221;157.3px&#8221; custom_margin=&#8221;0px|auto|-55px|180px|false|false&#8221; custom_padding=&#8221;||0px|||&#8221; global_colors_info=&#8221;{}&#8221;][et_pb_column type=&#8221;4_4&#8243; _builder_version=&#8221;4.27.4&#8243; _module_preset=&#8221;default&#8221; global_colors_info=&#8221;{}&#8221;][et_pb_text content_tablet=&#8221;<\/p>\n<p><span>Rola polityk<\/span><\/p>\n<p><span> uzupe\u0142niaj\u0105cych<\/span><\/p>\n<p>&#8221; content_phone=&#8221;<\/p>\n<p><span>Rola polityk uzupe\u0142niaj\u0105cych<\/span><\/p>\n<p>&#8221; content_last_edited=&#8221;on|phone&#8221; _builder_version=&#8221;4.27.4&#8243; _module_preset=&#8221;default&#8221; text_font=&#8221;&#8211;et_global_heading_font|700|||||||&#8221; text_font_size=&#8221;50px&#8221; min_height=&#8221;124.8px&#8221; custom_padding=&#8221;||93px|||&#8221; text_line_height_tablet=&#8221;1.7em&#8221; text_line_height_phone=&#8221;1em&#8221; text_line_height_last_edited=&#8221;on|tablet&#8221; global_colors_info=&#8221;{}&#8221;]<\/p>\n<p style=\"text-align: left\">Rola polityk uzupe\u0142niaj\u0105cych<\/p>\n<p>[\/et_pb_text][\/et_pb_column][\/et_pb_row][et_pb_row _builder_version=&#8221;4.27.4&#8243; _module_preset=&#8221;default&#8221; custom_margin=&#8221;||20px||false|false&#8221; global_colors_info=&#8221;{}&#8221;][et_pb_column type=&#8221;4_4&#8243; _builder_version=&#8221;4.27.4&#8243; _module_preset=&#8221;default&#8221; global_colors_info=&#8221;{}&#8221;][et_pb_video src=&#8221;https:\/\/youtu.be\/Zgy4QhgTZYs?si=VXBQ5-AgTZMgdCv0&#8243; _builder_version=&#8221;4.27.4&#8243; _module_preset=&#8221;default&#8221; global_colors_info=&#8221;{}&#8221;][\/et_pb_video][\/et_pb_column][\/et_pb_row][et_pb_row _builder_version=&#8221;4.27.4&#8243; _module_preset=&#8221;default&#8221; global_colors_info=&#8221;{}&#8221;][et_pb_column type=&#8221;4_4&#8243; _builder_version=&#8221;4.27.4&#8243; _module_preset=&#8221;default&#8221; global_colors_info=&#8221;{}&#8221;][et_pb_blurb content_max_width=&#8221;100%&#8221; admin_label=&#8221;FContent V20 &#8211; Five &#8211; Empowering businesses across industries&#8221; module_class=&#8221;fc5_blurb&#8221; _builder_version=&#8221;4.27.5&#8243; _module_preset=&#8221;default&#8221; header_font=&#8221;Barlow|600|||||||&#8221; header_text_color=&#8221;#FFFFFF&#8221; header_font_size=&#8221;18px&#8221; header_line_height=&#8221;100%&#8221; body_text_color=&#8221;gcid-heading-color&#8221; width=&#8221;100%&#8221; min_height=&#8221;365.5px&#8221; custom_margin=&#8221;||0px||false|false&#8221; custom_padding=&#8221;||0px|0px|false|false&#8221; animation=&#8221;off&#8221; hover_enabled=&#8221;0&#8243; header_font_size_tablet=&#8221;18px&#8221; header_font_size_phone=&#8221;16px&#8221; header_font_size_last_edited=&#8221;on|phone&#8221; custom_css_blurb_title=&#8221;padding-bottom:18px;&#8221; custom_css_blurb_content=&#8221;font-weight:400;&#8221; inline_fonts=&#8221;Sofia Sans&#8221; global_colors_info=&#8221;{%22gcid-heading-color%22:%91%22body_text_color%22%93}&#8221; custom_css_blurb_title_last_edited=&#8221;on|phone&#8221; custom_css_blurb_title_tablet=&#8221;padding-top: 20px;||padding-bottom: 20px;&#8221; custom_css_blurb_title_phone=&#8221;padding-top: 20px;||padding-bottom: 20px;&#8221; sticky_enabled=&#8221;0&#8243;]<\/p>\n<p><span style=\"font-weight: normal;font-family: 'Sofia Sans'\">Polityki uzupe\u0142niaj\u0105ce maj\u0105 zasadnicze znaczenie dla powodzenia mechanizmu ETS2, zar\u00f3wno w zakresie redukcji emisji, jak i zapewnienia spo\u0142ecznie akceptowalnej ceny ETS2. Zar\u00f3wno sektor budowlany, jak i transport drogowy s\u0105 dalekie od niezb\u0119dnych trajektorii dekarbonizacji. <\/span><\/p>\n<p><span style=\"font-family: 'Sofia Sans';font-weight: normal\">Paliwa wykorzystywane w budynkach i transporcie drogowym odpowiadaj\u0105 za prawie <a style=\"color: #0a0a0a;text-decoration: underline\" href=\"https:\/\/life-effect.org\/pl\/\"><span style=\"text-decoration: underline;color: #0a0a0a\">40 % emisji dwutlenku w\u0119gla<\/span><\/a> w UE. W 2022 roku sektor budowlany odpowiada\u0142 za <a style=\"color: #0a0000;text-decoration: underline\" href=\"https:\/\/www.eea.europa.eu\/en\/analysis\/indicators\/greenhouse-gas-emissions-from-energy\"><span style=\"text-decoration: underline;color: #0a0000\">34 %<\/span><\/a> ca\u0142kowitej emisji zwi\u0105zanej z energi\u0105 w UE i jest ponad <a href=\"https:\/\/build-up.ec.europa.eu\/en\/resources-and-tools\/publications\/eu-buildings-climate-tracker-3rd-edition#:~:text=Overall%2C%20the%20four%20key%20indicators,from%20the%20necessary%20decarbonisation%20pathway.&amp;text=Heating%20and%20cooling%20of%20buildings,greenhouse%20gas%20emissions%20in%20Europe.\"><span style=\"text-decoration: underline;color: #0a0000\">40 % w tyle w stosunku do kluczowych wska\u017anik\u00f3w dekarbonizacji<\/span><\/a>, podczas gdy transport drogowy pozostaje najwi\u0119kszym \u017ar\u00f3d\u0142em emisji w transporcie w UE, a prognozuje si\u0119, \u017ce emisje osi\u0105gn\u0105 szczytowy poziom prawie <a style=\"color: #0a0101;text-decoration: underline\" href=\"https:\/\/theicct.org\/pr-road-transport-co2-emissions-in-the-eu-could-peak-in-2025\/\"><span style=\"text-decoration: underline;color: #0a0101\">800 mln ton CO\u2082 w 2025 roku.<\/span><\/a> <\/span><\/p>\n<p><span style=\"font-weight: normal;font-family: 'Sofia Sans'\">Samo ustalanie cen emisji dwutlenku w\u0119gla nie wystarczy, \u017ceby szybko zmniejszy\u0107 emisje w sektorach budownictwa i transportu drogowego. Bariery strukturalne, takie jak niska elastyczno\u015b\u0107 cenowa, ograniczone mo\u017cliwo\u015bci inwestycyjne gospodarstw domowych w trudnej sytuacji i brak wykwalifikowanych pracownik\u00f3w, ograniczaj\u0105 zdolno\u015b\u0107 cen emisji dwutlenku w\u0119gla do stymulowania niezb\u0119dnej dekarbonizacji. Bez dzia\u0142a\u0144 uzupe\u0142niaj\u0105cych ETS2 mo\u017ce by\u0107 mniej skuteczny i mie\u0107 negatywny wp\u0142yw na spo\u0142ecze\u0144stwo. Aby w pe\u0142ni wykorzysta\u0107 potencja\u0142 dekarbonizacji, z\u0142agodzi\u0107 zmienno\u015b\u0107 cen ETS2 i zapewni\u0107 sprawiedliw\u0105 transformacj\u0119, konieczne jest sp\u00f3jne i proaktywne po\u0142\u0105czenie r\u00f3\u017cnych \u015brodk\u00f3w politycznych. Dlatego te\u017c pa\u0144stwa cz\u0142onkowskie s\u0105 odpowiedzialne za jak najszybsze wdro\u017cenie uzupe\u0142niaj\u0105cych polityk, zanim ETS2 wejdzie w \u017cycie. <\/span><\/p>\n<p><a href=\"https:\/\/life-effect.org\/wp-content\/uploads\/2026\/02\/PL-Rola-polityk-uzupelniajacych.pdf\" title=\"Pobierz rozdzia\u0142\"><span style=\"font-weight: normal;font-family: 'Sofia Sans'\"><strong>Pobierz rozdzia\u0142<\/strong><\/span><\/a><\/p>\n<p>[\/et_pb_blurb][\/et_pb_column][\/et_pb_row][et_pb_row _builder_version=&#8221;4.27.4&#8243; _module_preset=&#8221;default&#8221; custom_margin=&#8221;0px||0px||true|true&#8221; global_colors_info=&#8221;{}&#8221;][et_pb_column type=&#8221;4_4&#8243; _builder_version=&#8221;4.27.4&#8243; _module_preset=&#8221;default&#8221; global_colors_info=&#8221;{}&#8221;][et_pb_accordion open_toggle_text_color=&#8221;gcid-heading-color&#8221; open_toggle_background_color=&#8221;#B7DA9D&#8221; closed_toggle_background_color=&#8221;#B7DA9D&#8221; toggle_icon=&#8221;&#xe050;||divi||400&#8243; icon_color=&#8221;gcid-heading-color&#8221; use_icon_font_size=&#8221;on&#8221; icon_font_size=&#8221;32px&#8221; _builder_version=&#8221;4.27.5&#8243; _module_preset=&#8221;default&#8221; toggle_text_color=&#8221;gcid-heading-color&#8221; toggle_level=&#8221;h1&#8243; toggle_font_size=&#8221;30px&#8221; toggle_letter_spacing=&#8221;0.5px&#8221; closed_toggle_font_size=&#8221;30px&#8221; body_font=&#8221;Sofia Sans||||||||&#8221; border_radii=&#8221;on|20px|20px|20px|20px&#8221; border_width_all=&#8221;3px&#8221; border_color_all=&#8221;gcid-heading-color&#8221; global_colors_info=&#8221;{%22gcid-heading-color%22:%91%22open_toggle_text_color%22,%22toggle_text_color%22,%22border_color_all%22,%22icon_color%22%93}&#8221;][et_pb_accordion_item title=&#8221;Budynki &#8221; _builder_version=&#8221;4.27.5&#8243; _module_preset=&#8221;default&#8221; global_colors_info=&#8221;{}&#8221; toggle_level=&#8221;h1&#8243; toggle_font=&#8221;|700|||||||&#8221; open=&#8221;on&#8221;]<\/p>\n<p><span style=\"color: #000000\">UE d\u0105\u017cy do ograniczenia emisji w sektorze budowlanym o <span style=\"text-decoration: underline\"><a style=\"color: #000000;text-decoration: underline\" href=\"https:\/\/www.ecologic.eu\/19177\">92 %<\/a><\/span> do 2040 r.<span style=\"font-weight: 400\"> Jednak\u017ce, nawet przy skutecznym wdro\u017ceniu, obecne polityki maj\u0105 <\/span><a style=\"color: #000000\" href=\"https:\/\/www.ecologic.eu\/19177\"><span style=\"font-weight: 400\">przynie\u015b\u0107 jedynie oko\u0142o 53 % redukcji, a w najbardziej optymistycznym scenariuszu nawet 62 %.<\/span><\/a><span style=\"font-weight: 400\"> Obecnie prawie <\/span><a style=\"color: #000000;text-decoration: underline\" href=\"https:\/\/energy.ec.europa.eu\/topics\/energy-efficiency\/energy-efficient-buildings\/energy-performance-buildings-directive_en\">75% <\/a>budynk\u00f3w w UE jest nieefektywnych energetycznie, a przy tempie renowacji wynosz\u0105cym oko\u0142o <a style=\"color: #000000;text-decoration: underline\" href=\"https:\/\/www.bpie.eu\/wp-content\/uploads\/2022\/02\/rev6_SPIPA_EU.pdf\"><span style=\"text-decoration: underline\">1% <\/span><\/a>rocznie pe\u0142na dekarbonizacja budynk\u00f3w zaj\u0119\u0142aby wieki bez znacz\u0105cej interwencji. Wype\u0142nienie tej luki wymaga pe\u0142nego wdro\u017cenia kluczowych ram prawnych UE,<span style=\"font-weight: 400\">w szczeg\u00f3lno\u015bci dyrektywy w sprawie charakterystyki energetycznej budynk\u00f3w (EPBD), dyrektywy w sprawie odnawialnych \u017ar\u00f3de\u0142 energii (RED) oraz dyrektywy w sprawie efektywno\u015bci energetycznej (EED). Przepisy te stanowi\u0105 podstaw\u0119 kompleksowej transformacji sektora i maj\u0105 kluczowe znaczenie dla utrzymania wp\u0142ywu cen ETS2 na rozs\u0105dnym poziomie. <\/span><\/span><\/p>\n<p><span style=\"font-weight: 400\">W ramach przegl\u0105du dyrektywy EPBD z 2024 r. wprowadzono kilka kluczowych \u015brodk\u00f3w maj\u0105cych na celu dekarbonizacj\u0119 sektora. Nak\u0142ada ona obowi\u0105zek stopniowego wycofywania kot\u0142\u00f3w opalanych paliwami kopalnymi, pocz\u0105wszy od zakazu dotacji na samodzielne systemy ogrzewania opalane paliwami kopalnymi od 2025 r., oraz wprowadza minimalne standardy charakterystyki energetycznej (MEPS) dla budynk\u00f3w o najgorszej wydajno\u015bci energetycznej. Pa\u0144stwa cz\u0142onkowskie maj\u0105 czas do maja 2026 r. na transpozycj\u0119 <\/span><span style=\"text-decoration: underline\"><span style=\"color: #000000;text-decoration: underline\">przepis\u00f3w zaktualizowanej dyrektywy EPBD,<a style=\"color: #000000;text-decoration: underline\" href=\"https:\/\/www.bpie.eu\/publication\/delivering-the-epbd-a-guide-towards-better-affordable-and-more-resilient-buildings-for-all-in-europe\/\"> a jej pomy\u015blne wdro\u017cenie b\u0119dzie mia\u0142o kluczowe znaczenie<\/a>. <\/span><\/span><\/p>\n<p><span style=\"font-weight: 400\">W ramach przegl\u0105du EED z 2023 r. wprowadzono wy\u017csze roczne obowi\u0105zki w zakresie oszcz\u0119dno\u015bci energii, kt\u00f3re od 2028 r. wzrosn\u0105 do 1,9%, oraz wi\u0105\u017c\u0105cy cel renowacji budynk\u00f3w publicznych w wysoko\u015bci 3% rocznie. Jednak nawet pomimo tych silniejszych narz\u0119dzi legislacyjnych pa\u0144stwa cz\u0142onkowskie s\u0105 daleko od osi\u0105gni\u0119cia tych cel\u00f3w. \u017badne pa\u0144stwo cz\u0142onkowskie nie osi\u0105ga obecnie wska\u017anika renowacji wymaganego do realizacji cel\u00f3w na lata 2030 i 2040. Silny sygna\u0142 cenowy ETS2 dotycz\u0105cy emisji dwutlenku w\u0119gla pomo\u017ce w szybszym wdra\u017caniu \u015brodk\u00f3w oszcz\u0119dzania energii w sektorze budynk\u00f3w. <\/span><\/p>\n<p><span style=\"font-weight: 400\">Aby zrealizowa\u0107 cele klimatyczne, przy jednoczesnym ograniczaniu ceny ETS2, pa\u0144stwa cz\u0142onkowskie musz\u0105 skoncentrowa\u0107 si\u0119 na dw\u00f3ch kluczowych obszarach, kt\u00f3re maj\u0105 najwi\u0119kszy potencja\u0142 w zakresie redukcji emisji CO\u2082 i z\u0142agodzenia obci\u0105\u017cenia kosztowego gospodarstw domowych. <\/span><\/p>\n<p><span style=\"font-weight: 400\">Po pierwsze, zwi\u0119kszenie tempa i zakresu renowacji ma zasadnicze znaczenie dla poprawy efektywno\u015bci energetycznej. <\/span><span style=\"text-decoration: underline;color: #000000\"><a style=\"color: #000000;text-decoration: underline\" href=\"https:\/\/life-effect.org\/project\/green-heat-for-all-3\/\"><span style=\"font-weight: 400\">Badania <\/span><\/a><\/span><span style=\"font-weight: 400\">pokazuj\u0105, \u017ce gdyby wszystkie budynki mieszkalne w UE zosta\u0142y wyremontowane zgodnie z docelowymi normami efektywno\u015bci energetycznej, mo\u017cna by zaoszcz\u0119dzi\u0107 44 % energii ko\u0144cowej zu\u017cywanej na ogrzewanie. Dzi\u0119ki znacznemu obni\u017ceniu og\u00f3lnego zapotrzebowania na energi\u0119, gruntowne renowacje bezpo\u015brednio zmniejszaj\u0105 zapotrzebowanie na ogrzewanie oparte na paliwach kopalnych, ograniczaj\u0105c w ten spos\u00f3b emisje i zwi\u0105zane z nimi koszty wynikaj\u0105ce z wyceny emisji dwutlenku w\u0119gla w ramach ETS2. Szczeg\u00f3lny nacisk nale\u017cy po\u0142o\u017cy\u0107 na renowacj\u0119 budynk\u00f3w o najgorszych parametrach, poniewa\u017c jest to zar\u00f3wno wysoce op\u0142acalny, jak i spo\u0142ecznie post\u0119powy krok, ukierunkowany na wsparcie tam, gdzie jest ono najbardziej potrzebne. Gospodarstwa domowe znajduj\u0105ce si\u0119 w trudnej sytuacji s\u0105 cz\u0119sto najbardziej nara\u017cone na ub\u00f3stwo energetyczne i maj\u0105 najmniejsze mo\u017cliwo\u015bci samodzielnego inwestowania w modernizacje, co wymaga dofinansowania ca\u0142kowitych koszt\u00f3w. <\/span><a style=\"color: #000000;text-decoration: underline\" href=\"https:\/\/france-renov.gouv.fr\/aides\/maprimerenov\"><span style=\"text-decoration: underline\">Programy takie jak francuski \u201eMaPrimeR\u00e9nov\u201d<\/span><\/a>, kt\u00f3ry pokrywa do 90% koszt\u00f3w dla gospodarstw domowych o skromnych dochodach, oraz belgijski <a style=\"color: #000000;text-decoration: underline\" href=\"https:\/\/www.bruegel.org\/policy-brief\/making-best-new-eu-social-climate-fund\"><span style=\"color: #000000;text-decoration: underline\">program miasta Gandawa \u201eGent Knapt Op\u201d<\/span><\/a>, oferuj\u0105cy dotacje na renowacje sp\u0142acane dopiero w momencie odsprzeda\u017cy, pokazuj\u0105, jak dobrze zaprojektowane programy finansowe mog\u0105 pom\u00f3c w usuni\u0119ciu barier pocz\u0105tkowych i zapewni\u0107 sprawiedliwy dost\u0119p do ulepsze\u0144 energetycznych.<\/p>\n<p><span style=\"font-weight: 400\">Po drugie, kluczowe znaczenie ma przyspieszenie wdra\u017cania odnawialnych system\u00f3w grzewczych, takich jak pompy ciep\u0142a i dekarbonizowane systemy ciep\u0142ownicze. <\/span><span style=\"text-decoration: underline\"><span style=\"color: #000000;text-decoration: underline\"><a style=\"color: #000000;text-decoration: underline\" href=\"https:\/\/eur-lex.europa.eu\/legal-content\/EN\/TXT\/HTML\/?uri=CELEX:52022DC0108\"><span style=\"font-weight: 400\">W ramach programu REPowerEU planuje si\u0119 wdro\u017cenie 30 mln pomp ciep\u0142a do 2030 r. w por\u00f3wnaniu z 2020 r., ale ambicje te mo\u017cna jeszcze zwi\u0119kszy\u0107.<\/span><\/a><\/span><\/span><span style=\"font-weight: 400\">\u00a0<\/span><a style=\"color: #000000;text-decoration: underline\" href=\"https:\/\/eeb.org\/social-climate-fund-could-deliver-heat-pumps-to-20-million-energy-poor-households-across-europe\/\"><span style=\"text-decoration: underline;color: #000000\">Najnowsze badanie EEB<\/span><\/a> pokazuje, \u017ce przeznaczenie zaledwie jednej trzeciej \u015brodk\u00f3w ze Spo\u0142ecznego Funduszu Klimatycznego pozwoli\u0142oby na dofinansowanie instalacji 20 mln pomp ciep\u0142a do 2032 r., co wystarczy\u0142oby, aby obj\u0105\u0107 65% gospodarstw domowych w UE dotkni\u0119tych ub\u00f3stwem energetycznym i zmniejszy\u0107 zapotrzebowanie UE na gaz o 11%, czyli prawie tyle, ile importowano z Rosji w 2024 r.<\/p>\n<p><span style=\"font-weight: 400\">Zast\u0105pienie ogrzewania i ch\u0142odzenia opartego na paliwach kopalnych czystymi alternatywami mo\u017ce skutecznie wyeliminowa\u0107 emisje obj\u0119te ETS2, chroni\u0105c gospodarstwa domowe przed rosn\u0105cymi kosztami paliw. Jednak zmiana ta musi r\u00f3wnie\u017c uwzgl\u0119dnia\u0107 realia spo\u0142eczne i techniczne. Oko\u0142o 15 % obywateli UE mieszka w s\u0142abo izolowanych domach, a wiele z tych budynk\u00f3w nie mo\u017ce obs\u0142ugiwa\u0107 czystych system\u00f3w grzewczych, takich jak pompy ciep\u0142a, ze wzgl\u0119du na ich wysokie zapotrzebowanie na energi\u0119. W takich przypadkach elektryfikacja bez renowacji grozi marnotrawstwem i regresem. Dlatego wdra\u017canie odnawialnych system\u00f3w ogrzewania musi i\u015b\u0107 w parze z ukierunkowan\u0105 modernizacj\u0105 budynk\u00f3w mieszkalnych. W tym kontek\u015bcie du\u017ce mo\u017cliwo\u015bci stwarzaj\u0105 r\u00f3wnie\u017c wsp\u00f3lnoty energetyczne: mog\u0105 one zapewni\u0107 dost\u0119p do czystej energii elektrycznej dla dzielnic, czerpa\u0107 korzy\u015bci z ekonomii skali, u\u0142atwia\u0107 realizacj\u0119 zbiorowych projekt\u00f3w renowacyjnych, a cz\u0119sto obejmuj\u0105 r\u00f3wnie\u017c specjalne wsparcie dla gospodarstw domowych znajduj\u0105cych si\u0119 w trudnej sytuacji. R\u00f3wnie\u017c w tym przypadku rol\u0119 odgrywa prawodawstwo UE: dyrektywa EPBD wymaga uwzgl\u0119dnienia grup znajduj\u0105cych si\u0119 w trudnej sytuacji w wymaganiach dotycz\u0105cych renowacji i promuje ich dost\u0119p do finansowania, natomiast dyrektywa EED nak\u0142ada na pa\u0144stwa cz\u0142onkowskie obowi\u0105zek identyfikacji i priorytetowego traktowania konsument\u00f3w znajduj\u0105cych si\u0119 w trudnej sytuacji w programach na rzecz efektywno\u015bci energetycznej. <\/span><\/p>\n<p><span style=\"font-weight: 400\">Id\u0105c dalej, wi\u0105\u017c\u0105ce plany wycofania paliw kopalnych w krajowych strategiach renowacyjnych w nast\u0119pnym cyklu przegl\u0105du dyrektywy EPBD, w po\u0142\u0105czeniu z rygorystycznymi normami MEPS dla budynk\u00f3w mieszkalnych, zapewni\u0142yby d\u0142ugoterminowy post\u0119p w kierunku dekarbonizacji. <\/span><span style=\"text-decoration: underline;color: #000000\"><a style=\"color: #000000;text-decoration: underline\" href=\"https:\/\/www.bruegel.org\/policy-brief\/making-best-new-eu-social-climate-fund\"><span style=\"font-weight: 400\">Poniewa\u017c w 2021 r. tylko 6% gospodarstw domowych w UE korzysta\u0142o z pomp ciep\u0142a, konieczne s\u0105 dodatkowe \u015brodki.<\/span><\/a><\/span><span style=\"font-weight: 400\"> Dotacje na pompy ciep\u0142a mog\u0105 by\u0107 przyznawane w wielu formach, np. w ramach mechanizmu wsparcia, takiego jak \u201esystem dotacji na pompy ciep\u0142a\u201d w Irlandii, lub programu leasingu pomp ciep\u0142a wspieranego przez rz\u0105d pa\u0144stwa cz\u0142onkowskiego, kt\u00f3ry m\u00f3g\u0142by przyspieszy\u0107 ich upowszechnianie poprzez obni\u017cenie koszt\u00f3w pocz\u0105tkowych, szczeg\u00f3lnie na rynkach w pocz\u0105tkowej fazie rozwoju, zapewniaj\u0105c jednocze\u015bnie elastyczne pakiety obejmuj\u0105ce opcje konserwacji, aby u\u0142atwi\u0107 dost\u0119p do czystego ogrzewania. <\/span><i><span style=\"font-weight: 400\">Heat Pump Grant System\u2019 <\/span><\/i><span style=\"font-weight: 400\">in Ireland, or a member state government-backed heat pump leasing scheme could accelerate uptake by lowering upfront costs, particularly in early-stage markets, while providing flexible packages that cover maintenance options to make clean heating more accessible. <\/span><\/p>\n<p><span style=\"font-weight: 400\">Aby zwi\u0119kszy\u0107 tempo renowacji, nale\u017cy r\u00f3wnie\u017c zaj\u0105\u0107 si\u0119 kwesti\u0105 podzia\u0142u koszt\u00f3w mi\u0119dzy najemc\u00f3w a w\u0142a\u015bcicieli nieruchomo\u015bci. <\/span><span style=\"text-decoration: underline;color: #000000\"><a style=\"color: #000000\" href=\"https:\/\/www.bruegel.org\/policy-brief\/making-best-new-eu-social-climate-fund\"><span style=\"font-weight: 400\">Ramy prawne umo\u017cliwiaj\u0105ce podzia\u0142 koszt\u00f3w, zach\u0119ty podatkowe dla w\u0142a\u015bcicieli nieruchomo\u015bci oraz zabezpieczenia przed eksmisj\u0105 lub od\u0142\u0105czeniem energii po renowacji mog\u0105 stanowi\u0107 sprawiedliw\u0105 podstaw\u0119 do modernizacji zasob\u00f3w mieszkaniowych.<\/span><\/a><\/span><span style=\"font-weight: 400\"> Na przyk\u0142ad Niemcy wprowadzi\u0142y program, kt\u00f3ry pokrywa wzrost czynszu zwi\u0105zany z kosztami renowacji dla najemc\u00f3w otrzymuj\u0105cych podstawowe wsparcie dochodowe, p\u0142ac\u0105c wynajmuj\u0105cym bezpo\u015brednio za po\u015brednictwem istniej\u0105cych kana\u0142\u00f3w pomocy spo\u0142ecznej. R\u00f3wnolegle pa\u0144stwa cz\u0142onkowskie musz\u0105 zaj\u0105\u0107 si\u0119 mniej widocznymi, ale znacz\u0105cymi czynnikami powoduj\u0105cymi emisje z budynk\u00f3w, takimi jak rosn\u0105ca powierzchnia u\u017cytkowa i niewykorzystane budynki. Zmiana przeznaczenia istniej\u0105cych budynk\u00f3w, ograniczenie wzrostu powierzchni u\u017cytkowej i promowanie bardziej efektywnego wykorzystania istniej\u0105cych zasob\u00f3w s\u0105 kluczowymi strategiami, bior\u0105c pod uwag\u0119 powolne tempo, w jakim mo\u017cna zdekarbonizowa\u0107 istniej\u0105ce zasoby.<br \/><\/span><\/p>\n<p><span style=\"font-weight: 400\">W po\u0142\u0105czeniu polityki te mog\u0105 znacznie ograniczy\u0107 emisje w sektorze budowlanym, ograniczy\u0107 wp\u0142yw cen ETS2 i zapewni\u0107 rzeczywist\u0105, trwa\u0142\u0105 popraw\u0119 jako\u015bci \u017cycia ludzi \u2013 cieplejsze domy, czystsze ogrzewanie i ni\u017csze rachunki za energi\u0119.<br \/><\/span><\/p>\n<p>[\/et_pb_accordion_item][et_pb_accordion_item title=&#8221;Transport drogowy&#8221; open=&#8221;off&#8221; _builder_version=&#8221;4.27.5&#8243; _module_preset=&#8221;default&#8221; global_colors_info=&#8221;{}&#8221; toggle_level=&#8221;h1&#8243; toggle_font=&#8221;|700|||||||&#8221;]<\/p>\n<p><span style=\"font-weight: 400\">Transport drogowy odpowiada za prawie ca\u0142o\u015b\u0107 emisji gaz\u00f3w cieplarnianych (GHG) pochodz\u0105cych z transportu krajowego i jest coraz wi\u0119kszym \u017ar\u00f3d\u0142em emisji. <\/span><span style=\"text-decoration: underline\"><span style=\"color: #000000;text-decoration: underline\"><a style=\"color: #000000;text-decoration: underline\" href=\"https:\/\/www.europarl.europa.eu\/topics\/en\/article\/20190313STO31218\/co2-emissions-from-cars-facts-and-figures-infographics\"><span style=\"font-weight: 400\">Obecne prognozy przewiduj\u0105 spadek emisji z transportu do 2050 r. jedynie o 22%, co jest wynikiem znacznie odbiegaj\u0105cym od obecnych ambicji wynosz\u0105cych 90%.<\/span><\/a><\/span><\/span><span style=\"font-weight: 400\"> Transformacja sektora wymaga solidnych ram politycznych, w tym modernizacji istniej\u0105cego systemu transportowego, przeniesienia dzia\u0142alno\u015bci transportowej na \u015brodki transportu o ni\u017cszej emisji oraz unikania niepotrzebnych podr\u00f3\u017cy. <\/span><\/p>\n<p><span style=\"font-weight: 400\">Elektryfikacja transportu drogowego na du\u017c\u0105 skal\u0119 zosta\u0142a uznana za podstawowy czynnik dekarbonizacji transportu krajowego, ograniczaj\u0105cy emisje GHG poprzez bezpo\u015brednie przej\u015bcie z paliw kopalnych na energi\u0119 elektryczn\u0105. <\/span><\/p>\n<p>Najbardziej wp\u0142ywow\u0105 polityk\u0105 jest obecne rozporz\u0105dzenie z 2023 r. w sprawie CO2 dla samochod\u00f3w osobowych i dostawczych, kt\u00f3re nak\u0142ada obowi\u0105zek 100% redukcji emisji dla nowych modeli do 2035 r.<br \/><span style=\"font-weight: 400\"> Oczekuje si\u0119, \u017ce to jedno rozporz\u0105dzenie spowoduje zmniejszenie emisji z transportu o 57% w 2040 r. w por\u00f3wnaniu z 2015 r. W przypadku pojazd\u00f3w ci\u0119\u017carowych (HDV) r\u00f3wnie istotne s\u0105 tymczasowo uzgodnione normy emisji na lata 2030, 2035 i 2040. Przysz\u0142e zmiany powinny jeszcze bardziej zaostrzy\u0107 normy obowi\u0105zuj\u0105ce po 2030 r., aby utrzyma\u0107 pozytywn\u0105 trajektori\u0119. <\/span><span style=\"text-decoration: underline\"><span style=\"color: #000000;text-decoration: underline\"><a style=\"color: #000000;text-decoration: underline\" href=\"https:\/\/www.transportenvironment.org\/uploads\/files\/Clean-solutions-for-all-Report-1.pdf\"><span style=\"font-weight: 400\">Przysz\u0142e zmiany powinny jeszcze bardziej zaostrzy\u0107 normy obowi\u0105zuj\u0105ce po 2030 r., aby utrzyma\u0107 pozytywn\u0105 trajektori\u0119.<\/span><\/a><\/span><\/span><span style=\"font-weight: 400\"> Kolejnym wa\u017cnym czynnikiem jest przyspieszenie wdra\u017cania pojazd\u00f3w elektrycznych (EV) we flotach firmowych. Pojazdy firmowe maj\u0105 zazwyczaj wi\u0119kszy przebieg i cz\u0119\u015bciej ulegaj\u0105 wymianie, co czyni je idealnymi do wczesnej elektryfikacji. <\/span><span style=\"font-weight: 400\">standards to maintain a positive trajectory. <\/span><\/p>\n<p><span style=\"font-weight: 400\">a a <\/span><a style=\"color: #000000\" href=\"https:\/\/www.transportenvironment.org\/state-of-transport-2025\/fleets\"><span style=\"text-decoration: underline\">Wed\u0142ug organizacji Transport and Environment<\/span><\/a> floty firmowe odpowiadaj\u0105 za sze\u015b\u0107 na dziesi\u0119\u0107 nowych samochod\u00f3w sprzedawanych ka\u017cdego roku i ponad 73% emisji nowych samochod\u00f3w. <a style=\"color: #000000\" href=\"https:\/\/www.transportenvironment.org\/uploads\/files\/Clean-solutions-for-all-Report-1.pdf\"><span style=\"text-decoration: underline\">Modelowanie <\/span><\/a>wskazuje, \u017ce osi\u0105gni\u0119cie 50% sprzeda\u017cy pojazd\u00f3w elektrycznych we flotach korporacyjnych do 2027 r. i 100% do 2030 r. znacznie zwi\u0119kszy\u0142oby og\u00f3ln\u0105 popularno\u015b\u0107 pojazd\u00f3w elektrycznych i pomog\u0142oby zmniejszy\u0107 emisje obj\u0119te systemem ETS2. Ponadto elektryfikacja flot firmowych zwi\u0119kszy\u0142aby liczb\u0119 u\u017cywanych pojazd\u00f3w elektrycznych na rynku wt\u00f3rnym, poprawiaj\u0105c dost\u0119p do nich dla gospodarstw domowych o ni\u017cszych dochodach.<span style=\"font-weight: 400\"> Ponadto elektryfikacja flot firmowych zwi\u0119kszy\u0142aby liczb\u0119 u\u017cywanych pojazd\u00f3w elektrycznych na rynku wt\u00f3rnym, poprawiaj\u0105c dost\u0119p do nich dla gospodarstw domowych o ni\u017cszych dochodach. <\/span><\/p>\n<p><span style=\"font-weight: 400\">Pomimo tych \u015brodk\u00f3w pojazdy z silnikami spalinowymi (ICE) pozostan\u0105 na drogach przez dziesi\u0119ciolecia, co sprawia, \u017ce modernizacja elektryczna i programy z\u0142omowania s\u0105 niezb\u0119dne, bior\u0105c pod uwag\u0119, \u017ce do 2050 r. w obiegu pozostanie 73 mln pojazd\u00f3w z silnikami spalinowymi. Narz\u0119dzia te oferuj\u0105 niedrogie i szybkie ograniczenie emisji dla gospodarstw domowych o niskich dochodach, zw\u0142aszcza w Europie Wschodniej. Polityka maj\u0105ca na celu zmniejszenie warto\u015bci rezydualnej pojazd\u00f3w z silnikami spalinowymi \u2013 taka jak strefy zeroemisyjne, op\u0142aty za wjazd do centrum miasta, wy\u017csze op\u0142aty parkingowe, ograniczenia eksportowe i zakazy sprzeda\u017cy pojazd\u00f3w z silnikami spalinowymi \u2013 mo\u017ce dodatkowo wspiera\u0107 t\u0119 transformacj\u0119, ale organy decyzyjne musz\u0105 by\u0107 \u015bwiadomi ryzyka, jakie stwarza ona dla integracji spo\u0142ecznej, i aktywnie si\u0119 nim zajmowa\u0107. <\/span><\/p>\n<p><span style=\"font-weight: 400\">Jednocze\u015bnie elektryfikacja transportu musi by\u0107 wspierana przez znaczn\u0105 rozbudow\u0119 infrastruktury, w tym stacji \u0142adowania i sieci energetycznej. W zwi\u0105zku z tym, aby uzupe\u0142ni\u0107 elektryfikacj\u0119, nale\u017cy wprowadzi\u0107 cele w zakresie efektywno\u015bci energetycznej pojazd\u00f3w elektrycznych (EV). Chocia\u017c pojazdy elektryczne nie emituj\u0105 spalin, zu\u017cywaj\u0105 one du\u017co energii elektrycznej, a obecnie nie ma przepis\u00f3w dotycz\u0105cych wymaganej efektywno\u015bci energetycznej tych pojazd\u00f3w. Wprowadzenie norm efektywno\u015bci energetycznej oraz elastycznych cen \u0142adowania pojazd\u00f3w elektrycznych uzale\u017cnionych od popytu zmniejszy obci\u0105\u017cenie sieci energetycznej, obni\u017cy koszty energii i wesprze p\u0142ynniejsz\u0105 dekarbonizacj\u0119. <\/span><\/p>\n<p><span style=\"font-weight: 400\">R\u00f3wnie wa\u017cne s\u0105 instrumenty po stronie popytu maj\u0105ce na celu ograniczenie og\u00f3lnego ruchu drogowego. Obejmuj\u0105 one wstrzymanie budowy nowych dr\u00f3g, promowanie przej\u015bcia na transport publiczny o zerowej emisji, aktywnej mobilno\u015bci (chodzenie pieszo, jazda na rowerze) i transport kolejowy na d\u0142u\u017cszych dystansach oraz zwi\u0119kszenie wykorzystania wsp\u00f3lnej mobilno\u015bci (np. carpooling). <\/span>Przeniesienie zaledwie 5% podr\u00f3\u017cy samochodowych na transport publiczny w ca\u0142ej UE mog\u0142oby zmniejszy\u0107 zapotrzebowanie na rop\u0119 o oko\u0142o <a style=\"color: #000000;text-decoration: underline\" href=\"https:\/\/www.greenpeace.org\/eu-unit\/issues\/climate-energy\/46650\/public-transport-too-expensive-in-many-european-countries\/\"><span style=\"color: #000000;text-decoration: underline\">7,9 mln ton<\/span><\/a>, co odpowiada 25 mln ton CO2. Wed\u0142ug ESABCC poprzednie pr\u00f3by promowania transportu publicznego na szczeblu pa\u0144stw cz\u0142onkowskich by\u0142y ma\u0142o ambitne i nie by\u0142y konsekwentnie wdra\u017cane. Aby doprowadzi\u0107 do znacz\u0105cych zmian, pa\u0144stwa cz\u0142onkowskie powinny nada\u0107 priorytet strategicznym inwestycjom infrastrukturalnym, takim jak modernizacja sieci kolejowej i transportu publicznego. Planowanie urbanistyczne mo\u017ce zwi\u0119kszy\u0107 jako\u015b\u0107 \u017cycia w miastach, zmniejszy\u0107 zale\u017cno\u015b\u0107 od samochod\u00f3w i przeznaczy\u0107 wi\u0119cej przestrzeni na infrastruktur\u0119 rowerow\u0105 i tereny zielone.\u00a0<\/p>\n<p><span style=\"color: #000000\"><span style=\"font-weight: 400\">Promowanie wsp\u00f3lnej mobilno\u015bci, us\u0142ug na \u017c\u0105danie oraz sprawiedliwych cen lub bezp\u0142atnych bilet\u00f3w komunikacyjnych dla grup o niskich dochodach zapewni sprawiedliw\u0105 transformacj\u0119, kt\u00f3ra przyniesie korzy\u015bci wszystkim obywatelom. Dobrym przyk\u0142adem jest Luksemburg, kt\u00f3ry w 2020 r. zdecydowa\u0142 si\u0119 na bezp\u0142atny transport publiczny. Polityka ta spowodowa\u0142a zmniejszenie emisji CO2 z transportu drogowego o oko\u0142o<\/span><span style=\"font-weight: 400\"><a href=\"\/\/eibinget.github.io\/files\/zerofare.pdf\" style=\"color: #000000\"> 8,3%<\/a><\/span><span style=\"font-weight: 400\">,<\/span><span style=\"font-weight: 400\"> przy czym wykorzystanie samochod\u00f3w spad\u0142o o oko\u0142o 6,8%, a wykorzystanie transportu publicznego wzros\u0142o o oko\u0142o 38%. Dzi\u0119ki zniesieniu op\u0142at Luksemburg nie tylko zmniejszy\u0142 zu\u017cycie paliwa i zwi\u0105zane z tym emisje, ale tak\u017ce promowa\u0142 sprawiedliwszy dost\u0119p do mobilno\u015bci i lepsz\u0105 jako\u015b\u0107 \u017cycia dzi\u0119ki zmniejszeniu nat\u0119\u017cenia ruchu i zanieczyszczenia powietrza.<\/span><\/span><\/p>\n<p><span style=\"text-decoration: underline;color: #000000\"><a style=\"color: #000000;text-decoration: underline\" href=\"https:\/\/climate-advisory-board.europa.eu\/reports-and-publications\/towards-eu-climate-neutrality-progress-policy-gaps-and-opportunities\"><span style=\"font-weight: 400\"><\/span><\/a><\/span><span style=\"font-weight: 400\">Aby rozwi\u0105za\u0107 problem ub\u00f3stwa transportowego, nale\u017cy zaj\u0105\u0107 si\u0119 zar\u00f3wno kwesti\u0105 przyst\u0119pno\u015bci cenowej pojazd\u00f3w elektrycznych, jak i zapewnieniem dost\u0119pu do zr\u00f3wnowa\u017conej mobilno\u015bci. Programy leasingu spo\u0142ecznego mog\u0105 pom\u00f3c w zwi\u0119kszeniu dost\u0119pno\u015bci pojazd\u00f3w elektrycznych poprzez usuni\u0119cie barier zwi\u0105zanych z kosztami pocz\u0105tkowymi.<br \/><\/span><\/p>\n<p><span style=\"font-weight: 400\">Nale\u017cy r\u00f3wnie\u017c zbada\u0107 nowe ukierunkowane narz\u0119dzia finansowe, aby wspiera\u0107 gospodarstwa domowe o niskich dochodach oraz ma\u0142e i \u015brednie przedsi\u0119biorstwa w uzyskaniu dost\u0119pu do bardziej ekologicznej mobilno\u015bci, oferuj\u0105c wsparcie dostosowane do lokalizacji i potrzeb. <\/span><span style=\"font-weight: 400\"><\/span><span style=\"font-weight: 400\">Na przyk\u0142ad niekt\u00f3re programy zdecydowa\u0142y si\u0119 skupi\u0107 na wiejskich gospodarstwach domowych o niskich dochodach. Sprawiedliwa transformacja zale\u017cy r\u00f3wnie\u017c od lepszego planowania urbanistycznego i regionalnego.<\/span><\/p>\n<p><span style=\"font-weight: 400\">Przeniesienie punktu ci\u0119\u017cko\u015bci z mobilno\u015bci na dost\u0119pno\u015b\u0107 \u2013 poprzez promowanie kr\u00f3tszych podr\u00f3\u017cy i mniejszego uzale\u017cnienia od samochod\u00f3w \u2013 mo\u017ce przynie\u015b\u0107 zar\u00f3wno korzy\u015bci klimatyczne, jak i spo\u0142eczne. Rozbudowa transportu publicznego, rowerowego i wsp\u00f3lnej mobilno\u015bci, zw\u0142aszcza na obszarach wiejskich lub miejskich, kt\u00f3re maj\u0105 ograniczony dost\u0119p, poprawi jako\u015b\u0107 \u017cycia i zapewni, \u017ce nikt nie zostanie pomini\u0119ty w przej\u015bciu na czystszy transport. <\/span><\/p>\n<p><span style=\"font-weight: 400\">Niezwykle wa\u017cne jest opracowanie \u015brodk\u00f3w pozwalaj\u0105cych unikn\u0105\u0107 zak\u0142\u00f3cenia sygna\u0142u cenowego ETS2. W sektorze transportu drogowego ETS2 zapewnia r\u00f3wnie\u017c efekt wyr\u00f3wnuj\u0105cy, poniewa\u017c pojazdy elektryczne s\u0105 ju\u017c nara\u017cone na sygna\u0142 cenowy ETS1 poprzez energi\u0119 elektryczn\u0105, podczas gdy pojazdy z silnikiem spalinowym dopiero teraz b\u0119d\u0105 musia\u0142y zmierzy\u0107 si\u0119 z cen\u0105 emisji dwutlenku w\u0119gla w ramach ETS2. <\/span><\/p>\n<p><span style=\"font-weight: 400\">Celem musi by\u0107 uczynienie czystszych opcji ta\u0144szymi od tych zanieczyszczaj\u0105cych \u015brodowisko. Jednak dotacje do paliw kopalnych i niew\u0142a\u015bciwie dostosowane ceny energii nadal dzia\u0142aj\u0105 w przeciwnym kierunku. <\/span><\/p>\n<p>[\/et_pb_accordion_item][et_pb_accordion_item title=&#8221;Sygna\u0142 cenowy &#8221; _builder_version=&#8221;4.27.5&#8243; _module_preset=&#8221;default&#8221; global_colors_info=&#8221;{}&#8221; toggle_level=&#8221;h1&#8243; toggle_font=&#8221;|700|||||||&#8221; open=&#8221;off&#8221;]<\/p>\n<p><a style=\"color: #000000;text-decoration: underline\" href=\"https:\/\/www.eea.europa.eu\/en\/analysis\/indicators\/fossil-fuel-subsidies\">W 2023 r. dotacje UE na paliwa kopalne osi\u0105gn\u0119\u0142y 111 mld euro,<\/a> z czego ponad 60% skoncentrowano w Niemczech, Polsce i Francji, czyli krajach o najwi\u0119kszej emisji z budynk\u00f3w i transportu drogowego. Dzia\u0142ania w tych krajach maj\u0105 kluczowe znaczenie dla stabilizacji ceny ETS2.<span style=\"font-weight: 400\">Prawie po\u0142owa tych dotacji nie ma planowanej daty zako\u0144czenia, a wiele \u015brodk\u00f3w wynikaj\u0105cych z kryzysu cen energii w 2022 r. \u2013 wywo\u0142anego inwazj\u0105 Rosji na Ukrain\u0119 \u2013 pozostaje w mocy pomimo spadku cen paliw kopalnych. R\u00f3wnie szkodliwy jest brak r\u00f3wnowagi w opodatkowaniu energii. W wi\u0119kszo\u015bci pa\u0144stw cz\u0142onkowskich gospodarstwa domowe p\u0142ac\u0105 ponad dwa razy wi\u0119cej za energi\u0119 elektryczn\u0105 ni\u017c za gaz kopalny. Ta dysproporcja wynika g\u0142\u00f3wnie z op\u0142at na rzecz finansowania transformacji energetycznej, kt\u00f3re s\u0105 doliczane do rachunk\u00f3w za energi\u0119 elektryczn\u0105, podczas gdy produkcja gazu kopalnego pozostaje nisko opodatkowana. Ceny energii elektrycznej s\u0105 r\u00f3wnie\u017c zawy\u017cone przez utrzymuj\u0105c\u0105 si\u0119 zale\u017cno\u015b\u0107 Europy od paliw kopalnych, kt\u00f3ra nara\u017ca konsument\u00f3w na wahania na \u015bwiatowych rynkach paliwowych.<\/span><\/p>\n<p><span style=\"font-weight: 400\"><br \/><\/span><span style=\"text-decoration: underline\"><span style=\"color: #000000;text-decoration: underline\"><a style=\"color: #000000;text-decoration: underline\" href=\"https:\/\/www.raponline.org\/knowledge-center\/pricing-just-icing-role-carbon-pricing-comprehensive-policy-framework-decarbonise-eu-buildings-sector\/\"><span style=\"font-weight: 400\">W Belgii energia elektryczna jest prawie sze\u015bciokrotnie dro\u017csza w przeliczeniu na jednostk\u0119 energii ni\u017c gaz, a w krajach takich jak Niemcy czy Dania podatki i op\u0142aty od energii elektrycznej s\u0105 o ponad 0,14 EUR\/kWh wy\u017csze ni\u017c od gazu.<\/span><\/a><\/span><\/span><span style=\"font-weight: 400\">. Taka struktura cenowa zniech\u0119ca do przej\u015bcia na systemy elektryczne, podwa\u017caj\u0105c wysi\u0142ki na rzecz dekarbonizacji. Po rozbudowie system\u00f3w energii odnawialnej, wraz z magazynowaniem i reagowaniem na popyt, ceny energii elektrycznej spadn\u0105, dzi\u0119ki czemu elektryfikacja stanie si\u0119 zar\u00f3wno czysta, jak i przyst\u0119pna cenowo. <\/span><\/p>\n<p><span style=\"font-weight: 400\">Pa\u0144stwa cz\u0142onkowskie mog\u0105 wzmocni\u0107 sygna\u0142 cenowy ETS2 i uczyni\u0107 go mniej regresywnym poprzez zniesienie szkodliwych dotacji, opodatkowanie nadzwyczajnych zysk\u00f3w od paliw kopalnych, stosowanie progresywnych op\u0142at w sektorach o wysokiej emisji oraz zapewnienie sprawiedliwego udzia\u0142u najbogatszych. Dochody powinny by\u0107 przeznaczane na ochron\u0119 gospodarstw domowych znajduj\u0105cych si\u0119 w trudnej sytuacji oraz przyspieszenie inwestycji w czyst\u0105 energi\u0119. <\/span><\/p>\n<p>[\/et_pb_accordion_item][\/et_pb_accordion][\/et_pb_column][\/et_pb_row][et_pb_row _builder_version=&#8221;4.27.4&#8243; _module_preset=&#8221;default&#8221; background_image=&#8221;https:\/\/life-effect.org\/wp-content\/uploads\/2025\/10\/Streetpattern-01-light-green.png&#8221; custom_margin=&#8221;40px||40px||true|false&#8221; custom_padding=&#8221;60px|40px|60px|40px|true|true&#8221; border_radii=&#8221;on|30px|30px|30px|30px&#8221; border_width_all=&#8221;4px&#8221; border_color_all=&#8221;#FFC6ED&#8221; global_colors_info=&#8221;{}&#8221;][et_pb_column type=&#8221;4_4&#8243; _builder_version=&#8221;4.27.4&#8243; _module_preset=&#8221;default&#8221; global_colors_info=&#8221;{}&#8221;][et_pb_text _builder_version=&#8221;4.27.4&#8243; _module_preset=&#8221;default&#8221; text_font=&#8221;&#8211;et_global_heading_font|700|||||||&#8221; header_font=&#8221;&#8211;et_global_heading_font|700|||||||&#8221; header_text_align=&#8221;center&#8221; header_text_color=&#8221;gcid-body-color&#8221; header_font_size=&#8221;50px&#8221; global_colors_info=&#8221;{%22gcid-body-color%22:%91%22header_text_color%22%93}&#8221;]<\/p>\n<h1>Rola polityk<\/h1>\n<h1>uzupe\u0142niaj\u0105cych<\/h1>\n<p>[\/et_pb_text][et_pb_button button_url=&#8221;https:\/\/life-effect.org\/role-of-complementary-measures-quiz\/&#8221; url_new_window=&#8221;on&#8221; button_text=&#8221;Rozwi\u0105\u017c quiz&#8221; button_alignment=&#8221;center&#8221; _builder_version=&#8221;4.27.4&#8243; _module_preset=&#8221;default&#8221; global_colors_info=&#8221;{}&#8221;][\/et_pb_button][\/et_pb_column][\/et_pb_row][et_pb_row column_structure=&#8221;1_2,1_2&#8243; _builder_version=&#8221;4.27.4&#8243; _module_preset=&#8221;default&#8221; global_colors_info=&#8221;{}&#8221;][et_pb_column type=&#8221;1_2&#8243; _builder_version=&#8221;4.27.4&#8243; _module_preset=&#8221;default&#8221; global_colors_info=&#8221;{}&#8221;][et_pb_button button_url=&#8221;https:\/\/life-effect.org\/pl\/jaka-bedzie-cena\/&#8221; button_text=&#8221;Jaka b\u0119dzie cena?&#8221; button_alignment=&#8221;left&#8221; _builder_version=&#8221;4.27.5&#8243; _module_preset=&#8221;default&#8221; button_text_color=&#8221;gcid-heading-color&#8221; button_bg_color=&#8221;RGBA(255,255,255,0)&#8221; button_bg_enable_image=&#8221;off&#8221; hover_enabled=&#8221;0&#8243; global_colors_info=&#8221;{%22gcid-heading-color%22:%91%22button_text_color%22%93}&#8221; sticky_enabled=&#8221;0&#8243;][\/et_pb_button][\/et_pb_column][et_pb_column type=&#8221;1_2&#8243; _builder_version=&#8221;4.27.4&#8243; _module_preset=&#8221;default&#8221; global_colors_info=&#8221;{}&#8221;][et_pb_button button_url=&#8221;https:\/\/life-effect.org\/pl\/ets2-i-cel-klimatyczny-na-2040-r\/&#8221; button_text=&#8221;ETS2 i cel klimatyczny na 2040 r.&#8221; _builder_version=&#8221;4.27.5&#8243; _module_preset=&#8221;default&#8221; button_text_color=&#8221;gcid-heading-color&#8221; button_bg_color=&#8221;RGBA(255,255,255,0)&#8221; button_bg_enable_image=&#8221;off&#8221; hover_enabled=&#8221;0&#8243; global_colors_info=&#8221;{%22gcid-heading-color%22:%91%22button_text_color%22%93}&#8221; sticky_enabled=&#8221;0&#8243;][\/et_pb_button][\/et_pb_column][\/et_pb_row][et_pb_row column_structure=&#8221;1_2,1_2&#8243; _builder_version=&#8221;4.27.4&#8243; _module_preset=&#8221;default&#8221; width=&#8221;79%&#8221; max_width=&#8221;952px&#8221; max_height=&#8221;1000px&#8221; custom_margin=&#8221;|60px|||false|false&#8221; global_colors_info=&#8221;{}&#8221;][et_pb_column type=&#8221;1_2&#8243; _builder_version=&#8221;4.27.4&#8243; _module_preset=&#8221;default&#8221; global_colors_info=&#8221;{}&#8221;][\/et_pb_column][et_pb_column type=&#8221;1_2&#8243; _builder_version=&#8221;4.27.4&#8243; _module_preset=&#8221;default&#8221; global_colors_info=&#8221;{}&#8221;][\/et_pb_column][\/et_pb_row][\/et_pb_section]<\/p>\n","protected":false},"excerpt":{"rendered":"<p>Rola polityk uzupe\u0142niaj\u0105cychPolityki uzupe\u0142niaj\u0105ce maj\u0105 zasadnicze znaczenie dla powodzenia mechanizmu ETS2, zar\u00f3wno w zakresie redukcji emisji, jak i zapewnienia spo\u0142ecznie akceptowalnej ceny ETS2. Zar\u00f3wno sektor budowlany, jak i transport drogowy s\u0105 dalekie od niezb\u0119dnych trajektorii dekarbonizacji. Paliwa wykorzystywane w budynkach i transporcie drogowym odpowiadaj\u0105 za prawie 40 % emisji dwutlenku w\u0119gla w UE. W 2022 [&hellip;]<\/p>\n","protected":false},"author":20,"featured_media":0,"parent":0,"menu_order":0,"comment_status":"closed","ping_status":"closed","template":"","meta":{"_acf_changed":false,"_et_pb_use_builder":"on","_et_pb_old_content":"","_et_gb_content_width":"","_monsterinsights_skip_tracking":false,"_monsterinsights_sitenote_active":false,"_monsterinsights_sitenote_note":"","_monsterinsights_sitenote_category":0,"footnotes":""},"class_list":["post-408606","page","type-page","status-publish","hentry"],"acf":[],"yoast_head":"<!-- This site is optimized with the Yoast SEO plugin v27.5 - https:\/\/yoast.com\/product\/yoast-seo-wordpress\/ -->\n<title>Rola polityk uzupe\u0142niaj\u0105cych - LIFE Effect<\/title>\n<meta name=\"robots\" content=\"index, follow, max-snippet:-1, max-image-preview:large, max-video-preview:-1\" \/>\n<link rel=\"canonical\" href=\"https:\/\/life-effect.org\/pl\/rola-polityk-uzupelniajacych\/\" \/>\n<meta property=\"og:locale\" content=\"pl_PL\" \/>\n<meta property=\"og:type\" content=\"article\" \/>\n<meta property=\"og:title\" content=\"Rola polityk uzupe\u0142niaj\u0105cych - LIFE Effect\" \/>\n<meta property=\"og:description\" content=\"Rola polityk uzupe\u0142niaj\u0105cychPolityki uzupe\u0142niaj\u0105ce maj\u0105 zasadnicze znaczenie dla powodzenia mechanizmu ETS2, zar\u00f3wno w zakresie redukcji emisji, jak i zapewnienia spo\u0142ecznie akceptowalnej ceny ETS2. Zar\u00f3wno sektor budowlany, jak i transport drogowy s\u0105 dalekie od niezb\u0119dnych trajektorii dekarbonizacji. Paliwa wykorzystywane w budynkach i transporcie drogowym odpowiadaj\u0105 za prawie 40 % emisji dwutlenku w\u0119gla w UE. W 2022 [&hellip;]\" \/>\n<meta property=\"og:url\" content=\"https:\/\/life-effect.org\/pl\/rola-polityk-uzupelniajacych\/\" \/>\n<meta property=\"og:site_name\" content=\"LIFE Effect\" \/>\n<meta property=\"article:modified_time\" content=\"2026-02-04T16:22:22+00:00\" \/>\n<meta name=\"twitter:card\" content=\"summary_large_image\" \/>\n<meta name=\"twitter:label1\" content=\"Szacowany czas czytania\" \/>\n\t<meta name=\"twitter:data1\" content=\"20 minut\" \/>\n<script type=\"application\/ld+json\" class=\"yoast-schema-graph\">{\"@context\":\"https:\\\/\\\/schema.org\",\"@graph\":[{\"@type\":\"WebPage\",\"@id\":\"https:\\\/\\\/life-effect.org\\\/pl\\\/rola-polityk-uzupelniajacych\\\/\",\"url\":\"https:\\\/\\\/life-effect.org\\\/pl\\\/rola-polityk-uzupelniajacych\\\/\",\"name\":\"Rola polityk uzupe\u0142niaj\u0105cych - LIFE Effect\",\"isPartOf\":{\"@id\":\"https:\\\/\\\/life-effect.org\\\/pl\\\/#website\"},\"datePublished\":\"2025-11-13T10:03:12+00:00\",\"dateModified\":\"2026-02-04T16:22:22+00:00\",\"breadcrumb\":{\"@id\":\"https:\\\/\\\/life-effect.org\\\/pl\\\/rola-polityk-uzupelniajacych\\\/#breadcrumb\"},\"inLanguage\":\"pl-PL\",\"potentialAction\":[{\"@type\":\"ReadAction\",\"target\":[\"https:\\\/\\\/life-effect.org\\\/pl\\\/rola-polityk-uzupelniajacych\\\/\"]}]},{\"@type\":\"BreadcrumbList\",\"@id\":\"https:\\\/\\\/life-effect.org\\\/pl\\\/rola-polityk-uzupelniajacych\\\/#breadcrumb\",\"itemListElement\":[{\"@type\":\"ListItem\",\"position\":1,\"name\":\"Home\",\"item\":\"https:\\\/\\\/life-effect.org\\\/pl\\\/\"},{\"@type\":\"ListItem\",\"position\":2,\"name\":\"Rola polityk uzupe\u0142niaj\u0105cych\"}]},{\"@type\":\"WebSite\",\"@id\":\"https:\\\/\\\/life-effect.org\\\/pl\\\/#website\",\"url\":\"https:\\\/\\\/life-effect.org\\\/pl\\\/\",\"name\":\"LIFE Effect\",\"description\":\"For carbon pricing that puts people and planet first\",\"potentialAction\":[{\"@type\":\"SearchAction\",\"target\":{\"@type\":\"EntryPoint\",\"urlTemplate\":\"https:\\\/\\\/life-effect.org\\\/pl\\\/?s={search_term_string}\"},\"query-input\":{\"@type\":\"PropertyValueSpecification\",\"valueRequired\":true,\"valueName\":\"search_term_string\"}}],\"inLanguage\":\"pl-PL\"}]}<\/script>\n<!-- \/ Yoast SEO plugin. -->","yoast_head_json":{"title":"Rola polityk uzupe\u0142niaj\u0105cych - LIFE Effect","robots":{"index":"index","follow":"follow","max-snippet":"max-snippet:-1","max-image-preview":"max-image-preview:large","max-video-preview":"max-video-preview:-1"},"canonical":"https:\/\/life-effect.org\/pl\/rola-polityk-uzupelniajacych\/","og_locale":"pl_PL","og_type":"article","og_title":"Rola polityk uzupe\u0142niaj\u0105cych - LIFE Effect","og_description":"Rola polityk uzupe\u0142niaj\u0105cychPolityki uzupe\u0142niaj\u0105ce maj\u0105 zasadnicze znaczenie dla powodzenia mechanizmu ETS2, zar\u00f3wno w zakresie redukcji emisji, jak i zapewnienia spo\u0142ecznie akceptowalnej ceny ETS2. Zar\u00f3wno sektor budowlany, jak i transport drogowy s\u0105 dalekie od niezb\u0119dnych trajektorii dekarbonizacji. Paliwa wykorzystywane w budynkach i transporcie drogowym odpowiadaj\u0105 za prawie 40 % emisji dwutlenku w\u0119gla w UE. W 2022 [&hellip;]","og_url":"https:\/\/life-effect.org\/pl\/rola-polityk-uzupelniajacych\/","og_site_name":"LIFE Effect","article_modified_time":"2026-02-04T16:22:22+00:00","twitter_card":"summary_large_image","twitter_misc":{"Szacowany czas czytania":"20 minut"},"schema":{"@context":"https:\/\/schema.org","@graph":[{"@type":"WebPage","@id":"https:\/\/life-effect.org\/pl\/rola-polityk-uzupelniajacych\/","url":"https:\/\/life-effect.org\/pl\/rola-polityk-uzupelniajacych\/","name":"Rola polityk uzupe\u0142niaj\u0105cych - LIFE Effect","isPartOf":{"@id":"https:\/\/life-effect.org\/pl\/#website"},"datePublished":"2025-11-13T10:03:12+00:00","dateModified":"2026-02-04T16:22:22+00:00","breadcrumb":{"@id":"https:\/\/life-effect.org\/pl\/rola-polityk-uzupelniajacych\/#breadcrumb"},"inLanguage":"pl-PL","potentialAction":[{"@type":"ReadAction","target":["https:\/\/life-effect.org\/pl\/rola-polityk-uzupelniajacych\/"]}]},{"@type":"BreadcrumbList","@id":"https:\/\/life-effect.org\/pl\/rola-polityk-uzupelniajacych\/#breadcrumb","itemListElement":[{"@type":"ListItem","position":1,"name":"Home","item":"https:\/\/life-effect.org\/pl\/"},{"@type":"ListItem","position":2,"name":"Rola polityk uzupe\u0142niaj\u0105cych"}]},{"@type":"WebSite","@id":"https:\/\/life-effect.org\/pl\/#website","url":"https:\/\/life-effect.org\/pl\/","name":"LIFE Effect","description":"For carbon pricing that puts people and planet first","potentialAction":[{"@type":"SearchAction","target":{"@type":"EntryPoint","urlTemplate":"https:\/\/life-effect.org\/pl\/?s={search_term_string}"},"query-input":{"@type":"PropertyValueSpecification","valueRequired":true,"valueName":"search_term_string"}}],"inLanguage":"pl-PL"}]}},"_links":{"self":[{"href":"https:\/\/life-effect.org\/pl\/wp-json\/wp\/v2\/pages\/408606","targetHints":{"allow":["GET"]}}],"collection":[{"href":"https:\/\/life-effect.org\/pl\/wp-json\/wp\/v2\/pages"}],"about":[{"href":"https:\/\/life-effect.org\/pl\/wp-json\/wp\/v2\/types\/page"}],"author":[{"embeddable":true,"href":"https:\/\/life-effect.org\/pl\/wp-json\/wp\/v2\/users\/20"}],"replies":[{"embeddable":true,"href":"https:\/\/life-effect.org\/pl\/wp-json\/wp\/v2\/comments?post=408606"}],"version-history":[{"count":4,"href":"https:\/\/life-effect.org\/pl\/wp-json\/wp\/v2\/pages\/408606\/revisions"}],"predecessor-version":[{"id":408706,"href":"https:\/\/life-effect.org\/pl\/wp-json\/wp\/v2\/pages\/408606\/revisions\/408706"}],"wp:attachment":[{"href":"https:\/\/life-effect.org\/pl\/wp-json\/wp\/v2\/media?parent=408606"}],"curies":[{"name":"wp","href":"https:\/\/api.w.org\/{rel}","templated":true}]}}