{"id":408622,"date":"2025-11-13T11:11:32","date_gmt":"2025-11-13T10:11:32","guid":{"rendered":"https:\/\/life-effect.org\/ets2-i-cel-klimatyczny-na-2040-r\/"},"modified":"2026-02-04T17:24:54","modified_gmt":"2026-02-04T16:24:54","slug":"ets2-i-cel-klimatyczny-na-2040-r","status":"publish","type":"page","link":"https:\/\/life-effect.org\/pl\/ets2-i-cel-klimatyczny-na-2040-r\/","title":{"rendered":"ETS2 i cel klimatyczny na 2040 r."},"content":{"rendered":"<p>[et_pb_section fb_built=&#8221;1&#8243; _builder_version=&#8221;4.27.4&#8243; _module_preset=&#8221;default&#8221; background_image=&#8221;https:\/\/life-effect.org\/wp-content\/uploads\/2025\/10\/Life-effect-background-02-sky.png&#8221; custom_padding=&#8221;183px|||||&#8221; global_colors_info=&#8221;{}&#8221;][et_pb_row _builder_version=&#8221;4.27.4&#8243; _module_preset=&#8221;default&#8221; min_height=&#8221;116.3px&#8221; custom_padding=&#8221;||1px|||&#8221; global_colors_info=&#8221;{}&#8221;][et_pb_column type=&#8221;4_4&#8243; _builder_version=&#8221;4.27.4&#8243; _module_preset=&#8221;default&#8221; global_colors_info=&#8221;{}&#8221;][et_pb_text content_tablet=&#8221;<\/p>\n<p>ETS2 i cel klimatyczny<\/p>\n<p>na 2040 r.<\/p>\n<p>&#8221; content_phone=&#8221;<\/p>\n<p>ETS2 and the 2040 climate target<\/p>\n<p>&#8221; content_last_edited=&#8221;on|phone&#8221; _builder_version=&#8221;4.27.4&#8243; _module_preset=&#8221;default&#8221; text_font=&#8221;&#8211;et_global_heading_font|700|||||||&#8221; text_font_size=&#8221;50px&#8221; min_height=&#8221;124.8px&#8221; custom_padding=&#8221;||0px|||&#8221; text_line_height_tablet=&#8221;1.7em&#8221; text_line_height_phone=&#8221;1em&#8221; text_line_height_last_edited=&#8221;on|tablet&#8221; global_colors_info=&#8221;{}&#8221;]<\/p>\n<p style=\"text-align: left\">ETS2 i cel klimatyczny na 2040 r.<\/p>\n<p>[\/et_pb_text][\/et_pb_column][\/et_pb_row][et_pb_row _builder_version=&#8221;4.27.4&#8243; _module_preset=&#8221;default&#8221; global_colors_info=&#8221;{}&#8221;][et_pb_column type=&#8221;4_4&#8243; _builder_version=&#8221;4.27.4&#8243; _module_preset=&#8221;default&#8221; global_colors_info=&#8221;{}&#8221;][et_pb_video src=&#8221;https:\/\/youtu.be\/9ivDPkVDFjo?si=lFILdfoSK2HNPMLy&#8221; _builder_version=&#8221;4.27.4&#8243; _module_preset=&#8221;default&#8221; global_colors_info=&#8221;{}&#8221;][\/et_pb_video][\/et_pb_column][\/et_pb_row][et_pb_row _builder_version=&#8221;4.27.4&#8243; _module_preset=&#8221;default&#8221; global_colors_info=&#8221;{}&#8221;][et_pb_column type=&#8221;4_4&#8243; _builder_version=&#8221;4.27.4&#8243; _module_preset=&#8221;default&#8221; global_colors_info=&#8221;{}&#8221;][et_pb_blurb content_max_width=&#8221;100%&#8221; admin_label=&#8221;FContent V20 &#8211; Five &#8211; Empowering businesses across industries&#8221; module_class=&#8221;fc5_blurb&#8221; _builder_version=&#8221;4.27.5&#8243; _module_preset=&#8221;default&#8221; header_font=&#8221;Barlow|600|||||||&#8221; header_text_color=&#8221;#FFFFFF&#8221; header_font_size=&#8221;18px&#8221; header_line_height=&#8221;100%&#8221; body_text_color=&#8221;gcid-heading-color&#8221; width=&#8221;100%&#8221; min_height=&#8221;448.5px&#8221; custom_margin=&#8221;||0px||false|false&#8221; custom_padding=&#8221;||0px|0px||&#8221; animation=&#8221;off&#8221; hover_enabled=&#8221;0&#8243; header_font_size_tablet=&#8221;18px&#8221; header_font_size_phone=&#8221;16px&#8221; header_font_size_last_edited=&#8221;on|phone&#8221; custom_css_blurb_title=&#8221;padding-bottom:18px;&#8221; custom_css_blurb_content=&#8221;font-weight:400;&#8221; inline_fonts=&#8221;Sofia Sans&#8221; global_colors_info=&#8221;{%22gcid-heading-color%22:%91%22body_text_color%22%93}&#8221; custom_css_blurb_title_last_edited=&#8221;on|phone&#8221; custom_css_blurb_title_tablet=&#8221;padding-top: 20px;||padding-bottom: 20px;&#8221; custom_css_blurb_title_phone=&#8221;padding-top: 20px;||padding-bottom: 20px;&#8221; sticky_enabled=&#8221;0&#8243;]<\/p>\n<p><span style=\"font-family: 'Sofia Sans';font-weight: normal\">Bez ETS2 UE nie osi\u0105gnie swoich cel\u00f3w klimatycznych na 2040 i 2050 r. Zgodnie z unijnym prawem klimatycznym blok ten musi osi\u0105gn\u0105\u0107 neutralno\u015b\u0107 klimatyczn\u0105 do 2050 r. Do 2030 r. obowi\u0105zuje cel po\u015bredni, jakim jest osi\u0105gni\u0119cie 55-procentowej redukcji emisji gaz\u00f3w cieplarnianych w por\u00f3wnaniu z poziomami z 1990 r. W chwili pisania niniejszego dokumentu trwa proces polityczny maj\u0105cy na celu ustalenie tymczasowego celu klimatycznego na 2040 r. W lipcu 2025 r. Komisja Europejska opublikowa\u0142a wniosek dotycz\u0105cy 90-procentowej redukcji emisji do 2040 r. w por\u00f3wnaniu z poziomami z 1990 r., <span style=\"text-decoration: underline;color: #0a0101\"><a style=\"color: #0a0101;text-decoration: underline\" href=\"https:\/\/carbonmarketwatch.org\/publications\/fit-for-2040\/\">niestety wraz z niepokoj\u0105c\u0105 d\u0142ug\u0105 list\u0105 \u201eelastyczno\u015bci\u201d dla pa\u0144stw cz\u0142onkowskich, aby unikn\u0105\u0107 odpowiedzialno\u015bci za walk\u0119 ze zmian\u0105 klimatu.<\/a><\/span> <\/span><\/p>\n<p><span style=\"font-weight: normal;font-family: 'Sofia Sans'\">Wszelkie pr\u00f3by os\u0142abienia systemu ETS2 b\u0119d\u0105 musia\u0142y zosta\u0107 zrekompensowane zwi\u0119kszeniem ca\u0142kowitej redukcji emisji z sektor\u00f3w obj\u0119tych systemem ETS1 lub nieobj\u0119tych systemem EU ETS, aby pozosta\u0107 w zgodzie z celem klimatycznym UE na 2040 r. Dotyczy to przede wszystkim sektor\u00f3w przemys\u0142owego i rolnego, w kt\u00f3rych dodatkowa redukcja emisji wi\u0105\u017ce si\u0119 z szeregiem wyzwa\u0144 politycznych i spo\u0142ecznych. <\/span><\/p>\n<p><span style=\"font-family: 'Sofia Sans';font-weight: normal\">Nale\u017cy ponownie podkre\u015bli\u0107, \u017ce chocia\u017c ETS2 jest uwa\u017cany za niezb\u0119dny do osi\u0105gni\u0119cia cel\u00f3w klimatycznych UE, b\u0119dzie on funkcjonowa\u0142 jedynie jako centralny element zestawu instrument\u00f3w politycznych. Rozporz\u0105dzenie w sprawie wsp\u00f3lnego wysi\u0142ku redukcyjnego (ESR) na lata 2021\u20132030 okre\u015bla krajowe cele dla ka\u017cdego pa\u0144stwa cz\u0142onkowskiego w zakresie redukcji emisji w oparciu o solidarno\u015b\u0107 i sprawiedliwo\u015b\u0107, zgodnie z kt\u00f3r\u0105 bogatsze kraje o wy\u017cszym poziomie historycznych emisji musz\u0105 wnie\u015b\u0107 wi\u0119kszy wk\u0142ad w redukcj\u0119 emisji CO2. Rozporz\u0105dzenie ESR powinno zosta\u0107 przed\u0142u\u017cone po 2030 r., aby nadal motywowa\u0107 pa\u0144stwa cz\u0142onkowskie do opracowywania i wdra\u017cania uzupe\u0142niaj\u0105cych polityk klimatycznych na szczeblu lokalnym i krajowym w celu zaspokojenia ich konkretnych potrzeb i d\u0105\u017cenia do realizacji ambitnych cel\u00f3w wspieranych przez ramy EU ETS. <\/span><\/p>\n<p><a href=\"https:\/\/life-effect.org\/wp-content\/uploads\/2026\/02\/PL-ETS2-i-cel-klimatyczny.pdf\" title=\"Pobierz rozdzia\u0142\"><strong><span style=\"font-family: 'Sofia Sans'\">Pobierz rozdzia\u0142<\/span><\/strong><\/a><\/p>\n<p>[\/et_pb_blurb][\/et_pb_column][\/et_pb_row][et_pb_row _builder_version=&#8221;4.27.4&#8243; _module_preset=&#8221;default&#8221; background_image=&#8221;https:\/\/life-effect.org\/wp-content\/uploads\/2025\/10\/Streetpattern-01-light-green.png&#8221; custom_margin=&#8221;40px||40px||true|false&#8221; custom_padding=&#8221;60px|40px|60px|40px|true|true&#8221; border_radii=&#8221;on|30px|30px|30px|30px&#8221; border_width_all=&#8221;4px&#8221; border_color_all=&#8221;#FFC6ED&#8221; global_colors_info=&#8221;{}&#8221;][et_pb_column type=&#8221;4_4&#8243; _builder_version=&#8221;4.27.4&#8243; _module_preset=&#8221;default&#8221; global_colors_info=&#8221;{}&#8221;][et_pb_text _builder_version=&#8221;4.27.4&#8243; _module_preset=&#8221;default&#8221; text_font=&#8221;&#8211;et_global_heading_font|700|||||||&#8221; header_font=&#8221;&#8211;et_global_heading_font|700|||||||&#8221; header_text_align=&#8221;center&#8221; header_text_color=&#8221;gcid-body-color&#8221; header_font_size=&#8221;50px&#8221; global_colors_info=&#8221;{%22gcid-body-color%22:%91%22header_text_color%22%93}&#8221;]<\/p>\n<h1>Sprawd\u017a swoj\u0105 wiedz\u0119<\/h1>\n<p>[\/et_pb_text][et_pb_button button_url=&#8221;https:\/\/life-effect.org\/ets2-and-the-2040-climate-target-quiz\/&#8221; url_new_window=&#8221;on&#8221; button_text=&#8221;Rozwi\u0105\u017c quiz&#8221; button_alignment=&#8221;center&#8221; _builder_version=&#8221;4.27.4&#8243; _module_preset=&#8221;default&#8221; global_colors_info=&#8221;{}&#8221;][\/et_pb_button][\/et_pb_column][\/et_pb_row][et_pb_row column_structure=&#8221;1_2,1_2&#8243; _builder_version=&#8221;4.27.4&#8243; _module_preset=&#8221;default&#8221; global_colors_info=&#8221;{}&#8221;][et_pb_column type=&#8221;1_2&#8243; _builder_version=&#8221;4.27.4&#8243; _module_preset=&#8221;default&#8221; global_colors_info=&#8221;{}&#8221;][et_pb_button button_url=&#8221;https:\/\/life-effect.org\/pl\/rola-polityk-uzupelniajacych\/&#8221; button_text=&#8221;Rola polityk uzupe\u0142niaj\u0105cych&#8221; button_alignment=&#8221;left&#8221; _builder_version=&#8221;4.27.5&#8243; _module_preset=&#8221;default&#8221; button_text_color=&#8221;gcid-heading-color&#8221; button_bg_color=&#8221;RGBA(255,255,255,0)&#8221; button_bg_enable_image=&#8221;off&#8221; hover_enabled=&#8221;0&#8243; global_colors_info=&#8221;{%22gcid-heading-color%22:%91%22button_text_color%22%93}&#8221; sticky_enabled=&#8221;0&#8243;][\/et_pb_button][\/et_pb_column][et_pb_column type=&#8221;1_2&#8243; _builder_version=&#8221;4.27.4&#8243; _module_preset=&#8221;default&#8221; global_colors_info=&#8221;{}&#8221;][et_pb_button button_url=&#8221;https:\/\/life-effect.org\/pl\/moduly-szkoleniowe\/&#8221; button_text=&#8221;Wszystkie modu\u0142y&#8221; _builder_version=&#8221;4.27.5&#8243; _module_preset=&#8221;default&#8221; button_text_color=&#8221;gcid-heading-color&#8221; button_bg_color=&#8221;RGBA(255,255,255,0)&#8221; button_bg_enable_image=&#8221;off&#8221; hover_enabled=&#8221;0&#8243; global_colors_info=&#8221;{%22gcid-heading-color%22:%91%22button_text_color%22%93}&#8221; sticky_enabled=&#8221;0&#8243;][\/et_pb_button][\/et_pb_column][\/et_pb_row][\/et_pb_section]<\/p>\n","protected":false},"excerpt":{"rendered":"<p>ETS2 i cel klimatyczny na 2040 r.Bez ETS2 UE nie osi\u0105gnie swoich cel\u00f3w klimatycznych na 2040 i 2050 r. Zgodnie z unijnym prawem klimatycznym blok ten musi osi\u0105gn\u0105\u0107 neutralno\u015b\u0107 klimatyczn\u0105 do 2050 r. Do 2030 r. obowi\u0105zuje cel po\u015bredni, jakim jest osi\u0105gni\u0119cie 55-procentowej redukcji emisji gaz\u00f3w cieplarnianych w por\u00f3wnaniu z poziomami z 1990 r. W [&hellip;]<\/p>\n","protected":false},"author":20,"featured_media":0,"parent":0,"menu_order":0,"comment_status":"closed","ping_status":"closed","template":"","meta":{"_acf_changed":false,"_et_pb_use_builder":"on","_et_pb_old_content":"","_et_gb_content_width":"","_monsterinsights_skip_tracking":false,"_monsterinsights_sitenote_active":false,"_monsterinsights_sitenote_note":"","_monsterinsights_sitenote_category":0,"footnotes":""},"class_list":["post-408622","page","type-page","status-publish","hentry"],"acf":[],"yoast_head":"<!-- This site is optimized with the Yoast SEO plugin v27.5 - https:\/\/yoast.com\/product\/yoast-seo-wordpress\/ -->\n<title>ETS2 i cel klimatyczny na 2040 r. - LIFE Effect<\/title>\n<meta name=\"robots\" content=\"index, follow, max-snippet:-1, max-image-preview:large, max-video-preview:-1\" \/>\n<link rel=\"canonical\" href=\"https:\/\/life-effect.org\/pl\/ets2-i-cel-klimatyczny-na-2040-r\/\" \/>\n<meta property=\"og:locale\" content=\"pl_PL\" \/>\n<meta property=\"og:type\" content=\"article\" \/>\n<meta property=\"og:title\" content=\"ETS2 i cel klimatyczny na 2040 r. - LIFE Effect\" \/>\n<meta property=\"og:description\" content=\"ETS2 i cel klimatyczny na 2040 r.Bez ETS2 UE nie osi\u0105gnie swoich cel\u00f3w klimatycznych na 2040 i 2050 r. Zgodnie z unijnym prawem klimatycznym blok ten musi osi\u0105gn\u0105\u0107 neutralno\u015b\u0107 klimatyczn\u0105 do 2050 r. Do 2030 r. obowi\u0105zuje cel po\u015bredni, jakim jest osi\u0105gni\u0119cie 55-procentowej redukcji emisji gaz\u00f3w cieplarnianych w por\u00f3wnaniu z poziomami z 1990 r. W [&hellip;]\" \/>\n<meta property=\"og:url\" content=\"https:\/\/life-effect.org\/pl\/ets2-i-cel-klimatyczny-na-2040-r\/\" \/>\n<meta property=\"og:site_name\" content=\"LIFE Effect\" \/>\n<meta property=\"article:modified_time\" content=\"2026-02-04T16:24:54+00:00\" \/>\n<meta name=\"twitter:card\" content=\"summary_large_image\" \/>\n<meta name=\"twitter:label1\" content=\"Szacowany czas czytania\" \/>\n\t<meta name=\"twitter:data1\" content=\"5 minut\" \/>\n<script type=\"application\/ld+json\" class=\"yoast-schema-graph\">{\"@context\":\"https:\\\/\\\/schema.org\",\"@graph\":[{\"@type\":\"WebPage\",\"@id\":\"https:\\\/\\\/life-effect.org\\\/pl\\\/ets2-i-cel-klimatyczny-na-2040-r\\\/\",\"url\":\"https:\\\/\\\/life-effect.org\\\/pl\\\/ets2-i-cel-klimatyczny-na-2040-r\\\/\",\"name\":\"ETS2 i cel klimatyczny na 2040 r. - LIFE Effect\",\"isPartOf\":{\"@id\":\"https:\\\/\\\/life-effect.org\\\/pl\\\/#website\"},\"datePublished\":\"2025-11-13T10:11:32+00:00\",\"dateModified\":\"2026-02-04T16:24:54+00:00\",\"breadcrumb\":{\"@id\":\"https:\\\/\\\/life-effect.org\\\/pl\\\/ets2-i-cel-klimatyczny-na-2040-r\\\/#breadcrumb\"},\"inLanguage\":\"pl-PL\",\"potentialAction\":[{\"@type\":\"ReadAction\",\"target\":[\"https:\\\/\\\/life-effect.org\\\/pl\\\/ets2-i-cel-klimatyczny-na-2040-r\\\/\"]}]},{\"@type\":\"BreadcrumbList\",\"@id\":\"https:\\\/\\\/life-effect.org\\\/pl\\\/ets2-i-cel-klimatyczny-na-2040-r\\\/#breadcrumb\",\"itemListElement\":[{\"@type\":\"ListItem\",\"position\":1,\"name\":\"Home\",\"item\":\"https:\\\/\\\/life-effect.org\\\/pl\\\/\"},{\"@type\":\"ListItem\",\"position\":2,\"name\":\"ETS2 i cel klimatyczny na 2040 r.\"}]},{\"@type\":\"WebSite\",\"@id\":\"https:\\\/\\\/life-effect.org\\\/pl\\\/#website\",\"url\":\"https:\\\/\\\/life-effect.org\\\/pl\\\/\",\"name\":\"LIFE Effect\",\"description\":\"For carbon pricing that puts people and planet first\",\"potentialAction\":[{\"@type\":\"SearchAction\",\"target\":{\"@type\":\"EntryPoint\",\"urlTemplate\":\"https:\\\/\\\/life-effect.org\\\/pl\\\/?s={search_term_string}\"},\"query-input\":{\"@type\":\"PropertyValueSpecification\",\"valueRequired\":true,\"valueName\":\"search_term_string\"}}],\"inLanguage\":\"pl-PL\"}]}<\/script>\n<!-- \/ Yoast SEO plugin. -->","yoast_head_json":{"title":"ETS2 i cel klimatyczny na 2040 r. - LIFE Effect","robots":{"index":"index","follow":"follow","max-snippet":"max-snippet:-1","max-image-preview":"max-image-preview:large","max-video-preview":"max-video-preview:-1"},"canonical":"https:\/\/life-effect.org\/pl\/ets2-i-cel-klimatyczny-na-2040-r\/","og_locale":"pl_PL","og_type":"article","og_title":"ETS2 i cel klimatyczny na 2040 r. - LIFE Effect","og_description":"ETS2 i cel klimatyczny na 2040 r.Bez ETS2 UE nie osi\u0105gnie swoich cel\u00f3w klimatycznych na 2040 i 2050 r. Zgodnie z unijnym prawem klimatycznym blok ten musi osi\u0105gn\u0105\u0107 neutralno\u015b\u0107 klimatyczn\u0105 do 2050 r. Do 2030 r. obowi\u0105zuje cel po\u015bredni, jakim jest osi\u0105gni\u0119cie 55-procentowej redukcji emisji gaz\u00f3w cieplarnianych w por\u00f3wnaniu z poziomami z 1990 r. W [&hellip;]","og_url":"https:\/\/life-effect.org\/pl\/ets2-i-cel-klimatyczny-na-2040-r\/","og_site_name":"LIFE Effect","article_modified_time":"2026-02-04T16:24:54+00:00","twitter_card":"summary_large_image","twitter_misc":{"Szacowany czas czytania":"5 minut"},"schema":{"@context":"https:\/\/schema.org","@graph":[{"@type":"WebPage","@id":"https:\/\/life-effect.org\/pl\/ets2-i-cel-klimatyczny-na-2040-r\/","url":"https:\/\/life-effect.org\/pl\/ets2-i-cel-klimatyczny-na-2040-r\/","name":"ETS2 i cel klimatyczny na 2040 r. - LIFE Effect","isPartOf":{"@id":"https:\/\/life-effect.org\/pl\/#website"},"datePublished":"2025-11-13T10:11:32+00:00","dateModified":"2026-02-04T16:24:54+00:00","breadcrumb":{"@id":"https:\/\/life-effect.org\/pl\/ets2-i-cel-klimatyczny-na-2040-r\/#breadcrumb"},"inLanguage":"pl-PL","potentialAction":[{"@type":"ReadAction","target":["https:\/\/life-effect.org\/pl\/ets2-i-cel-klimatyczny-na-2040-r\/"]}]},{"@type":"BreadcrumbList","@id":"https:\/\/life-effect.org\/pl\/ets2-i-cel-klimatyczny-na-2040-r\/#breadcrumb","itemListElement":[{"@type":"ListItem","position":1,"name":"Home","item":"https:\/\/life-effect.org\/pl\/"},{"@type":"ListItem","position":2,"name":"ETS2 i cel klimatyczny na 2040 r."}]},{"@type":"WebSite","@id":"https:\/\/life-effect.org\/pl\/#website","url":"https:\/\/life-effect.org\/pl\/","name":"LIFE Effect","description":"For carbon pricing that puts people and planet first","potentialAction":[{"@type":"SearchAction","target":{"@type":"EntryPoint","urlTemplate":"https:\/\/life-effect.org\/pl\/?s={search_term_string}"},"query-input":{"@type":"PropertyValueSpecification","valueRequired":true,"valueName":"search_term_string"}}],"inLanguage":"pl-PL"}]}},"_links":{"self":[{"href":"https:\/\/life-effect.org\/pl\/wp-json\/wp\/v2\/pages\/408622","targetHints":{"allow":["GET"]}}],"collection":[{"href":"https:\/\/life-effect.org\/pl\/wp-json\/wp\/v2\/pages"}],"about":[{"href":"https:\/\/life-effect.org\/pl\/wp-json\/wp\/v2\/types\/page"}],"author":[{"embeddable":true,"href":"https:\/\/life-effect.org\/pl\/wp-json\/wp\/v2\/users\/20"}],"replies":[{"embeddable":true,"href":"https:\/\/life-effect.org\/pl\/wp-json\/wp\/v2\/comments?post=408622"}],"version-history":[{"count":3,"href":"https:\/\/life-effect.org\/pl\/wp-json\/wp\/v2\/pages\/408622\/revisions"}],"predecessor-version":[{"id":408718,"href":"https:\/\/life-effect.org\/pl\/wp-json\/wp\/v2\/pages\/408622\/revisions\/408718"}],"wp:attachment":[{"href":"https:\/\/life-effect.org\/pl\/wp-json\/wp\/v2\/media?parent=408622"}],"curies":[{"name":"wp","href":"https:\/\/api.w.org\/{rel}","templated":true}]}}