{"id":408647,"date":"2025-11-13T10:35:11","date_gmt":"2025-11-13T09:35:11","guid":{"rendered":"https:\/\/life-effect.org\/spoleczny-fundusz-klimatyczny\/"},"modified":"2026-03-11T11:13:04","modified_gmt":"2026-03-11T10:13:04","slug":"spoleczny-fundusz-klimatyczny","status":"publish","type":"page","link":"https:\/\/life-effect.org\/pl\/spoleczny-fundusz-klimatyczny\/","title":{"rendered":"Spo\u0142eczny Fundusz Klimatyczny"},"content":{"rendered":"<p>[et_pb_section fb_built=&#8221;1&#8243; _builder_version=&#8221;4.27.4&#8243; _module_preset=&#8221;default&#8221; background_color=&#8221;#F0EFEE&#8221; background_image=&#8221;https:\/\/life-effect.org\/wp-content\/uploads\/2025\/10\/Life-effect-background-02-sky.png&#8221; background_position=&#8221;top_left&#8221; min_height=&#8221;2598.4px&#8221; custom_padding=&#8221;163px|||0px||&#8221; global_colors_info=&#8221;{}&#8221;][et_pb_row _builder_version=&#8221;4.27.4&#8243; _module_preset=&#8221;default&#8221; width=&#8221;91.5%&#8221; module_alignment=&#8221;center&#8221; min_height=&#8221;157.3px&#8221; custom_margin=&#8221;0px|auto|-55px|180px|false|false&#8221; custom_padding=&#8221;||0px|||&#8221; global_colors_info=&#8221;{}&#8221;][et_pb_column type=&#8221;4_4&#8243; _builder_version=&#8221;4.27.4&#8243; _module_preset=&#8221;default&#8221; global_colors_info=&#8221;{}&#8221;][et_pb_text content_tablet=&#8221;<\/p>\n<p>Czym jest ETS2?<\/p>\n<p>Jak dzia\u0142a ETS2?What is ETS2?<\/p>\n<p>&#8221; content_phone=&#8221;<\/p>\n<p>Czym jest ETS2?<\/p>\n<p>Jak dzia\u0142a ETS2?What is ETS2?<\/p>\n<p>&#8221; content_last_edited=&#8221;on|phone&#8221; _builder_version=&#8221;4.27.4&#8243; _module_preset=&#8221;default&#8221; text_font=&#8221;&#8211;et_global_heading_font|700|||||||&#8221; text_font_size=&#8221;50px&#8221; min_height=&#8221;124.8px&#8221; custom_padding=&#8221;||93px|||&#8221; text_line_height_tablet=&#8221;1.7em&#8221; text_line_height_phone=&#8221;1em&#8221; text_line_height_last_edited=&#8221;on|tablet&#8221; global_colors_info=&#8221;{}&#8221;]<\/p>\n<p style=\"text-align: left\">Spo\u0142eczny Fundusz Klimatyczny<\/p>\n<p>[\/et_pb_text][\/et_pb_column][\/et_pb_row][et_pb_row _builder_version=&#8221;4.27.4&#8243; _module_preset=&#8221;default&#8221; custom_margin=&#8221;||20px||false|false&#8221; global_colors_info=&#8221;{}&#8221;][et_pb_column type=&#8221;4_4&#8243; _builder_version=&#8221;4.27.4&#8243; _module_preset=&#8221;default&#8221; global_colors_info=&#8221;{}&#8221;][et_pb_video src=&#8221;https:\/\/youtu.be\/i58MmFMOj0M?si=_qj-URzwg2NaLQMg&#8221; _builder_version=&#8221;4.27.4&#8243; _module_preset=&#8221;default&#8221; global_colors_info=&#8221;{}&#8221;][\/et_pb_video][\/et_pb_column][\/et_pb_row][et_pb_row _builder_version=&#8221;4.27.4&#8243; _module_preset=&#8221;default&#8221; custom_padding=&#8221;||0px|||&#8221; global_colors_info=&#8221;{}&#8221;][et_pb_column type=&#8221;4_4&#8243; _builder_version=&#8221;4.27.4&#8243; _module_preset=&#8221;default&#8221; global_colors_info=&#8221;{}&#8221;][et_pb_blurb content_max_width=&#8221;100%&#8221; admin_label=&#8221;FContent V20 &#8211; Five &#8211; Empowering businesses across industries&#8221; module_class=&#8221;fc5_blurb&#8221; _builder_version=&#8221;4.27.5&#8243; _module_preset=&#8221;default&#8221; header_font=&#8221;Sofia Sans|600|||||||&#8221; header_text_color=&#8221;#FFFFFF&#8221; header_font_size=&#8221;18px&#8221; header_line_height=&#8221;100%&#8221; body_font=&#8221;Sofia Sans||||||||&#8221; body_text_color=&#8221;gcid-heading-color&#8221; width=&#8221;100%&#8221; min_height=&#8221;105.5px&#8221; custom_margin=&#8221;-26px||0px||false|false&#8221; custom_padding=&#8221;0px||0px|0px|false|false&#8221; animation=&#8221;off&#8221; header_font_size_tablet=&#8221;18px&#8221; header_font_size_phone=&#8221;16px&#8221; header_font_size_last_edited=&#8221;on|phone&#8221; custom_css_blurb_title=&#8221;padding-bottom:18px;&#8221; custom_css_blurb_content=&#8221;font-weight:400;&#8221; inline_fonts=&#8221;Sofia Sans&#8221; global_colors_info=&#8221;{%22gcid-heading-color%22:%91%22body_text_color%22%93}&#8221; custom_css_blurb_title_last_edited=&#8221;on|phone&#8221; custom_css_blurb_title_tablet=&#8221;padding-top: 20px;||padding-bottom: 20px;&#8221; custom_css_blurb_title_phone=&#8221;padding-top: 20px;||padding-bottom: 20px;&#8221;]<\/p>\n<p>&nbsp;<\/p>\n<p><a href=\"https:\/\/life-effect.org\/wp-content\/uploads\/2026\/02\/PL-Spoleczny-Fundusz-Klimatyczny.pdf\" title=\"Pobierz rozdzia\u0142 \"><strong>Pobierz rozdzia\u0142 <\/strong><\/a><\/p>\n<p>[\/et_pb_blurb][\/et_pb_column][\/et_pb_row][et_pb_row _builder_version=&#8221;4.27.4&#8243; _module_preset=&#8221;default&#8221; custom_margin=&#8221;0px||0px||true|true&#8221; global_colors_info=&#8221;{}&#8221;][et_pb_column type=&#8221;4_4&#8243; _builder_version=&#8221;4.27.4&#8243; _module_preset=&#8221;default&#8221; global_colors_info=&#8221;{}&#8221;][et_pb_accordion open_toggle_text_color=&#8221;gcid-heading-color&#8221; open_toggle_background_color=&#8221;#B7DA9D&#8221; closed_toggle_background_color=&#8221;#B7DA9D&#8221; toggle_icon=&#8221;&#xe050;||divi||400&#8243; icon_color=&#8221;gcid-heading-color&#8221; use_icon_font_size=&#8221;on&#8221; icon_font_size=&#8221;32px&#8221; _builder_version=&#8221;4.27.5&#8243; _module_preset=&#8221;default&#8221; toggle_text_color=&#8221;gcid-heading-color&#8221; toggle_level=&#8221;h1&#8243; toggle_font_size=&#8221;30px&#8221; toggle_letter_spacing=&#8221;0.5px&#8221; closed_toggle_font_size=&#8221;30px&#8221; body_font=&#8221;Sofia Sans||||||||&#8221; hover_enabled=&#8221;0&#8243; border_radii=&#8221;on|20px|20px|20px|20px&#8221; border_width_all=&#8221;3px&#8221; border_color_all=&#8221;gcid-heading-color&#8221; global_colors_info=&#8221;{%22gcid-heading-color%22:%91%22open_toggle_text_color%22,%22toggle_text_color%22,%22border_color_all%22,%22icon_color%22%93}&#8221; sticky_enabled=&#8221;0&#8243;][et_pb_accordion_item title=&#8221;Finansowanie Spo\u0142ecznego Funduszu Klimatycznego &#8221; open=&#8221;on&#8221; _builder_version=&#8221;4.27.4&#8243; _module_preset=&#8221;default&#8221; global_colors_info=&#8221;{}&#8221; toggle_level=&#8221;h1&#8243; toggle_font=&#8221;|700|||||||&#8221;]<span style=\"font-weight: 400\">W wyniku wzrostu koszt\u00f3w paliwa i transportu spowodowanego przez ETS2, utworzono Spo\u0142eczny Fundusz Klimatyczny (SFK) jako odpowied\u017a na negatywne skutki spowodowane przez ETS2. SFK jest pierwszym funduszem UE utworzonym w wyra\u017anym celu z\u0142agodzenia potencjalnego ub\u00f3stwa energetycznego i transportowego wynikaj\u0105cego z odej\u015bcia od paliw kopalnych. W latach 2026\u20132032 fundusz przeka\u017ce 65 mld euro w postaci ukierunkowanego wsparcia wszystkim pa\u0144stwom cz\u0142onkowskim UE. Poniewa\u017c SFK rozpocznie rozdzielanie \u015brodk\u00f3w w 2026 r., rok przed rozpocz\u0119ciem ETS2, fundusz ten jest finansowany z 50 mln uprawnie\u0144 z ETS1 i 150 mln uprawnie\u0144 z ETS2, do warto\u015bci limitu wynosz\u0105cego 65 mld euro. 25% finansowania projekt\u00f3w w ramach plan\u00f3w spo\u0142eczno-klimatycznych musi pochodzi\u0107 od pa\u0144stw cz\u0142onkowskich, co daje \u0142\u0105czn\u0105 kwot\u0119 dost\u0119pnych \u015brodk\u00f3w SFK w wysoko\u015bci 86,7 mld euro. Pa\u0144stwa cz\u0142onkowskie mog\u0105 wsp\u00f3\u0142finansowa\u0107 plany z wykorzystaniem dochod\u00f3w z ETS2 i zwi\u0119kszy\u0107 stop\u0119 wsp\u00f3\u0142finansowania powy\u017cej 25%.      <\/span><br \/>\n[\/et_pb_accordion_item][et_pb_accordion_item title=&#8221;Przydzia\u0142 SFK&#8221; _builder_version=&#8221;4.27.4&#8243; _module_preset=&#8221;default&#8221; global_colors_info=&#8221;{}&#8221; toggle_level=&#8221;h1&#8243; toggle_font=&#8221;|700|||||||&#8221; open=&#8221;off&#8221;]Ka\u017cde pa\u0144stwo cz\u0142onkowskie otrzymuje przydzia\u0142 SFK na podstawie oceny potrzeb, kt\u00f3ra uwzgl\u0119dnia odsetek ludno\u015bci zagro\u017conej ub\u00f3stwem na obszarach wiejskich, emisje CO2<span style=\"font-weight: 400\"> z paliw w gospodarstwach domowych, domy zagro\u017cone ub\u00f3stwem z zaleg\u0142o\u015bciami w op\u0142atach za media, ca\u0142kowit\u0105 liczb\u0119 ludno\u015bci oraz PKB na mieszka\u0144ca. W rezultacie najwi\u0119cej \u015brodk\u00f3w otrzymaj\u0105 Polska (17,6% bud\u017cetu SFK), Francja (11,2%), W\u0142ochy (10,8%), Hiszpania (10,5%) i Rumunia (9,3%). W SFK wbudowany jest mechanizm solidarno\u015bciowy, poniewa\u017c pa\u0144stwa cz\u0142onkowskie o wi\u0119kszych potrzebach otrzymaj\u0105 proporcjonalnie wi\u0119cej \u015brodk\u00f3w w por\u00f3wnaniu z cen\u0105 ETS2, kt\u00f3r\u0105 p\u0142ac\u0105. Na przyk\u0142ad Bu\u0142garia jest beneficjentem netto funduszu, otrzymuj\u0105c wi\u0119ksz\u0105 alokacj\u0119 \u015brodk\u00f3w w stosunku do swojego udzia\u0142u w emisjach.   <\/span><br \/>\n[\/et_pb_accordion_item][et_pb_accordion_item title=&#8221;Wydatkowanie \u015brodk\u00f3w ze Spo\u0142ecznego Funduszu Klimatycznego&#8221; _builder_version=&#8221;4.27.4&#8243; _module_preset=&#8221;default&#8221; global_colors_info=&#8221;{}&#8221; toggle_level=&#8221;h1&#8243; toggle_font=&#8221;|700|||||||&#8221; open=&#8221;off&#8221;]<span style=\"font-weight: 400\">\u015arodki z SFK mog\u0105 by\u0107 wydatkowane na zielone inwestycje w celu zwi\u0119kszenia przyst\u0119pno\u015bci cenowej i dost\u0119pno\u015bci redukcji emisji. Zielone inwestycje mog\u0105 obejmowa\u0107 renowacje energooszcz\u0119dne, dekarbonizacj\u0119 system\u00f3w ogrzewania i ch\u0142odzenia, pojazdy bezemisyjne oraz tworzenie spo\u0142eczno\u015bci energetycznych. Pa\u0144stwa cz\u0142onkowskie mog\u0105 tworzy\u0107 zach\u0119ty podatkowe lub wsparcie finansowe w celu zwi\u0119kszenia przyst\u0119pno\u015bci cenowej pojazd\u00f3w bezemisyjnych i rower\u00f3w lub modernizacji infrastruktury. Rozporz\u0105dzenie w sprawie SFK wyra\u017anie wspomina o rozwoju rynku u\u017cywanych pojazd\u00f3w bezemisyjnych, zach\u0119caniu do korzystania z przyst\u0119pnego cenowo i dost\u0119pnego transportu publicznego oraz wspieraniu podmiot\u00f3w prywatnych i publicznych w zapewnianiu zr\u00f3wnowa\u017conej mobilno\u015bci na \u017c\u0105danie, us\u0142ug wsp\u00f3lnej mobilno\u015bci i aktywnych opcji mobilno\u015bci.   <\/span><\/p>\n<p><span style=\"font-weight: 400\">Ograniczona kwota, wynosz\u0105ca maksymalnie 37,5 % funduszu, mo\u017ce zosta\u0107 przeznaczona na tymczasowe bezpo\u015brednie wsparcie dochod\u00f3w, poniewa\u017c wiele inwestycji, takich jak renowacja domu lub modernizacja infrastruktury transportu publicznego, mo\u017ce trwa\u0107 wiele lat. W tym czasie gospodarstwa domowe znajduj\u0105ce si\u0119 w trudnej sytuacji, zale\u017cne od wsparcia publicznego na te inwestycje, s\u0105 nara\u017cone na wp\u0142yw ceny emisji dwutlenku w\u0119gla i mog\u0105 potrzebowa\u0107 wsparcia finansowego. <\/span><\/p>\n<p><span style=\"font-weight: 400\">Kolejne 2,5% jest dost\u0119pne na przeprowadzenie konsultacji spo\u0142ecznych, dzia\u0142ania komunikacyjne, przeprowadzenie bada\u0144 lub zapewnienie pomocy technicznej i budowanie potencja\u0142u organ\u00f3w wdra\u017caj\u0105cych. Kategoria ta mo\u017ce obejmowa\u0107 szkolenia maj\u0105ce na celu zapewnienie w\u0142a\u015bciwego zarz\u0105dzania funduszem i osi\u0105gni\u0119cie jego cel\u00f3w lub utworzenie \u201epunkt\u00f3w kompleksowej obs\u0142ugi\u201d, aby pom\u00f3c obywatelom w pokonaniu trudno\u015bci zwi\u0105zanych z korzystaniem z program\u00f3w rz\u0105dowych dotycz\u0105cych modernizacji dom\u00f3w. <\/span><br \/>\n[\/et_pb_accordion_item][et_pb_accordion_item title=&#8221;Proces powstawania planu spo\u0142eczno-klimatycznego&#8221; _builder_version=&#8221;4.27.5&#8243; _module_preset=&#8221;default&#8221; hover_enabled=&#8221;0&#8243; global_colors_info=&#8221;{}&#8221; toggle_level=&#8221;h1&#8243; toggle_font=&#8221;|700|||||||&#8221; open=&#8221;off&#8221; sticky_enabled=&#8221;0&#8243;]<\/p>\n<p><span style=\"font-weight: 400\">Pa\u0144stwa cz\u0142onkowskie mog\u0105 uzyska\u0107 dost\u0119p do funduszy z SFK poprzez przed\u0142o\u017cenie krajowych plan\u00f3w spo\u0142eczno-klimatycznych (PSK), kt\u00f3re mia\u0142y zosta\u0107 z\u0142o\u017cone w czerwcu 2025 r., a termin ten dotrzyma\u0142y tylko Szwecja i \u0141otwa. Plany PSK musz\u0105 zosta\u0107 zatwierdzone przez Komisj\u0119 Europejsk\u0105 po przeprowadzeniu obowi\u0105zkowego procesu konsultacji z w\u0142adzami lokalnymi i regionalnymi, przedstawicielami partner\u00f3w gospodarczych i spo\u0142ecznych, spo\u0142ecze\u0144stwem obywatelskim i organizacjami m\u0142odzie\u017cowymi, a tak\u017ce innymi zainteresowanymi stronami. Po z\u0142o\u017ceniu planu Komisja ma dwa miesi\u0105ce na uzyskanie dodatkowych informacji lub zg\u0142oszenie uwag, a nast\u0119pnie pa\u0144stwo cz\u0142onkowskie mo\u017ce w razie potrzeby zmieni\u0107 plan. Plany s\u0105 oceniane pod k\u0105tem ich znaczenia, skuteczno\u015bci, efektywno\u015bci i sp\u00f3jno\u015bci. <\/span><\/p>\n<p><span style=\"font-weight: 400\">Ostateczna decyzja jest podejmowana w ci\u0105gu pi\u0119ciu miesi\u0119cy od z\u0142o\u017cenia planu. Pozytywna ocena prowadzi do wydania przez KE aktu prawnego zawieraj\u0105cego wszystkie informacje zwi\u0105zane z realizacj\u0105 PSK, w tym maksymaln\u0105 alokacj\u0119 \u015brodk\u00f3w finansowych i wk\u0142ad krajowy. Wyp\u0142ata \u015brodk\u00f3w finansowych jest uzale\u017cniona od osi\u0105gni\u0119cia kamieni milowych i cel\u00f3w okre\u015blonych w planie. Pa\u0144stwa cz\u0142onkowskie mog\u0105 wnioskowa\u0107 o wyp\u0142at\u0119 \u015brodk\u00f3w dwa razy w roku, przy czym pierwsze wyp\u0142aty rozpoczn\u0105 si\u0119 w 2026 r. Pa\u0144stwa cz\u0142onkowskie s\u0105 zobowi\u0105zane do zmiany swoich PSK, je\u017celi nie s\u0105 one ju\u017c mo\u017cliwe do osi\u0105gni\u0119cia lub wymagaj\u0105 znacznych korekt. Komisja mo\u017ce odrzuci\u0107 zmieniony plan po umo\u017cliwieniu pa\u0144stwu cz\u0142onkowskiemu przedstawienia swoich ustale\u0144 i wyja\u015bnienia rozbie\u017cno\u015bci. <\/span><\/p>\n<p><span style=\"font-weight: 400\">Plan klimatyczny dla ka\u017cdego pa\u0144stwa cz\u0142onkowskiego musi zawiera\u0107: <\/span><\/p>\n<ul>\n<li><span style=\"font-weight: 400\"> Szacunkowe przewidywane skutki wzrostu cen wynikaj\u0105cych z wprowadzenia ETS2, w szczeg\u00f3lno\u015bci w odniesieniu do ub\u00f3stwa energetycznego i transportowego.<\/span><\/li>\n<\/ul>\n<p>&nbsp;<\/p>\n<ul>\n<li><span style=\"font-weight: 400\"> Szacunkow\u0105 liczb\u0119 i identyfikacj\u0119 gospodarstw domowych, mikroprzedsi\u0119biorstw i u\u017cytkownik\u00f3w transportu (zar\u00f3wno transportu publicznego, jak i prywatnych pojazd\u00f3w) znajduj\u0105cych si\u0119 w trudnej sytuacji.<\/span><\/li>\n<\/ul>\n<p>&nbsp;<\/p>\n<ul>\n<li><span style=\"font-weight: 400\"> Konkretne dzia\u0142ania i inwestycje planowane w celu ograniczenia negatywnych skutk\u00f3w wzrostu cen dla tych grup docelowych, w tym tymczasowe wsparcie dochod\u00f3w i d\u0142ugoterminowe \u015brodki na rzecz dekarbonizacji.<\/span><\/li>\n<\/ul>\n<p>&nbsp;<\/p>\n<ul>\n<li><span style=\"font-weight: 400\"> Kamienie milowe, cele i wska\u017aniki s\u0142u\u017c\u0105ce do \u015bledzenia realizacji i zako\u0144czenia do po\u0142owy 2032 r. <\/span><\/li>\n<\/ul>\n<p>&nbsp;<\/p>\n<ul>\n<li><span style=\"font-weight: 400\"> Koszty planu oraz wyja\u015bnienie, w jaki spos\u00f3b zapewniona jest op\u0142acalno\u015b\u0107 ekonomiczna. <\/span><\/li>\n<\/ul>\n<p>&nbsp;<\/p>\n<ul>\n<li><span style=\"font-weight: 400\"> Wyja\u015bnienie, w jaki spos\u00f3b plan jest zgodny z zasad\u0105 \u201enie wyrz\u0105dzania znacz\u0105cej szkody\u201d (DNSH). <\/span><\/li>\n<\/ul>\n<p>&nbsp;<\/p>\n<ul>\n<li><span style=\"font-weight: 400\"> Szczeg\u00f3\u0142owe informacje na temat proces\u00f3w konsultacji spo\u0142ecznych wykorzystanych do opracowania planu. Nale\u017cy przeprowadzi\u0107 konsultacje spo\u0142eczne z w\u0142adzami lokalnymi i regionalnymi, przedstawicielami partner\u00f3w gospodarczych i spo\u0142ecznych, odpowiednimi organizacjami spo\u0142ecze\u0144stwa obywatelskiego, organizacjami m\u0142odzie\u017cowymi i innymi zainteresowanymi stronami. Sam plan musi zawiera\u0107 podsumowanie takich konsultacji, kt\u00f3re zostan\u0105 uwzgl\u0119dnione w ocenie Komisji. <\/span><\/li>\n<\/ul>\n<p>&nbsp;<\/p>\n<p>[\/et_pb_accordion_item][\/et_pb_accordion][\/et_pb_column][\/et_pb_row][et_pb_row _builder_version=&#8221;4.27.4&#8243; _module_preset=&#8221;default&#8221; background_image=&#8221;https:\/\/life-effect.org\/wp-content\/uploads\/2025\/10\/Streetpattern-01-light-green.png&#8221; custom_margin=&#8221;40px||40px||true|false&#8221; custom_padding=&#8221;60px|40px|60px|40px|true|true&#8221; border_radii=&#8221;on|30px|30px|30px|30px&#8221; border_width_all=&#8221;4px&#8221; border_color_all=&#8221;#FFC6ED&#8221; global_colors_info=&#8221;{}&#8221;][et_pb_column type=&#8221;4_4&#8243; _builder_version=&#8221;4.27.4&#8243; _module_preset=&#8221;default&#8221; global_colors_info=&#8221;{}&#8221;][et_pb_text _builder_version=&#8221;4.27.4&#8243; _module_preset=&#8221;default&#8221; text_font=&#8221;&#8211;et_global_heading_font|700|||||||&#8221; header_font=&#8221;&#8211;et_global_heading_font|700|||||||&#8221; header_text_align=&#8221;center&#8221; header_text_color=&#8221;gcid-body-color&#8221; header_font_size=&#8221;50px&#8221; global_colors_info=&#8221;{%22gcid-body-color%22:%91%22header_text_color%22%93}&#8221;]<\/p>\n<h1>Co wiesz o <\/h1>\n<h1>Spo\u0142ecznym Funduszu Klimatycznym?<\/h1>\n<p>[\/et_pb_text][et_pb_button button_url=&#8221;https:\/\/life-effect.org\/social-climate-fund-quiz\/&#8221; url_new_window=&#8221;on&#8221; button_text=&#8221;Rozwi\u0105\u017c quiz&#8221; button_alignment=&#8221;center&#8221; _builder_version=&#8221;4.27.4&#8243; _module_preset=&#8221;default&#8221; global_colors_info=&#8221;{}&#8221;][\/et_pb_button][\/et_pb_column][\/et_pb_row][et_pb_row column_structure=&#8221;1_2,1_2&#8243; _builder_version=&#8221;4.27.4&#8243; _module_preset=&#8221;default&#8221; global_colors_info=&#8221;{}&#8221;][et_pb_column type=&#8221;1_2&#8243; _builder_version=&#8221;4.27.4&#8243; _module_preset=&#8221;default&#8221; global_colors_info=&#8221;{}&#8221;][et_pb_button button_url=&#8221;https:\/\/life-effect.org\/pl\/czym-jest-ets2-jak-dziala-ets2\/&#8221; button_text=&#8221; Czym jest ETS2?&#8221; button_alignment=&#8221;left&#8221; _builder_version=&#8221;4.27.4&#8243; _module_preset=&#8221;default&#8221; button_text_color=&#8221;gcid-heading-color&#8221; button_bg_color=&#8221;RGBA(255,255,255,0)&#8221; button_bg_enable_image=&#8221;off&#8221; global_colors_info=&#8221;{%22gcid-heading-color%22:%91%22button_text_color%22%93}&#8221;][\/et_pb_button][\/et_pb_column][et_pb_column type=&#8221;1_2&#8243; _builder_version=&#8221;4.27.4&#8243; _module_preset=&#8221;default&#8221; global_colors_info=&#8221;{}&#8221;][et_pb_button button_url=&#8221;https:\/\/life-effect.org\/pl\/rozwazania-dotyczace-wydatkow-z-tytulu-przychodow-ets2\/&#8221; button_text=&#8221; Rozwa\u017cania dotycz\u0105ce wydatk\u00f3w z tytu\u0142u przychod\u00f3w ETS2&#8243; _builder_version=&#8221;4.27.4&#8243; _module_preset=&#8221;default&#8221; button_text_color=&#8221;gcid-heading-color&#8221; button_bg_color=&#8221;RGBA(255,255,255,0)&#8221; button_bg_enable_image=&#8221;off&#8221; global_colors_info=&#8221;{%22gcid-heading-color%22:%91%22button_text_color%22%93}&#8221;][\/et_pb_button][\/et_pb_column][\/et_pb_row][\/et_pb_section]<\/p>\n","protected":false},"excerpt":{"rendered":"<p>Spo\u0142eczny Fundusz Klimatyczny &nbsp; Pobierz rozdzia\u0142 W wyniku wzrostu koszt\u00f3w paliwa i transportu spowodowanego przez ETS2, utworzono Spo\u0142eczny Fundusz Klimatyczny (SFK) jako odpowied\u017a na negatywne skutki spowodowane przez ETS2. SFK jest pierwszym funduszem UE utworzonym w wyra\u017anym celu z\u0142agodzenia potencjalnego ub\u00f3stwa energetycznego i transportowego wynikaj\u0105cego z odej\u015bcia od paliw kopalnych. W latach 2026\u20132032 fundusz przeka\u017ce [&hellip;]<\/p>\n","protected":false},"author":20,"featured_media":0,"parent":0,"menu_order":0,"comment_status":"closed","ping_status":"closed","template":"","meta":{"_acf_changed":false,"_et_pb_use_builder":"on","_et_pb_old_content":"","_et_gb_content_width":"","_monsterinsights_skip_tracking":false,"_monsterinsights_sitenote_active":false,"_monsterinsights_sitenote_note":"","_monsterinsights_sitenote_category":0,"footnotes":""},"class_list":["post-408647","page","type-page","status-publish","hentry"],"acf":[],"yoast_head":"<!-- This site is optimized with the Yoast SEO plugin v27.5 - https:\/\/yoast.com\/product\/yoast-seo-wordpress\/ -->\n<title>Spo\u0142eczny Fundusz Klimatyczny - LIFE Effect<\/title>\n<meta name=\"robots\" content=\"index, follow, max-snippet:-1, max-image-preview:large, max-video-preview:-1\" \/>\n<link rel=\"canonical\" href=\"https:\/\/life-effect.org\/pl\/spoleczny-fundusz-klimatyczny\/\" \/>\n<meta property=\"og:locale\" content=\"pl_PL\" \/>\n<meta property=\"og:type\" content=\"article\" \/>\n<meta property=\"og:title\" content=\"Spo\u0142eczny Fundusz Klimatyczny - LIFE Effect\" \/>\n<meta property=\"og:description\" content=\"Spo\u0142eczny Fundusz Klimatyczny &nbsp; Pobierz rozdzia\u0142 W wyniku wzrostu koszt\u00f3w paliwa i transportu spowodowanego przez ETS2, utworzono Spo\u0142eczny Fundusz Klimatyczny (SFK) jako odpowied\u017a na negatywne skutki spowodowane przez ETS2. SFK jest pierwszym funduszem UE utworzonym w wyra\u017anym celu z\u0142agodzenia potencjalnego ub\u00f3stwa energetycznego i transportowego wynikaj\u0105cego z odej\u015bcia od paliw kopalnych. W latach 2026\u20132032 fundusz przeka\u017ce [&hellip;]\" \/>\n<meta property=\"og:url\" content=\"https:\/\/life-effect.org\/pl\/spoleczny-fundusz-klimatyczny\/\" \/>\n<meta property=\"og:site_name\" content=\"LIFE Effect\" \/>\n<meta property=\"article:modified_time\" content=\"2026-03-11T10:13:04+00:00\" \/>\n<meta name=\"twitter:card\" content=\"summary_large_image\" \/>\n<meta name=\"twitter:label1\" content=\"Szacowany czas czytania\" \/>\n\t<meta name=\"twitter:data1\" content=\"10 minut\" \/>\n<script type=\"application\/ld+json\" class=\"yoast-schema-graph\">{\"@context\":\"https:\\\/\\\/schema.org\",\"@graph\":[{\"@type\":\"WebPage\",\"@id\":\"https:\\\/\\\/life-effect.org\\\/pl\\\/spoleczny-fundusz-klimatyczny\\\/\",\"url\":\"https:\\\/\\\/life-effect.org\\\/pl\\\/spoleczny-fundusz-klimatyczny\\\/\",\"name\":\"Spo\u0142eczny Fundusz Klimatyczny - LIFE Effect\",\"isPartOf\":{\"@id\":\"https:\\\/\\\/life-effect.org\\\/pl\\\/#website\"},\"datePublished\":\"2025-11-13T09:35:11+00:00\",\"dateModified\":\"2026-03-11T10:13:04+00:00\",\"breadcrumb\":{\"@id\":\"https:\\\/\\\/life-effect.org\\\/pl\\\/spoleczny-fundusz-klimatyczny\\\/#breadcrumb\"},\"inLanguage\":\"pl-PL\",\"potentialAction\":[{\"@type\":\"ReadAction\",\"target\":[\"https:\\\/\\\/life-effect.org\\\/pl\\\/spoleczny-fundusz-klimatyczny\\\/\"]}]},{\"@type\":\"BreadcrumbList\",\"@id\":\"https:\\\/\\\/life-effect.org\\\/pl\\\/spoleczny-fundusz-klimatyczny\\\/#breadcrumb\",\"itemListElement\":[{\"@type\":\"ListItem\",\"position\":1,\"name\":\"Home\",\"item\":\"https:\\\/\\\/life-effect.org\\\/pl\\\/\"},{\"@type\":\"ListItem\",\"position\":2,\"name\":\"Spo\u0142eczny Fundusz Klimatyczny\"}]},{\"@type\":\"WebSite\",\"@id\":\"https:\\\/\\\/life-effect.org\\\/pl\\\/#website\",\"url\":\"https:\\\/\\\/life-effect.org\\\/pl\\\/\",\"name\":\"LIFE Effect\",\"description\":\"For carbon pricing that puts people and planet first\",\"potentialAction\":[{\"@type\":\"SearchAction\",\"target\":{\"@type\":\"EntryPoint\",\"urlTemplate\":\"https:\\\/\\\/life-effect.org\\\/pl\\\/?s={search_term_string}\"},\"query-input\":{\"@type\":\"PropertyValueSpecification\",\"valueRequired\":true,\"valueName\":\"search_term_string\"}}],\"inLanguage\":\"pl-PL\"}]}<\/script>\n<!-- \/ Yoast SEO plugin. -->","yoast_head_json":{"title":"Spo\u0142eczny Fundusz Klimatyczny - LIFE Effect","robots":{"index":"index","follow":"follow","max-snippet":"max-snippet:-1","max-image-preview":"max-image-preview:large","max-video-preview":"max-video-preview:-1"},"canonical":"https:\/\/life-effect.org\/pl\/spoleczny-fundusz-klimatyczny\/","og_locale":"pl_PL","og_type":"article","og_title":"Spo\u0142eczny Fundusz Klimatyczny - LIFE Effect","og_description":"Spo\u0142eczny Fundusz Klimatyczny &nbsp; Pobierz rozdzia\u0142 W wyniku wzrostu koszt\u00f3w paliwa i transportu spowodowanego przez ETS2, utworzono Spo\u0142eczny Fundusz Klimatyczny (SFK) jako odpowied\u017a na negatywne skutki spowodowane przez ETS2. SFK jest pierwszym funduszem UE utworzonym w wyra\u017anym celu z\u0142agodzenia potencjalnego ub\u00f3stwa energetycznego i transportowego wynikaj\u0105cego z odej\u015bcia od paliw kopalnych. W latach 2026\u20132032 fundusz przeka\u017ce [&hellip;]","og_url":"https:\/\/life-effect.org\/pl\/spoleczny-fundusz-klimatyczny\/","og_site_name":"LIFE Effect","article_modified_time":"2026-03-11T10:13:04+00:00","twitter_card":"summary_large_image","twitter_misc":{"Szacowany czas czytania":"10 minut"},"schema":{"@context":"https:\/\/schema.org","@graph":[{"@type":"WebPage","@id":"https:\/\/life-effect.org\/pl\/spoleczny-fundusz-klimatyczny\/","url":"https:\/\/life-effect.org\/pl\/spoleczny-fundusz-klimatyczny\/","name":"Spo\u0142eczny Fundusz Klimatyczny - LIFE Effect","isPartOf":{"@id":"https:\/\/life-effect.org\/pl\/#website"},"datePublished":"2025-11-13T09:35:11+00:00","dateModified":"2026-03-11T10:13:04+00:00","breadcrumb":{"@id":"https:\/\/life-effect.org\/pl\/spoleczny-fundusz-klimatyczny\/#breadcrumb"},"inLanguage":"pl-PL","potentialAction":[{"@type":"ReadAction","target":["https:\/\/life-effect.org\/pl\/spoleczny-fundusz-klimatyczny\/"]}]},{"@type":"BreadcrumbList","@id":"https:\/\/life-effect.org\/pl\/spoleczny-fundusz-klimatyczny\/#breadcrumb","itemListElement":[{"@type":"ListItem","position":1,"name":"Home","item":"https:\/\/life-effect.org\/pl\/"},{"@type":"ListItem","position":2,"name":"Spo\u0142eczny Fundusz Klimatyczny"}]},{"@type":"WebSite","@id":"https:\/\/life-effect.org\/pl\/#website","url":"https:\/\/life-effect.org\/pl\/","name":"LIFE Effect","description":"For carbon pricing that puts people and planet first","potentialAction":[{"@type":"SearchAction","target":{"@type":"EntryPoint","urlTemplate":"https:\/\/life-effect.org\/pl\/?s={search_term_string}"},"query-input":{"@type":"PropertyValueSpecification","valueRequired":true,"valueName":"search_term_string"}}],"inLanguage":"pl-PL"}]}},"_links":{"self":[{"href":"https:\/\/life-effect.org\/pl\/wp-json\/wp\/v2\/pages\/408647","targetHints":{"allow":["GET"]}}],"collection":[{"href":"https:\/\/life-effect.org\/pl\/wp-json\/wp\/v2\/pages"}],"about":[{"href":"https:\/\/life-effect.org\/pl\/wp-json\/wp\/v2\/types\/page"}],"author":[{"embeddable":true,"href":"https:\/\/life-effect.org\/pl\/wp-json\/wp\/v2\/users\/20"}],"replies":[{"embeddable":true,"href":"https:\/\/life-effect.org\/pl\/wp-json\/wp\/v2\/comments?post=408647"}],"version-history":[{"count":7,"href":"https:\/\/life-effect.org\/pl\/wp-json\/wp\/v2\/pages\/408647\/revisions"}],"predecessor-version":[{"id":408813,"href":"https:\/\/life-effect.org\/pl\/wp-json\/wp\/v2\/pages\/408647\/revisions\/408813"}],"wp:attachment":[{"href":"https:\/\/life-effect.org\/pl\/wp-json\/wp\/v2\/media?parent=408647"}],"curies":[{"name":"wp","href":"https:\/\/api.w.org\/{rel}","templated":true}]}}