{"id":407483,"date":"2025-11-13T11:11:32","date_gmt":"2025-11-13T10:11:32","guid":{"rendered":"https:\/\/life-effect.org\/cele2-e-o-objetivo-climatico-de-2040\/"},"modified":"2025-11-27T15:37:30","modified_gmt":"2025-11-27T14:37:30","slug":"cele2-e-o-objetivo-climatico-de-2040","status":"publish","type":"page","link":"https:\/\/life-effect.org\/pt-pt\/cele2-e-o-objetivo-climatico-de-2040\/","title":{"rendered":"CELE2 e o objetivo clim\u00e1tico de 2040"},"content":{"rendered":"<p>[et_pb_section fb_built=&#8221;1&#8243; _builder_version=&#8221;4.27.4&#8243; _module_preset=&#8221;default&#8221; background_image=&#8221;https:\/\/life-effect.org\/wp-content\/uploads\/2025\/10\/Life-effect-background-02-sky.png&#8221; custom_padding=&#8221;183px|||||&#8221; global_colors_info=&#8221;{}&#8221;][et_pb_row _builder_version=&#8221;4.27.4&#8243; _module_preset=&#8221;default&#8221; min_height=&#8221;116.3px&#8221; custom_padding=&#8221;||1px|||&#8221; global_colors_info=&#8221;{}&#8221;][et_pb_column type=&#8221;4_4&#8243; _builder_version=&#8221;4.27.4&#8243; _module_preset=&#8221;default&#8221; global_colors_info=&#8221;{}&#8221;][et_pb_text content_tablet=&#8221;<\/p>\n<p>CELE2 e o objetivo<\/p>\n<p>clim\u00e1tico de 2040<\/p>\n<p>&#8221; content_phone=&#8221;<\/p>\n<p>CELE2 e o objetivo clim\u00e1tico de 2040<\/p>\n<p>&#8221; content_last_edited=&#8221;on|phone&#8221; _builder_version=&#8221;4.27.4&#8243; _module_preset=&#8221;default&#8221; text_font=&#8221;&#8211;et_global_heading_font|700|||||||&#8221; text_font_size=&#8221;50px&#8221; min_height=&#8221;124.8px&#8221; custom_padding=&#8221;||0px|||&#8221; text_line_height_tablet=&#8221;1.7em&#8221; text_line_height_phone=&#8221;1em&#8221; text_line_height_last_edited=&#8221;on|tablet&#8221; global_colors_info=&#8221;{}&#8221;]<\/p>\n<p style=\"text-align: left\">CELE2 e o objetivo clim\u00e1tico de 2040<\/p>\n<p>[\/et_pb_text][\/et_pb_column][\/et_pb_row][et_pb_row _builder_version=&#8221;4.27.4&#8243; _module_preset=&#8221;default&#8221; global_colors_info=&#8221;{}&#8221;][et_pb_column type=&#8221;4_4&#8243; _builder_version=&#8221;4.27.4&#8243; _module_preset=&#8221;default&#8221; global_colors_info=&#8221;{}&#8221;][et_pb_video src=&#8221;https:\/\/youtu.be\/9ivDPkVDFjo?si=lFILdfoSK2HNPMLy&#8221; _builder_version=&#8221;4.27.4&#8243; _module_preset=&#8221;default&#8221; global_colors_info=&#8221;{}&#8221;][\/et_pb_video][\/et_pb_column][\/et_pb_row][et_pb_row _builder_version=&#8221;4.27.4&#8243; _module_preset=&#8221;default&#8221; global_colors_info=&#8221;{}&#8221;][et_pb_column type=&#8221;4_4&#8243; _builder_version=&#8221;4.27.4&#8243; _module_preset=&#8221;default&#8221; global_colors_info=&#8221;{}&#8221;][et_pb_blurb content_max_width=&#8221;100%&#8221; admin_label=&#8221;FContent V20 &#8211; Five &#8211; Empowering businesses across industries&#8221; module_class=&#8221;fc5_blurb&#8221; _builder_version=&#8221;4.27.4&#8243; _module_preset=&#8221;default&#8221; header_font=&#8221;Barlow|600|||||||&#8221; header_text_color=&#8221;#FFFFFF&#8221; header_font_size=&#8221;18px&#8221; header_line_height=&#8221;100%&#8221; body_text_color=&#8221;gcid-heading-color&#8221; width=&#8221;100%&#8221; min_height=&#8221;448.5px&#8221; custom_margin=&#8221;||0px||false|false&#8221; custom_padding=&#8221;||0px|0px||&#8221; animation=&#8221;off&#8221; header_font_size_tablet=&#8221;18px&#8221; header_font_size_phone=&#8221;16px&#8221; header_font_size_last_edited=&#8221;on|phone&#8221; custom_css_blurb_title=&#8221;padding-bottom:18px;&#8221; custom_css_blurb_content=&#8221;font-weight:400;&#8221; inline_fonts=&#8221;Sofia Sans&#8221; global_colors_info=&#8221;{%22gcid-heading-color%22:%91%22body_text_color%22%93}&#8221; custom_css_blurb_title_last_edited=&#8221;on|phone&#8221; custom_css_blurb_title_tablet=&#8221;padding-top: 20px;||padding-bottom: 20px;&#8221; custom_css_blurb_title_phone=&#8221;padding-top: 20px;||padding-bottom: 20px;&#8221;]<\/p>\n<p><span style=\"font-family: 'Sofia Sans';font-weight: normal\">A UE n\u00e3o cumprir\u00e1 a sua meta clim\u00e1tica para 2040 ou 2050 sem o CELE2. De acordo com a Lei Clim\u00e1tica da UE, o bloco deve legalmente alcan\u00e7ar a neutralidade clim\u00e1tica at\u00e9 2050. At\u00e9 2030, existe uma meta interm\u00e9dia para alcan\u00e7ar uma redu\u00e7\u00e3o de 55% nas emiss\u00f5es de gases com efeito de estufa em compara\u00e7\u00e3o com os n\u00edveis de 1990. No momento da reda\u00e7\u00e3o deste artigo, o processo pol\u00edtico para definir uma meta clim\u00e1tica interm\u00e9dia para 2040 est\u00e1 em andamento. Em julho de 2025, a Comiss\u00e3o Europeia divulgou a sua proposta de redu\u00e7\u00e3o de 90% das emiss\u00f5es at\u00e9 2040 em rela\u00e7\u00e3o aos n\u00edveis de 1990, mas com uma longa lista preocupante de <span style=\"text-decoration: underline;color: #0a0101\"><a style=\"color: #0a0101;text-decoration: underline\" href=\"https:\/\/carbonmarketwatch.org\/publications\/fit-for-2040\/\">\u00abflexibilidades\u00bb para os Estados-Membros evitarem a sua responsabilidade no combate \u00e0s altera\u00e7\u00f5es clim\u00e1ticas.<\/a><\/span> <\/span><\/p>\n<p><span style=\"font-weight: normal;font-family: 'Sofia Sans'\">Qualquer enfraquecimento do CELE2 ter\u00e1 de ser compensado pelo aumento das redu\u00e7\u00f5es totais de emiss\u00f5es do CELE1 ou de setores n\u00e3o abrangidos pelo CELE, a fim de se manter em conformidade com a meta clim\u00e1tica da UE para 2040. Isto diz respeito principalmente aos setores industrial e agr\u00edcola, onde as redu\u00e7\u00f5es adicionais de emiss\u00f5es acarretam um conjunto de desafios pol\u00edticos e sociais.<br \/><\/span><\/p>\n<p><span style=\"font-family: 'Sofia Sans';font-weight: normal\">\u00c9 importante reafirmar que, embora o CELE2 seja considerado essencial para cumprir as metas clim\u00e1ticas da UE, ele s\u00f3 funcionar\u00e1 como parte central de um conjunto de pol\u00edticas. O Regulamento de Partilha de Esfor\u00e7os (ESR) 2021-2030 estabelece metas nacionais para cada Estado-Membro contribuir para a redu\u00e7\u00e3o das emiss\u00f5es com base na solidariedade e na equidade, sendo que os pa\u00edses mais ricos, com um n\u00edvel mais elevado de emiss\u00f5es hist\u00f3ricas, ter\u00e3o de contribuir com uma quota maior de redu\u00e7\u00f5es de CO2. O ESR deve ser prorrogado para al\u00e9m de 2030, a fim de continuar a incentivar os Estados-Membros a conceber e aplicar pol\u00edticas clim\u00e1ticas complementares a n\u00edvel local e nacional, para satisfazer as suas necessidades espec\u00edficas e impulsionar a ambi\u00e7\u00e3o apoiada pelo quadro do CELE.<br \/><\/span><\/p>\n<p><a href=\"https:\/\/life-effect.org\/wp-content\/uploads\/2025\/11\/PT-Module-6.pdf\" title=\"Descarregar o cap\u00edtulo\"><strong><span style=\"font-family: 'Sofia Sans'\">Descarregar o cap\u00edtulo<\/span><\/strong><\/a><\/p>\n<p>[\/et_pb_blurb][\/et_pb_column][\/et_pb_row][et_pb_row _builder_version=&#8221;4.27.4&#8243; _module_preset=&#8221;default&#8221; background_image=&#8221;https:\/\/life-effect.org\/wp-content\/uploads\/2025\/10\/Streetpattern-01-light-green.png&#8221; custom_margin=&#8221;40px||40px||true|false&#8221; custom_padding=&#8221;60px|40px|60px|40px|true|true&#8221; border_radii=&#8221;on|30px|30px|30px|30px&#8221; border_width_all=&#8221;4px&#8221; border_color_all=&#8221;#FFC6ED&#8221; global_colors_info=&#8221;{}&#8221;][et_pb_column type=&#8221;4_4&#8243; _builder_version=&#8221;4.27.4&#8243; _module_preset=&#8221;default&#8221; global_colors_info=&#8221;{}&#8221;][et_pb_text _builder_version=&#8221;4.27.4&#8243; _module_preset=&#8221;default&#8221; text_font=&#8221;&#8211;et_global_heading_font|700|||||||&#8221; header_font=&#8221;&#8211;et_global_heading_font|700|||||||&#8221; header_text_align=&#8221;center&#8221; header_text_color=&#8221;gcid-body-color&#8221; header_font_size=&#8221;50px&#8221; global_colors_info=&#8221;{%22gcid-body-color%22:%91%22header_text_color%22%93}&#8221;]<\/p>\n<h1><span>CELE2 e o objetivo clim\u00e1tico de 2040<\/span><\/h1>\n<p>[\/et_pb_text][et_pb_button button_text=&#8221;fa\u00e7a um teste&#8221; button_alignment=&#8221;center&#8221; _builder_version=&#8221;4.27.4&#8243; _module_preset=&#8221;default&#8221; hover_enabled=&#8221;0&#8243; global_colors_info=&#8221;{}&#8221; button_url=&#8221;https:\/\/life-effect.org\/ets2-and-the-2040-climate-target-quiz\/&#8221; sticky_enabled=&#8221;0&#8243; url_new_window=&#8221;on&#8221;][\/et_pb_button][\/et_pb_column][\/et_pb_row][et_pb_row column_structure=&#8221;1_2,1_2&#8243; _builder_version=&#8221;4.27.4&#8243; _module_preset=&#8221;default&#8221; global_colors_info=&#8221;{}&#8221;][et_pb_column type=&#8221;1_2&#8243; _builder_version=&#8221;4.27.4&#8243; _module_preset=&#8221;default&#8221; global_colors_info=&#8221;{}&#8221;][et_pb_button button_url=&#8221;https:\/\/life-effect.org\/pt-pt\/papel-das-medidas-complementares\/&#8221; button_text=&#8221;Papel das medidas complementares&#8221; button_alignment=&#8221;left&#8221; _builder_version=&#8221;4.27.4&#8243; _module_preset=&#8221;default&#8221; button_text_color=&#8221;gcid-heading-color&#8221; button_bg_color=&#8221;RGBA(255,255,255,0)&#8221; button_bg_enable_image=&#8221;off&#8221; global_colors_info=&#8221;{%22gcid-heading-color%22:%91%22button_text_color%22%93}&#8221;][\/et_pb_button][\/et_pb_column][et_pb_column type=&#8221;1_2&#8243; _builder_version=&#8221;4.27.4&#8243; _module_preset=&#8221;default&#8221; global_colors_info=&#8221;{}&#8221;][et_pb_button button_url=&#8221;https:\/\/life-effect.org\/pt-pt\/modulos-de-formacao\/&#8221; button_text=&#8221;Todos os m\u00f3dulos&#8221; _builder_version=&#8221;4.27.4&#8243; _module_preset=&#8221;default&#8221; button_text_color=&#8221;gcid-heading-color&#8221; button_bg_color=&#8221;RGBA(255,255,255,0)&#8221; button_bg_enable_image=&#8221;off&#8221; global_colors_info=&#8221;{%22gcid-heading-color%22:%91%22button_text_color%22%93}&#8221;][\/et_pb_button][\/et_pb_column][\/et_pb_row][\/et_pb_section]<\/p>\n","protected":false},"excerpt":{"rendered":"<p>CELE2 e o objetivo clim\u00e1tico de 2040A UE n\u00e3o cumprir\u00e1 a sua meta clim\u00e1tica para 2040 ou 2050 sem o CELE2. De acordo com a Lei Clim\u00e1tica da UE, o bloco deve legalmente alcan\u00e7ar a neutralidade clim\u00e1tica at\u00e9 2050. At\u00e9 2030, existe uma meta interm\u00e9dia para alcan\u00e7ar uma redu\u00e7\u00e3o de 55% nas emiss\u00f5es de gases [&hellip;]<\/p>\n","protected":false},"author":20,"featured_media":0,"parent":0,"menu_order":0,"comment_status":"closed","ping_status":"closed","template":"","meta":{"_acf_changed":false,"_et_pb_use_builder":"on","_et_pb_old_content":"","_et_gb_content_width":"","_monsterinsights_skip_tracking":false,"_monsterinsights_sitenote_active":false,"_monsterinsights_sitenote_note":"","_monsterinsights_sitenote_category":0,"footnotes":""},"class_list":["post-407483","page","type-page","status-publish","hentry"],"acf":[],"yoast_head":"<!-- This site is optimized with the Yoast SEO plugin v27.5 - https:\/\/yoast.com\/product\/yoast-seo-wordpress\/ -->\n<title>CELE2 e o objetivo clim\u00e1tico de 2040 - LIFE Effect<\/title>\n<meta name=\"robots\" content=\"index, follow, max-snippet:-1, max-image-preview:large, max-video-preview:-1\" \/>\n<link rel=\"canonical\" href=\"https:\/\/life-effect.org\/pt-pt\/cele2-e-o-objetivo-climatico-de-2040\/\" \/>\n<meta property=\"og:locale\" content=\"pt_PT\" \/>\n<meta property=\"og:type\" content=\"article\" \/>\n<meta property=\"og:title\" content=\"CELE2 e o objetivo clim\u00e1tico de 2040 - LIFE Effect\" \/>\n<meta property=\"og:description\" content=\"CELE2 e o objetivo clim\u00e1tico de 2040A UE n\u00e3o cumprir\u00e1 a sua meta clim\u00e1tica para 2040 ou 2050 sem o CELE2. De acordo com a Lei Clim\u00e1tica da UE, o bloco deve legalmente alcan\u00e7ar a neutralidade clim\u00e1tica at\u00e9 2050. At\u00e9 2030, existe uma meta interm\u00e9dia para alcan\u00e7ar uma redu\u00e7\u00e3o de 55% nas emiss\u00f5es de gases [&hellip;]\" \/>\n<meta property=\"og:url\" content=\"https:\/\/life-effect.org\/pt-pt\/cele2-e-o-objetivo-climatico-de-2040\/\" \/>\n<meta property=\"og:site_name\" content=\"LIFE Effect\" \/>\n<meta property=\"article:modified_time\" content=\"2025-11-27T14:37:30+00:00\" \/>\n<meta name=\"twitter:card\" content=\"summary_large_image\" \/>\n<meta name=\"twitter:label1\" content=\"Tempo estimado de leitura\" \/>\n\t<meta name=\"twitter:data1\" content=\"5 minutos\" \/>\n<script type=\"application\/ld+json\" class=\"yoast-schema-graph\">{\"@context\":\"https:\\\/\\\/schema.org\",\"@graph\":[{\"@type\":\"WebPage\",\"@id\":\"https:\\\/\\\/life-effect.org\\\/pt-pt\\\/cele2-e-o-objetivo-climatico-de-2040\\\/\",\"url\":\"https:\\\/\\\/life-effect.org\\\/pt-pt\\\/cele2-e-o-objetivo-climatico-de-2040\\\/\",\"name\":\"CELE2 e o objetivo clim\u00e1tico de 2040 - LIFE Effect\",\"isPartOf\":{\"@id\":\"https:\\\/\\\/life-effect.org\\\/pt-pt\\\/#website\"},\"datePublished\":\"2025-11-13T10:11:32+00:00\",\"dateModified\":\"2025-11-27T14:37:30+00:00\",\"breadcrumb\":{\"@id\":\"https:\\\/\\\/life-effect.org\\\/pt-pt\\\/cele2-e-o-objetivo-climatico-de-2040\\\/#breadcrumb\"},\"inLanguage\":\"pt-PT\",\"potentialAction\":[{\"@type\":\"ReadAction\",\"target\":[\"https:\\\/\\\/life-effect.org\\\/pt-pt\\\/cele2-e-o-objetivo-climatico-de-2040\\\/\"]}]},{\"@type\":\"BreadcrumbList\",\"@id\":\"https:\\\/\\\/life-effect.org\\\/pt-pt\\\/cele2-e-o-objetivo-climatico-de-2040\\\/#breadcrumb\",\"itemListElement\":[{\"@type\":\"ListItem\",\"position\":1,\"name\":\"Home\",\"item\":\"https:\\\/\\\/life-effect.org\\\/pt-pt\\\/\"},{\"@type\":\"ListItem\",\"position\":2,\"name\":\"CELE2 e o objetivo clim\u00e1tico de 2040\"}]},{\"@type\":\"WebSite\",\"@id\":\"https:\\\/\\\/life-effect.org\\\/pt-pt\\\/#website\",\"url\":\"https:\\\/\\\/life-effect.org\\\/pt-pt\\\/\",\"name\":\"LIFE Effect\",\"description\":\"For carbon pricing that puts people and planet first\",\"potentialAction\":[{\"@type\":\"SearchAction\",\"target\":{\"@type\":\"EntryPoint\",\"urlTemplate\":\"https:\\\/\\\/life-effect.org\\\/pt-pt\\\/?s={search_term_string}\"},\"query-input\":{\"@type\":\"PropertyValueSpecification\",\"valueRequired\":true,\"valueName\":\"search_term_string\"}}],\"inLanguage\":\"pt-PT\"}]}<\/script>\n<!-- \/ Yoast SEO plugin. -->","yoast_head_json":{"title":"CELE2 e o objetivo clim\u00e1tico de 2040 - LIFE Effect","robots":{"index":"index","follow":"follow","max-snippet":"max-snippet:-1","max-image-preview":"max-image-preview:large","max-video-preview":"max-video-preview:-1"},"canonical":"https:\/\/life-effect.org\/pt-pt\/cele2-e-o-objetivo-climatico-de-2040\/","og_locale":"pt_PT","og_type":"article","og_title":"CELE2 e o objetivo clim\u00e1tico de 2040 - LIFE Effect","og_description":"CELE2 e o objetivo clim\u00e1tico de 2040A UE n\u00e3o cumprir\u00e1 a sua meta clim\u00e1tica para 2040 ou 2050 sem o CELE2. De acordo com a Lei Clim\u00e1tica da UE, o bloco deve legalmente alcan\u00e7ar a neutralidade clim\u00e1tica at\u00e9 2050. At\u00e9 2030, existe uma meta interm\u00e9dia para alcan\u00e7ar uma redu\u00e7\u00e3o de 55% nas emiss\u00f5es de gases [&hellip;]","og_url":"https:\/\/life-effect.org\/pt-pt\/cele2-e-o-objetivo-climatico-de-2040\/","og_site_name":"LIFE Effect","article_modified_time":"2025-11-27T14:37:30+00:00","twitter_card":"summary_large_image","twitter_misc":{"Tempo estimado de leitura":"5 minutos"},"schema":{"@context":"https:\/\/schema.org","@graph":[{"@type":"WebPage","@id":"https:\/\/life-effect.org\/pt-pt\/cele2-e-o-objetivo-climatico-de-2040\/","url":"https:\/\/life-effect.org\/pt-pt\/cele2-e-o-objetivo-climatico-de-2040\/","name":"CELE2 e o objetivo clim\u00e1tico de 2040 - LIFE Effect","isPartOf":{"@id":"https:\/\/life-effect.org\/pt-pt\/#website"},"datePublished":"2025-11-13T10:11:32+00:00","dateModified":"2025-11-27T14:37:30+00:00","breadcrumb":{"@id":"https:\/\/life-effect.org\/pt-pt\/cele2-e-o-objetivo-climatico-de-2040\/#breadcrumb"},"inLanguage":"pt-PT","potentialAction":[{"@type":"ReadAction","target":["https:\/\/life-effect.org\/pt-pt\/cele2-e-o-objetivo-climatico-de-2040\/"]}]},{"@type":"BreadcrumbList","@id":"https:\/\/life-effect.org\/pt-pt\/cele2-e-o-objetivo-climatico-de-2040\/#breadcrumb","itemListElement":[{"@type":"ListItem","position":1,"name":"Home","item":"https:\/\/life-effect.org\/pt-pt\/"},{"@type":"ListItem","position":2,"name":"CELE2 e o objetivo clim\u00e1tico de 2040"}]},{"@type":"WebSite","@id":"https:\/\/life-effect.org\/pt-pt\/#website","url":"https:\/\/life-effect.org\/pt-pt\/","name":"LIFE Effect","description":"For carbon pricing that puts people and planet first","potentialAction":[{"@type":"SearchAction","target":{"@type":"EntryPoint","urlTemplate":"https:\/\/life-effect.org\/pt-pt\/?s={search_term_string}"},"query-input":{"@type":"PropertyValueSpecification","valueRequired":true,"valueName":"search_term_string"}}],"inLanguage":"pt-PT"}]}},"_links":{"self":[{"href":"https:\/\/life-effect.org\/pt-pt\/wp-json\/wp\/v2\/pages\/407483","targetHints":{"allow":["GET"]}}],"collection":[{"href":"https:\/\/life-effect.org\/pt-pt\/wp-json\/wp\/v2\/pages"}],"about":[{"href":"https:\/\/life-effect.org\/pt-pt\/wp-json\/wp\/v2\/types\/page"}],"author":[{"embeddable":true,"href":"https:\/\/life-effect.org\/pt-pt\/wp-json\/wp\/v2\/users\/20"}],"replies":[{"embeddable":true,"href":"https:\/\/life-effect.org\/pt-pt\/wp-json\/wp\/v2\/comments?post=407483"}],"version-history":[{"count":9,"href":"https:\/\/life-effect.org\/pt-pt\/wp-json\/wp\/v2\/pages\/407483\/revisions"}],"predecessor-version":[{"id":408199,"href":"https:\/\/life-effect.org\/pt-pt\/wp-json\/wp\/v2\/pages\/407483\/revisions\/408199"}],"wp:attachment":[{"href":"https:\/\/life-effect.org\/pt-pt\/wp-json\/wp\/v2\/media?parent=407483"}],"curies":[{"name":"wp","href":"https:\/\/api.w.org\/{rel}","templated":true}]}}