{"id":407486,"date":"2025-11-13T10:41:37","date_gmt":"2025-11-13T09:41:37","guid":{"rendered":"https:\/\/life-effect.org\/qual-sera-o-preco\/"},"modified":"2025-12-08T10:32:02","modified_gmt":"2025-12-08T09:32:02","slug":"qual-sera-o-preco","status":"publish","type":"page","link":"https:\/\/life-effect.org\/pt-pt\/qual-sera-o-preco\/","title":{"rendered":"Qual ser\u00e1 o pre\u00e7o?"},"content":{"rendered":"<p>[et_pb_section fb_built=&#8221;1&#8243; _builder_version=&#8221;4.27.4&#8243; _module_preset=&#8221;default&#8221; background_color=&#8221;#F0EFEE&#8221; background_image=&#8221;https:\/\/life-effect.org\/wp-content\/uploads\/2025\/10\/Life-effect-background-02-sky.png&#8221; background_position=&#8221;top_left&#8221; min_height=&#8221;2598.4px&#8221; custom_padding=&#8221;163px|||0px||&#8221; global_colors_info=&#8221;{}&#8221;][et_pb_row _builder_version=&#8221;4.27.4&#8243; _module_preset=&#8221;default&#8221; width=&#8221;91.5%&#8221; module_alignment=&#8221;center&#8221; min_height=&#8221;157.3px&#8221; custom_margin=&#8221;0px|auto|-55px|180px|false|false&#8221; custom_padding=&#8221;||0px|||&#8221; global_colors_info=&#8221;{}&#8221;][et_pb_column type=&#8221;4_4&#8243; _builder_version=&#8221;4.27.4&#8243; _module_preset=&#8221;default&#8221; global_colors_info=&#8221;{}&#8221;][et_pb_text content_tablet=&#8221;<\/p>\n<p>Qual ser\u00e1 o pre\u00e7o?<\/p>\n<p>&#8221; content_phone=&#8221;<\/p>\n<p>Qual ser\u00e1 o pre\u00e7o?<\/p>\n<p>&#8221; content_last_edited=&#8221;on|phone&#8221; _builder_version=&#8221;4.27.4&#8243; _module_preset=&#8221;default&#8221; text_font=&#8221;&#8211;et_global_heading_font|700|||||||&#8221; text_font_size=&#8221;50px&#8221; min_height=&#8221;124.8px&#8221; custom_padding=&#8221;||93px|||&#8221; text_line_height_tablet=&#8221;1.7em&#8221; text_line_height_phone=&#8221;1em&#8221; text_line_height_last_edited=&#8221;on|tablet&#8221; global_colors_info=&#8221;{}&#8221;]<\/p>\n<p style=\"text-align: left\">Qual ser\u00e1 o pre\u00e7o?<\/p>\n<p>[\/et_pb_text][\/et_pb_column][\/et_pb_row][et_pb_row _builder_version=&#8221;4.27.4&#8243; _module_preset=&#8221;default&#8221; custom_margin=&#8221;||20px||false|false&#8221; global_colors_info=&#8221;{}&#8221;][et_pb_column type=&#8221;4_4&#8243; _builder_version=&#8221;4.27.4&#8243; _module_preset=&#8221;default&#8221; global_colors_info=&#8221;{}&#8221;][et_pb_video src=&#8221;https:\/\/youtu.be\/8cO0883ZLEg?si=A1Gz_gfQyFioRnrC&#8221; _builder_version=&#8221;4.27.4&#8243; _module_preset=&#8221;default&#8221; global_colors_info=&#8221;{}&#8221;][\/et_pb_video][\/et_pb_column][\/et_pb_row][et_pb_row _builder_version=&#8221;4.27.4&#8243; _module_preset=&#8221;default&#8221; global_colors_info=&#8221;{}&#8221;][et_pb_column type=&#8221;4_4&#8243; _builder_version=&#8221;4.27.4&#8243; _module_preset=&#8221;default&#8221; global_colors_info=&#8221;{}&#8221;][et_pb_blurb title=&#8221;Mecanismos de controlo de pre\u00e7os &#8221; content_max_width=&#8221;100%&#8221; admin_label=&#8221;FContent V20 &#8211; Five &#8211; Empowering businesses across industries&#8221; module_class=&#8221;fc5_blurb&#8221; _builder_version=&#8221;4.27.4&#8243; _module_preset=&#8221;default&#8221; header_level=&#8221;h1&#8243; header_font=&#8221;&#8211;et_global_heading_font|700|||||||&#8221; header_text_color=&#8221;gcid-heading-color&#8221; header_font_size=&#8221;18px&#8221; header_letter_spacing=&#8221;1px&#8221; header_line_height=&#8221;100%&#8221; body_font=&#8221;Sofia Sans||||||||&#8221; body_text_color=&#8221;gcid-heading-color&#8221; width=&#8221;100%&#8221; min_height=&#8221;829.5px&#8221; custom_margin=&#8221;||0px||false|false&#8221; custom_padding=&#8221;|||0px||&#8221; animation=&#8221;off&#8221; header_font_size_tablet=&#8221;18px&#8221; header_font_size_phone=&#8221;16px&#8221; header_font_size_last_edited=&#8221;on|phone&#8221; custom_css_blurb_title=&#8221;padding-bottom:18px;&#8221; custom_css_blurb_content=&#8221;font-weight:400;&#8221; inline_fonts=&#8221;Sofia Sans&#8221; global_colors_info=&#8221;{%22gcid-heading-color%22:%91%22header_text_color%22,%22body_text_color%22%93}&#8221; custom_css_blurb_title_last_edited=&#8221;on|phone&#8221; custom_css_blurb_title_tablet=&#8221;padding-top: 20px;||padding-bottom: 20px;&#8221; custom_css_blurb_title_phone=&#8221;padding-top: 20px;||padding-bottom: 20px;&#8221;]<\/p>\n<p>Durante o debate pol\u00edtico sobre a cria\u00e7\u00e3o do CELE2, a necessidade de controlos e <a style=\"color: #000000;text-decoration: underline\" href=\"https:\/\/www.peter-liese.de\/images\/Briefing_Note2_-_EU_ETS__SCF_-_provisional_agreement_20221218.pdf\"><span style=\"text-decoration: underline\">salvaguardas de pre\u00e7os esteve em destaque<\/span><\/a>.<span style=\"font-weight: 400\">. Como resultado, a diretiva CELE e a decis\u00e3o relativa \u00e0 reserva de estabilidade do mercado (MSR2) j\u00e1 cont\u00eam v\u00e1rios mecanismos de controlo de pre\u00e7os para o CELE2: <\/span><\/p>\n<ul>\n<li style=\"font-weight: 400\"><span style=\"font-weight: 400\">O leil\u00e3o antecipado de mais 30% de licen\u00e7as de emiss\u00e3o nos primeiros tr\u00eas anos, posteriormente deduzidas das licen\u00e7as futuras. <\/span><\/li>\n<\/ul>\n<ul>\n<li style=\"font-weight: 400\"><span style=\"font-weight: 400\">Se o pre\u00e7o m\u00e9dio da licen\u00e7a EUA, durante tr\u00eas meses consecutivos, for mais do que o dobro do pre\u00e7o m\u00e9dio dos seis meses anteriores, ser\u00e3o libertadas 50 milh\u00f5es de licen\u00e7as da MSR2 &#8211; Artigo 30.\u00ba-H, n.\u00ba 1. Em 2027\/2028, a regra \u00e9 mais sens\u00edvel e o pre\u00e7o s\u00f3 tem de ser 1,5 vezes superior \u00e0 m\u00e9dia dos \u00faltimos seis meses durante tr\u00eas meses consecutivos para desencadear a liberta\u00e7\u00e3o das 50 milh\u00f5es de licen\u00e7as. <\/span><\/li>\n<\/ul>\n<ul>\n<li style=\"font-weight: 400\"><span style=\"font-weight: 400\">Se o pre\u00e7o m\u00e9dio da licen\u00e7a EUA, durante tr\u00eas meses consecutivos, for superior a tr\u00eas vezes o pre\u00e7o m\u00e9dio da EUA dos seis meses anteriores, ser\u00e3o libertadas 150 milh\u00f5es de licen\u00e7as da MSR2.<\/span><\/li>\n<\/ul>\n<ul>\n<li style=\"font-weight: 400\"><span style=\"font-weight: 400\">Est\u00e1 em vigor um limite m\u00e1ximo de pre\u00e7o flex\u00edvel a uma taxa ajustada \u00e0 infla\u00e7\u00e3o de 45 euros (provavelmente mais pr\u00f3xima dos 60 euros em 2027). Se o pre\u00e7o m\u00e9dio das licen\u00e7as EUA exceder o pre\u00e7o do limite m\u00e1ximo flex\u00edvel durante mais de dois meses, ser\u00e3o libertadas 20 milh\u00f5es de licen\u00e7as adicionais pelo MSR2. <\/span><\/li>\n<\/ul>\n<ul>\n<li style=\"font-weight: 400\">No caso de pre\u00e7os muito elevados do petr\u00f3leo ou do g\u00e1s em meados de 2026, o CELE2 ser\u00e1 adiado por um ano para 2028.<\/li>\n<\/ul>\n<ul>\n<li style=\"font-weight: 400\"><span style=\"font-weight: 400\">Por fim, uma cl\u00e1usula adicional tamb\u00e9m permite que a Comiss\u00e3o Europeia responda aos pre\u00e7os elevados do CELE2 atrav\u00e9s da emiss\u00e3o de um ato de execu\u00e7\u00e3o, caso um determinado volume baixo de licen\u00e7as seja atingido duas vezes num per\u00edodo de 12 meses.<\/span><\/li>\n<\/ul>\n<p><span style=\"font-weight: 400\">Esses controlos de pre\u00e7os estar\u00e3o em vigor at\u00e9 2029, quando a Comiss\u00e3o Europeia dever\u00e1 apresentar um relat\u00f3rio sobre o seu funcionamento e poder\u00e1 propor a prorroga\u00e7\u00e3o e expans\u00e3o dos controlos de pre\u00e7os ap\u00f3s a sua revis\u00e3o, se necess\u00e1rio. Em 2028, a Comiss\u00e3o Europeia dever\u00e1 rever o funcionamento do CELE2 para garantir o bom funcionamento do mercado e a estabilidade dos pre\u00e7os. Este calend\u00e1rio \u00e9 importante, uma vez que muitos dos modelos que prev\u00eaem os pre\u00e7os do CELE2, incluindo o da BloombergNEF abaixo, mostram um aumento dos pre\u00e7os at\u00e9 2030, o que pode ser abordado por este processo de revis\u00e3o em 2028, se necess\u00e1rio, dependendo das perspectivas, uma vez que o mercado esteja em funcionamento.  <\/span><\/p>\n<p>[\/et_pb_blurb][et_pb_image src=&#8221;https:\/\/life-effect.org\/wp-content\/uploads\/2025\/11\/11.png&#8221; title_text=&#8221;11&#8243; align=&#8221;center&#8221; _builder_version=&#8221;4.27.4&#8243; _module_preset=&#8221;default&#8221; width=&#8221;60%&#8221; global_colors_info=&#8221;{}&#8221;][\/et_pb_image][\/et_pb_column][\/et_pb_row][et_pb_row _builder_version=&#8221;4.27.4&#8243; _module_preset=&#8221;default&#8221; global_colors_info=&#8221;{}&#8221;][et_pb_column type=&#8221;4_4&#8243; _builder_version=&#8221;4.27.4&#8243; _module_preset=&#8221;default&#8221; global_colors_info=&#8221;{}&#8221;][et_pb_text _builder_version=&#8221;4.27.4&#8243; _module_preset=&#8221;default&#8221; text_font=&#8221;Sofia Sans||||||||&#8221; global_colors_info=&#8221;{}&#8221;]<span style=\"font-weight: 400\">Muitos analistas de mercado est\u00e3o a prever uma grande variedade de expectativas de pre\u00e7os, destacando a dificuldade em prever com precis\u00e3o o pre\u00e7o futuro do CELE2, como fica claro na tabela abaixo:<\/span> [\/et_pb_text][\/et_pb_column][\/et_pb_row][et_pb_row _builder_version=&#8221;4.27.4&#8243; _module_preset=&#8221;default&#8221; custom_margin=&#8221;0px||0px||true|true&#8221; global_colors_info=&#8221;{}&#8221;][et_pb_column type=&#8221;4_4&#8243; _builder_version=&#8221;4.27.4&#8243; _module_preset=&#8221;default&#8221; global_colors_info=&#8221;{}&#8221;][et_pb_image src=&#8221;https:\/\/life-effect.org\/wp-content\/uploads\/2025\/10\/Untitled-design-2.png&#8221; title_text=&#8221;Untitled design (2)&#8221; align=&#8221;center&#8221; _builder_version=&#8221;4.27.4&#8243; _module_preset=&#8221;default&#8221; width=&#8221;35%&#8221; module_alignment=&#8221;center&#8221; global_colors_info=&#8221;{}&#8221;][\/et_pb_image][et_pb_text _builder_version=&#8221;4.27.4&#8243; _module_preset=&#8221;default&#8221; text_font=&#8221;Sofia Sans||||||||&#8221; global_colors_info=&#8221;{}&#8221;]A grande varia\u00e7\u00e3o nos pre\u00e7os esperados pode ser atribu\u00edda \u00e0 diferen\u00e7a nas premissas subjacentes aos modelos, predominantemente em torno dos n\u00edveis de ambi\u00e7\u00e3o previstos para a implementa\u00e7\u00e3o de medidas complementares, para refor\u00e7ar as redu\u00e7\u00f5es de emiss\u00f5es, al\u00e9m do alcance do pre\u00e7o do carbono, tais como a Diretiva relativa ao desempenho energ\u00e9tico dos edif\u00edcios ou as normas relativas ao CO2<span style=\"font-weight: 400\"> e aos autom\u00f3veis. Quanto mais as emiss\u00f5es forem reduzidas nas habita\u00e7\u00f5es e nos transportes rodovi\u00e1rios europeus, mais baixo ser\u00e1 o pre\u00e7o do CELE2. A implementa\u00e7\u00e3o destas medidas complementares \u00e9 vi\u00e1vel e necess\u00e1ria.   <\/span> Um pre\u00e7o de 45 euros por tonelada de CO2 traduz-se em 0,01 euros por kWh de aquecimento a g\u00e1s f\u00f3ssil. Embora as preocupa\u00e7\u00f5es com o potencial impacto social de um pre\u00e7o vol\u00e1til do CELE2 sejam v\u00e1lidas,<br \/> <span style=\"font-weight: 400\">n\u00e3o devem servir de justifica\u00e7\u00e3o para um enfraquecimento prematuro do CELE2 ou para desviar a aten\u00e7\u00e3o do trabalho necess\u00e1rio que os Estados-Membros devem realizar para melhorar a equidade do sistema. O CELE2 deve poder funcionar nos seus primeiros anos para permitir a descoberta de pre\u00e7os, incentivar a descarboniza\u00e7\u00e3o e angariar os recursos t\u00e3o necess\u00e1rios para a transi\u00e7\u00e3o energ\u00e9tica. <\/span> [\/et_pb_text][et_pb_image src=&#8221;https:\/\/life-effect.org\/wp-content\/uploads\/2025\/11\/12.png&#8221; title_text=&#8221;12&#8243; align=&#8221;center&#8221; _builder_version=&#8221;4.27.4&#8243; _module_preset=&#8221;default&#8221; width=&#8221;48%&#8221; module_alignment=&#8221;center&#8221; custom_padding=&#8221;30px||30px||false|false&#8221; global_colors_info=&#8221;{}&#8221;][\/et_pb_image][\/et_pb_column][\/et_pb_row][et_pb_row _builder_version=&#8221;4.27.4&#8243; _module_preset=&#8221;default&#8221; global_colors_info=&#8221;{}&#8221;][et_pb_column type=&#8221;4_4&#8243; _builder_version=&#8221;4.27.4&#8243; _module_preset=&#8221;default&#8221; global_colors_info=&#8221;{}&#8221;][et_pb_text _builder_version=&#8221;4.27.4&#8243; _module_preset=&#8221;default&#8221; inline_fonts=&#8221;Sofia Sans&#8221; global_colors_info=&#8221;{}&#8221; custom_padding=&#8221;||1px|||&#8221;]<\/p>\n<p><span style=\"font-family: 'Sofia Sans'; font-weight: normal;\">Como evidenciado pela Figura 7 da <a style=\"color: #0a0a0a; text-decoration: underline;\" href=\"https:\/\/www.transportenvironment.org\/topics\/climate-instruments\/ets-2\"><span style=\"text-decoration: underline;\">Transport and Environment,<\/span><\/a> a flutua\u00e7\u00e3o do pre\u00e7o dos combust\u00edveis f\u00f3sseis nos \u00faltimos anos continua muito superior ao efeito de um pre\u00e7o CELE2 de 100 euros por tonelada de CO2. Isto destaca que o verdadeiro perigo e amea\u00e7a para o custo de vida n\u00e3o \u00e9 o pre\u00e7o do carbono, mas a depend\u00eancia cont\u00ednua de combust\u00edveis poluentes, uma vez que as empresas de combust\u00edveis f\u00f3sseis provaram que est\u00e3o dispostas a obter lucros exorbitantes. <\/span> <span style=\"font-family: 'Sofia Sans'; font-weight: normal;\">Qualquer tentativa de controlar o pre\u00e7o atrav\u00e9s do aumento da oferta de licen\u00e7as significa mais emiss\u00f5es de carbono. A fim de cumprir as metas clim\u00e1ticas europeias, qualquer enfraquecimento do CELE2 teria de ser compensado por uma maior ambi\u00e7\u00e3o nos setores CELE1 ou nos restantes setores ESR; agricultura &#8211; o que continua a ser politicamente dif\u00edcil, ou setores de uso do solo onde a efic\u00e1cia dos<a style=\"color: #0a0a0a; text-decoration: underline;\" href=\"https:\/\/www.eea.europa.eu\/en\/newsroom\/news\/europes-land-carbon-sink-declines-but-its-potential-stays-high\"><span style=\"text-decoration: underline;\"> sumidouros de carbono j\u00e1 est\u00e1 em risco.<\/span><\/a> <\/span> <span style=\"font-weight: normal; font-family: 'Sofia Sans';\">Em \u00faltima an\u00e1lise, a forma mais eficaz de gerir a din\u00e2mica dos pre\u00e7os do CELE2, sem comprometer a ambi\u00e7\u00e3o, \u00e9 atrav\u00e9s da forte implementa\u00e7\u00e3o de medidas complementares. Ao reduzir as emiss\u00f5es nas habita\u00e7\u00f5es e nos transportes rodovi\u00e1rios, estas medidas diminuem a procura de licen\u00e7as, o que, por sua vez, ajuda a moderar o pre\u00e7o do CELE2, acelerando simultaneamente a descarboniza\u00e7\u00e3o.<\/span><\/p>\n<p><span style=\"font-weight: normal; font-family: 'Sofia Sans';\"> <\/span> <a href=\"https:\/\/life-effect.org\/wp-content\/uploads\/2025\/12\/PT-Qual-sera-o-preco_.pdf\" title=\"Descarregar o cap\u00edtulo\"> <span style=\"font-weight: normal; font-family: 'Sofia Sans';\"><strong>Descarregar o cap\u00edtulo<\/strong><\/span><\/a><\/p>\n<p>[\/et_pb_text][\/et_pb_column][\/et_pb_row][et_pb_row _builder_version=&#8221;4.27.4&#8243; _module_preset=&#8221;default&#8221; background_image=&#8221;https:\/\/life-effect.org\/wp-content\/uploads\/2025\/10\/Streetpattern-01-light-green.png&#8221; custom_margin=&#8221;40px||40px||true|false&#8221; custom_padding=&#8221;60px|40px|60px|40px|true|true&#8221; border_radii=&#8221;on|30px|30px|30px|30px&#8221; border_width_all=&#8221;4px&#8221; border_color_all=&#8221;#FFC6ED&#8221; global_colors_info=&#8221;{}&#8221;][et_pb_column type=&#8221;4_4&#8243; _builder_version=&#8221;4.27.4&#8243; _module_preset=&#8221;default&#8221; global_colors_info=&#8221;{}&#8221;][et_pb_text _builder_version=&#8221;4.27.4&#8243; _module_preset=&#8221;default&#8221; text_font=&#8221;&#8211;et_global_heading_font|700|||||||&#8221; header_font=&#8221;&#8211;et_global_heading_font|700|||||||&#8221; header_text_align=&#8221;center&#8221; header_text_color=&#8221;gcid-body-color&#8221; header_font_size=&#8221;50px&#8221; global_colors_info=&#8221;{%22gcid-body-color%22:%91%22header_text_color%22%93}&#8221;]<\/p>\n<h1>Qual ser\u00e1 o pre\u00e7o?<\/h1>\n<p>[\/et_pb_text][et_pb_button button_url=&#8221;https:\/\/life-effect.org\/what-will-the-ets2-price-be-quiz\/&#8221; url_new_window=&#8221;on&#8221; button_text=&#8221;fa\u00e7a um teste&#8221; button_alignment=&#8221;center&#8221; _builder_version=&#8221;4.27.4&#8243; _module_preset=&#8221;default&#8221; global_colors_info=&#8221;{}&#8221;][\/et_pb_button][\/et_pb_column][\/et_pb_row][et_pb_row column_structure=&#8221;1_2,1_2&#8243; _builder_version=&#8221;4.27.4&#8243; _module_preset=&#8221;default&#8221; global_colors_info=&#8221;{}&#8221;][et_pb_column type=&#8221;1_2&#8243; _builder_version=&#8221;4.27.4&#8243; _module_preset=&#8221;default&#8221; global_colors_info=&#8221;{}&#8221;][et_pb_button button_url=&#8221;https:\/\/life-effect.org\/pt-pt\/consideracoes-sobre-as-despesas-das-receitas-do-ets2\/&#8221; button_text=&#8221; Considera\u00e7\u00f5es sobre as despesas das receitas do ETS2&#8243; button_alignment=&#8221;left&#8221; _builder_version=&#8221;4.27.4&#8243; _module_preset=&#8221;default&#8221; button_text_color=&#8221;gcid-heading-color&#8221; button_bg_color=&#8221;RGBA(255,255,255,0)&#8221; button_bg_enable_image=&#8221;off&#8221; global_colors_info=&#8221;{%22gcid-heading-color%22:%91%22button_text_color%22%93}&#8221;][\/et_pb_button][\/et_pb_column][et_pb_column type=&#8221;1_2&#8243; _builder_version=&#8221;4.27.4&#8243; _module_preset=&#8221;default&#8221; global_colors_info=&#8221;{}&#8221;][et_pb_button button_url=&#8221;https:\/\/life-effect.org\/pt-pt\/papel-das-medidas-complementares\/&#8221; button_text=&#8221;Papel das medidas complementares&#8221; _builder_version=&#8221;4.27.4&#8243; _module_preset=&#8221;default&#8221; button_text_color=&#8221;gcid-heading-color&#8221; button_bg_color=&#8221;RGBA(255,255,255,0)&#8221; button_bg_enable_image=&#8221;off&#8221; global_colors_info=&#8221;{%22gcid-heading-color%22:%91%22button_text_color%22%93}&#8221;][\/et_pb_button][\/et_pb_column][\/et_pb_row][\/et_pb_section]<\/p>\n","protected":false},"excerpt":{"rendered":"<p>Qual ser\u00e1 o pre\u00e7o?Durante o debate pol\u00edtico sobre a cria\u00e7\u00e3o do CELE2, a necessidade de controlos e salvaguardas de pre\u00e7os esteve em destaque.. Como resultado, a diretiva CELE e a decis\u00e3o relativa \u00e0 reserva de estabilidade do mercado (MSR2) j\u00e1 cont\u00eam v\u00e1rios mecanismos de controlo de pre\u00e7os para o CELE2: O leil\u00e3o antecipado de mais [&hellip;]<\/p>\n","protected":false},"author":20,"featured_media":0,"parent":0,"menu_order":0,"comment_status":"closed","ping_status":"closed","template":"","meta":{"_acf_changed":false,"_et_pb_use_builder":"on","_et_pb_old_content":"","_et_gb_content_width":"","_monsterinsights_skip_tracking":false,"_monsterinsights_sitenote_active":false,"_monsterinsights_sitenote_note":"","_monsterinsights_sitenote_category":0,"footnotes":""},"class_list":["post-407486","page","type-page","status-publish","hentry"],"acf":[],"yoast_head":"<!-- This site is optimized with the Yoast SEO plugin v27.5 - https:\/\/yoast.com\/product\/yoast-seo-wordpress\/ -->\n<title>Qual ser\u00e1 o pre\u00e7o? - LIFE Effect<\/title>\n<meta name=\"robots\" content=\"index, follow, max-snippet:-1, max-image-preview:large, max-video-preview:-1\" \/>\n<link rel=\"canonical\" href=\"https:\/\/life-effect.org\/pt-pt\/qual-sera-o-preco\/\" \/>\n<meta property=\"og:locale\" content=\"pt_PT\" \/>\n<meta property=\"og:type\" content=\"article\" \/>\n<meta property=\"og:title\" content=\"Qual ser\u00e1 o pre\u00e7o? - LIFE Effect\" \/>\n<meta property=\"og:description\" content=\"Qual ser\u00e1 o pre\u00e7o?Durante o debate pol\u00edtico sobre a cria\u00e7\u00e3o do CELE2, a necessidade de controlos e salvaguardas de pre\u00e7os esteve em destaque.. Como resultado, a diretiva CELE e a decis\u00e3o relativa \u00e0 reserva de estabilidade do mercado (MSR2) j\u00e1 cont\u00eam v\u00e1rios mecanismos de controlo de pre\u00e7os para o CELE2: O leil\u00e3o antecipado de mais [&hellip;]\" \/>\n<meta property=\"og:url\" content=\"https:\/\/life-effect.org\/pt-pt\/qual-sera-o-preco\/\" \/>\n<meta property=\"og:site_name\" content=\"LIFE Effect\" \/>\n<meta property=\"article:modified_time\" content=\"2025-12-08T09:32:02+00:00\" \/>\n<meta name=\"twitter:card\" content=\"summary_large_image\" \/>\n<meta name=\"twitter:label1\" content=\"Tempo estimado de leitura\" \/>\n\t<meta name=\"twitter:data1\" content=\"5 minutos\" \/>\n<script type=\"application\/ld+json\" class=\"yoast-schema-graph\">{\"@context\":\"https:\\\/\\\/schema.org\",\"@graph\":[{\"@type\":\"WebPage\",\"@id\":\"https:\\\/\\\/life-effect.org\\\/pt-pt\\\/qual-sera-o-preco\\\/\",\"url\":\"https:\\\/\\\/life-effect.org\\\/pt-pt\\\/qual-sera-o-preco\\\/\",\"name\":\"Qual ser\u00e1 o pre\u00e7o? - LIFE Effect\",\"isPartOf\":{\"@id\":\"https:\\\/\\\/life-effect.org\\\/pt-pt\\\/#website\"},\"datePublished\":\"2025-11-13T09:41:37+00:00\",\"dateModified\":\"2025-12-08T09:32:02+00:00\",\"breadcrumb\":{\"@id\":\"https:\\\/\\\/life-effect.org\\\/pt-pt\\\/qual-sera-o-preco\\\/#breadcrumb\"},\"inLanguage\":\"pt-PT\",\"potentialAction\":[{\"@type\":\"ReadAction\",\"target\":[\"https:\\\/\\\/life-effect.org\\\/pt-pt\\\/qual-sera-o-preco\\\/\"]}]},{\"@type\":\"BreadcrumbList\",\"@id\":\"https:\\\/\\\/life-effect.org\\\/pt-pt\\\/qual-sera-o-preco\\\/#breadcrumb\",\"itemListElement\":[{\"@type\":\"ListItem\",\"position\":1,\"name\":\"Home\",\"item\":\"https:\\\/\\\/life-effect.org\\\/pt-pt\\\/\"},{\"@type\":\"ListItem\",\"position\":2,\"name\":\"Qual ser\u00e1 o pre\u00e7o?\"}]},{\"@type\":\"WebSite\",\"@id\":\"https:\\\/\\\/life-effect.org\\\/pt-pt\\\/#website\",\"url\":\"https:\\\/\\\/life-effect.org\\\/pt-pt\\\/\",\"name\":\"LIFE Effect\",\"description\":\"For carbon pricing that puts people and planet first\",\"potentialAction\":[{\"@type\":\"SearchAction\",\"target\":{\"@type\":\"EntryPoint\",\"urlTemplate\":\"https:\\\/\\\/life-effect.org\\\/pt-pt\\\/?s={search_term_string}\"},\"query-input\":{\"@type\":\"PropertyValueSpecification\",\"valueRequired\":true,\"valueName\":\"search_term_string\"}}],\"inLanguage\":\"pt-PT\"}]}<\/script>\n<!-- \/ Yoast SEO plugin. -->","yoast_head_json":{"title":"Qual ser\u00e1 o pre\u00e7o? - LIFE Effect","robots":{"index":"index","follow":"follow","max-snippet":"max-snippet:-1","max-image-preview":"max-image-preview:large","max-video-preview":"max-video-preview:-1"},"canonical":"https:\/\/life-effect.org\/pt-pt\/qual-sera-o-preco\/","og_locale":"pt_PT","og_type":"article","og_title":"Qual ser\u00e1 o pre\u00e7o? - LIFE Effect","og_description":"Qual ser\u00e1 o pre\u00e7o?Durante o debate pol\u00edtico sobre a cria\u00e7\u00e3o do CELE2, a necessidade de controlos e salvaguardas de pre\u00e7os esteve em destaque.. Como resultado, a diretiva CELE e a decis\u00e3o relativa \u00e0 reserva de estabilidade do mercado (MSR2) j\u00e1 cont\u00eam v\u00e1rios mecanismos de controlo de pre\u00e7os para o CELE2: O leil\u00e3o antecipado de mais [&hellip;]","og_url":"https:\/\/life-effect.org\/pt-pt\/qual-sera-o-preco\/","og_site_name":"LIFE Effect","article_modified_time":"2025-12-08T09:32:02+00:00","twitter_card":"summary_large_image","twitter_misc":{"Tempo estimado de leitura":"5 minutos"},"schema":{"@context":"https:\/\/schema.org","@graph":[{"@type":"WebPage","@id":"https:\/\/life-effect.org\/pt-pt\/qual-sera-o-preco\/","url":"https:\/\/life-effect.org\/pt-pt\/qual-sera-o-preco\/","name":"Qual ser\u00e1 o pre\u00e7o? - LIFE Effect","isPartOf":{"@id":"https:\/\/life-effect.org\/pt-pt\/#website"},"datePublished":"2025-11-13T09:41:37+00:00","dateModified":"2025-12-08T09:32:02+00:00","breadcrumb":{"@id":"https:\/\/life-effect.org\/pt-pt\/qual-sera-o-preco\/#breadcrumb"},"inLanguage":"pt-PT","potentialAction":[{"@type":"ReadAction","target":["https:\/\/life-effect.org\/pt-pt\/qual-sera-o-preco\/"]}]},{"@type":"BreadcrumbList","@id":"https:\/\/life-effect.org\/pt-pt\/qual-sera-o-preco\/#breadcrumb","itemListElement":[{"@type":"ListItem","position":1,"name":"Home","item":"https:\/\/life-effect.org\/pt-pt\/"},{"@type":"ListItem","position":2,"name":"Qual ser\u00e1 o pre\u00e7o?"}]},{"@type":"WebSite","@id":"https:\/\/life-effect.org\/pt-pt\/#website","url":"https:\/\/life-effect.org\/pt-pt\/","name":"LIFE Effect","description":"For carbon pricing that puts people and planet first","potentialAction":[{"@type":"SearchAction","target":{"@type":"EntryPoint","urlTemplate":"https:\/\/life-effect.org\/pt-pt\/?s={search_term_string}"},"query-input":{"@type":"PropertyValueSpecification","valueRequired":true,"valueName":"search_term_string"}}],"inLanguage":"pt-PT"}]}},"_links":{"self":[{"href":"https:\/\/life-effect.org\/pt-pt\/wp-json\/wp\/v2\/pages\/407486","targetHints":{"allow":["GET"]}}],"collection":[{"href":"https:\/\/life-effect.org\/pt-pt\/wp-json\/wp\/v2\/pages"}],"about":[{"href":"https:\/\/life-effect.org\/pt-pt\/wp-json\/wp\/v2\/types\/page"}],"author":[{"embeddable":true,"href":"https:\/\/life-effect.org\/pt-pt\/wp-json\/wp\/v2\/users\/20"}],"replies":[{"embeddable":true,"href":"https:\/\/life-effect.org\/pt-pt\/wp-json\/wp\/v2\/comments?post=407486"}],"version-history":[{"count":10,"href":"https:\/\/life-effect.org\/pt-pt\/wp-json\/wp\/v2\/pages\/407486\/revisions"}],"predecessor-version":[{"id":408366,"href":"https:\/\/life-effect.org\/pt-pt\/wp-json\/wp\/v2\/pages\/407486\/revisions\/408366"}],"wp:attachment":[{"href":"https:\/\/life-effect.org\/pt-pt\/wp-json\/wp\/v2\/media?parent=407486"}],"curies":[{"name":"wp","href":"https:\/\/api.w.org\/{rel}","templated":true}]}}