{"id":407504,"date":"2025-11-13T10:59:20","date_gmt":"2025-11-13T09:59:20","guid":{"rendered":"https:\/\/life-effect.org\/consideracoes-sobre-as-despesas-das-receitas-do-ets2\/"},"modified":"2025-11-27T16:08:21","modified_gmt":"2025-11-27T15:08:21","slug":"consideracoes-sobre-as-despesas-das-receitas-do-ets2","status":"publish","type":"page","link":"https:\/\/life-effect.org\/pt-pt\/consideracoes-sobre-as-despesas-das-receitas-do-ets2\/","title":{"rendered":"Considera\u00e7\u00f5es sobre as despesas das receitas do ETS2"},"content":{"rendered":"<p>[et_pb_section fb_built=&#8221;1&#8243; _builder_version=&#8221;4.27.4&#8243; _module_preset=&#8221;default&#8221; background_color=&#8221;#F0EFEE&#8221; background_image=&#8221;https:\/\/life-effect.org\/wp-content\/uploads\/2025\/10\/Life-effect-background-02-sky.png&#8221; background_position=&#8221;top_left&#8221; min_height=&#8221;2598.4px&#8221; custom_padding=&#8221;163px|||0px||&#8221; global_colors_info=&#8221;{}&#8221;][et_pb_row _builder_version=&#8221;4.27.4&#8243; _module_preset=&#8221;default&#8221; width=&#8221;91.5%&#8221; module_alignment=&#8221;center&#8221; min_height=&#8221;157.3px&#8221; custom_margin=&#8221;0px|auto|-55px|180px|false|false&#8221; custom_padding=&#8221;||0px|||&#8221; global_colors_info=&#8221;{}&#8221;][et_pb_column type=&#8221;4_4&#8243; _builder_version=&#8221;4.27.4&#8243; _module_preset=&#8221;default&#8221; global_colors_info=&#8221;{}&#8221;][et_pb_text content_tablet=&#8221;<\/p>\n<p><b>Considera\u00e7\u00f5es sobre as despesas das receitas do ETS2<\/b><\/p>\n<p>&#8221; content_phone=&#8221;<\/p>\n<p><b>Considera\u00e7\u00f5es sobre as despesas das receitas do ETS2<\/b><\/p>\n<p>&#8221; content_last_edited=&#8221;on|phone&#8221; _builder_version=&#8221;4.27.4&#8243; _module_preset=&#8221;default&#8221; text_font=&#8221;&#8211;et_global_heading_font|700|||||||&#8221; text_font_size=&#8221;50px&#8221; text_line_height=&#8221;1.8em&#8221; min_height=&#8221;124.8px&#8221; custom_padding=&#8221;||93px|||&#8221; text_line_height_tablet=&#8221;1.7em&#8221; text_line_height_phone=&#8221;1em&#8221; text_line_height_last_edited=&#8221;on|tablet&#8221; global_colors_info=&#8221;{}&#8221;]<\/p>\n<p style=\"text-align: left\"><b>Considera\u00e7\u00f5es sobre as despesas das receitas do ETS2 <\/b><\/p>\n<p>[\/et_pb_text][\/et_pb_column][\/et_pb_row][et_pb_row _builder_version=&#8221;4.27.4&#8243; _module_preset=&#8221;default&#8221; custom_margin=&#8221;||20px||false|false&#8221; global_colors_info=&#8221;{}&#8221;][et_pb_column type=&#8221;4_4&#8243; _builder_version=&#8221;4.27.4&#8243; _module_preset=&#8221;default&#8221; global_colors_info=&#8221;{}&#8221;][et_pb_video src=&#8221;https:\/\/youtu.be\/8kYXmgHBj0I?si=MFAZCCLCmGzvk3OH&#8221; _builder_version=&#8221;4.27.4&#8243; _module_preset=&#8221;default&#8221; global_colors_info=&#8221;{}&#8221;][\/et_pb_video][\/et_pb_column][\/et_pb_row][et_pb_row _builder_version=&#8221;4.27.4&#8243; _module_preset=&#8221;default&#8221; custom_padding=&#8221;||0px|||&#8221; global_colors_info=&#8221;{}&#8221;][et_pb_column type=&#8221;4_4&#8243; _builder_version=&#8221;4.27.4&#8243; _module_preset=&#8221;default&#8221; global_colors_info=&#8221;{}&#8221;][et_pb_blurb content_max_width=&#8221;100%&#8221; admin_label=&#8221;FContent V20 &#8211; Five &#8211; Empowering businesses across industries&#8221; module_class=&#8221;fc5_blurb&#8221; _builder_version=&#8221;4.27.4&#8243; _module_preset=&#8221;default&#8221; header_font=&#8221;Barlow|600|||||||&#8221; header_text_color=&#8221;#FFFFFF&#8221; header_font_size=&#8221;18px&#8221; header_line_height=&#8221;100%&#8221; body_text_color=&#8221;gcid-heading-color&#8221; width=&#8221;100%&#8221; min_height=&#8221;334.5px&#8221; custom_margin=&#8221;||0px||false|false&#8221; custom_padding=&#8221;0px||0px|0px|false|false&#8221; animation=&#8221;off&#8221; header_font_size_tablet=&#8221;18px&#8221; header_font_size_phone=&#8221;16px&#8221; header_font_size_last_edited=&#8221;on|phone&#8221; custom_css_blurb_title=&#8221;padding-bottom:18px;&#8221; custom_css_blurb_content=&#8221;font-weight:400;&#8221; inline_fonts=&#8221;Sofia Sans&#8221; global_colors_info=&#8221;{%22gcid-heading-color%22:%91%22body_text_color%22%93}&#8221; custom_css_blurb_title_last_edited=&#8221;on|phone&#8221; custom_css_blurb_title_tablet=&#8221;padding-top: 20px;||padding-bottom: 20px;&#8221; custom_css_blurb_title_phone=&#8221;padding-top: 20px;||padding-bottom: 20px;&#8221;]<\/p>\n<p><span style=\"color: #0a0000;font-family: 'Sofia Sans'\">A UE deve colmatar lacunas de investimento anuais de, pelo menos, <a style=\"color: #0a0000;text-decoration: underline\" href=\"https:\/\/www.i4ce.org\/wp-content\/uploads\/2024\/02\/European-Climate-Investment-Deficit-report-An-investment-pathway-for-Europe-future_V1.pdf\">137 mil milh\u00f5es de euros<\/a> no setor da constru\u00e7\u00e3o e de, pelo menos, <a style=\"color: #0a0000;text-decoration: underline\" href=\"https:\/\/www.i4ce.org\/wp-content\/uploads\/2024\/02\/European-Climate-Investment-Deficit-report-An-investment-pathway-for-Europe-future_V1.pdf\"><span style=\"text-decoration: underline\">147 mil milh\u00f5es de euros<\/span><\/a> <span style=\"font-weight: 400\">no setor dos transportes dom\u00e9sticos, a fim de cumprir as suas metas para 2030. As receitas do CELE2 podem desempenhar um papel fundamental na colmata\u00e7\u00e3o desta lacuna. <\/span><\/span><\/p>\n<p><span style=\"color: #0a0000;font-family: 'Sofia Sans'\">Espera-se que o CELE2 gere receitas significativas, estimadas entre <span style=\"text-decoration: underline\"><a style=\"color: #0a0000;text-decoration: underline\" href=\"https:\/\/www.europarl.europa.eu\/thinktank\/en\/document\/EPRS_BRI(2025)772878\">342 mil milh\u00f5es e 570 mil milh\u00f5es de euros entre 2027 e 2032<\/a><\/span>,<span style=\"font-weight: 400\"> dependendo do pre\u00e7o do carbono. No entanto, o seu sucesso depende, em parte, da forma como as suas receitas s\u00e3o utilizadas para compensar os seus impactos, redistribuindo-as aos mais afetados e financiando alternativas limpas e acess\u00edveis aos combust\u00edveis f\u00f3sseis. <\/span><\/span><\/p>\n<p><span style=\"font-family: 'Sofia Sans'\"><span style=\"color: #0a0000\"> <\/span><span style=\"color: #0a0000;font-size: 20px\">A receita total \u00e9 distribu\u00edda por v\u00e1rios canais. At\u00e9 65 mil milh\u00f5es de euros s\u00e3o atribu\u00eddos diretamente ao SCF, sendo posteriormente distribu\u00eddos aos Estados-Membros de acordo com o PIB, a popula\u00e7\u00e3o e a pobreza energ\u00e9tica. Outros 21,6 mil milh\u00f5es de euros s\u00e3o atribu\u00eddos aos Estados-Membros, que podem utiliz\u00e1-los para cofinanciar o SCF, uma vez que t\u00eam de cofinanciar pelo menos 25 % dos seus projetos SCF. A maior parte \u2014 estimada entre 209 e 448 mil milh\u00f5es de euros, dependendo do pre\u00e7o do carbono \u2014 \u00e9 devolvida aos Estados-Membros para \u00abatividades relacionadas com o clima e a energia\u00bb, com diretrizes menos restritivas sobre como deve ser direcionada e maior discricionariedade sobre a sua utiliza\u00e7\u00e3o. <\/span><\/span><\/p>\n<p><span style=\"color: #99ccff\"><a href=\"https:\/\/life-effect.org\/wp-content\/uploads\/2025\/11\/PT-Module-Consideracoes-sobre-as-despesas-das-receitas-do-ETS2.pdf\" title=\"Descarregar o cap\u00edtulo\" style=\"color: #99ccff\"><span style=\"font-family: 'Sofia Sans'\"><span style=\"font-size: 20px\"><strong>Descarregar o cap\u00edtulo<\/strong><\/span><\/span><\/a><\/span><\/p>\n<p>[\/et_pb_blurb][\/et_pb_column][\/et_pb_row][et_pb_row _builder_version=&#8221;4.27.4&#8243; _module_preset=&#8221;default&#8221; custom_margin=&#8221;0px||0px||true|true&#8221; global_colors_info=&#8221;{}&#8221;][et_pb_column type=&#8221;4_4&#8243; _builder_version=&#8221;4.27.4&#8243; _module_preset=&#8221;default&#8221; global_colors_info=&#8221;{}&#8221;][et_pb_accordion open_toggle_text_color=&#8221;gcid-heading-color&#8221; open_toggle_background_color=&#8221;#B7DA9D&#8221; closed_toggle_background_color=&#8221;#B7DA9D&#8221; toggle_icon=&#8221;&#xe050;||divi||400&#8243; icon_color=&#8221;gcid-heading-color&#8221; use_icon_font_size=&#8221;on&#8221; icon_font_size=&#8221;32px&#8221; _builder_version=&#8221;4.27.4&#8243; _module_preset=&#8221;default&#8221; toggle_text_color=&#8221;gcid-heading-color&#8221; toggle_level=&#8221;h1&#8243; toggle_font_size=&#8221;30px&#8221; toggle_letter_spacing=&#8221;0.5px&#8221; closed_toggle_font_size=&#8221;30px&#8221; body_font=&#8221;Sofia Sans||||||||&#8221; border_radii=&#8221;on|20px|20px|20px|20px&#8221; border_width_all=&#8221;3px&#8221; border_color_all=&#8221;gcid-heading-color&#8221; global_colors_info=&#8221;{%22gcid-heading-color%22:%91%22open_toggle_text_color%22,%22toggle_text_color%22,%22border_color_all%22,%22icon_color%22%93}&#8221;][et_pb_accordion_item title=&#8221;Financiamentos para atividades clim\u00e1ticas&#8221; open=&#8221;on&#8221; _builder_version=&#8221;4.27.4&#8243; _module_preset=&#8221;default&#8221; global_colors_info=&#8221;{}&#8221; toggle_level=&#8221;h1&#8243; toggle_font=&#8221;|700|||||||&#8221;]<span style=\"font-weight: 400;color: #000000\">Em resultado da \u00faltima revis\u00e3o do CELE, ap\u00f3s a contribui\u00e7\u00e3o do SCF, 100 % das receitas atribu\u00eddas aos Estados-Membros devem ser gastas em \u00abatividades relacionadas com o clima e a energia\u00bb, tal como especificado no artigo 10.\u00ba, n.\u00ba 3, da diretiva CELE, dando prioridade aos aspetos sociais (artigo 30.\u00ba-D, n.\u00ba 6).<\/span><\/p>\n<p><span style=\"font-weight: 400;color: #000000\">Isto inclui medidas destinadas a contribuir para:<\/span><\/p>\n<ul>\n<li style=\"font-weight: 400\"><span style=\"font-weight: 400;color: #000000\">Descarboniza\u00e7\u00e3o dos edif\u00edcios: reduzir as emiss\u00f5es e as necessidades energ\u00e9ticas para aquecimento e refrigera\u00e7\u00e3o, incluindo a integra\u00e7\u00e3o de energias renov\u00e1veis e medidas conexas, bem como o apoio financeiro a fam\u00edlias de baixos rendimentos em edif\u00edcios com pior desempenho.<\/span><\/li>\n<\/ul>\n<ul>\n<li style=\"font-weight: 400\"><span style=\"font-weight: 400;color: #000000\">Acelerar a mobilidade com emiss\u00f5es zero: apoiar a ado\u00e7\u00e3o de ve\u00edculos el\u00e9tricos, prestar apoio financeiro \u00e0 implanta\u00e7\u00e3o de infraestruturas de recarga. <\/span><\/li>\n<\/ul>\n<ul>\n<li style=\"font-weight: 400\"><span style=\"font-weight: 400;color: #000000\">Promover os transportes p\u00fablicos: incentivar a transi\u00e7\u00e3o para os transportes p\u00fablicos e melhorar a multimodalidade, com apoio financeiro para abordar os aspetos sociais relativos aos utilizadores de transportes com baixos e m\u00e9dios rendimentos. <\/span><\/li>\n<\/ul>\n<ul>\n<li style=\"font-weight: 400\"><span style=\"font-weight: 400;color: #000000\">Financiar o seu PSC: apoiar as medidas descritas no PSC nacional.<\/span><\/li>\n<\/ul>\n<ul>\n<li style=\"font-weight: 400\"><span style=\"font-weight: 400;color: #000000\">Prevenir a dupla contagem: fornecer compensa\u00e7\u00e3o financeira aos consumidores finais de combust\u00edveis nos casos em que a dupla contagem de emiss\u00f5es n\u00e3o pode ser evitada.<\/span><\/li>\n<\/ul>\n<p><span style=\"color: #000000\"><span style=\"font-weight: 400\">No entanto, embora os Estados-Membros sejam livres de decidir o que constitui uma a\u00e7\u00e3o clim\u00e1tica, investiga\u00e7\u00f5es anteriores revelaram que, historicamente, grande parte das receitas do RCLE (Regime de Com\u00e9rcio de Licen\u00e7as de Emiss\u00e3o) foi atribu\u00edda a despesas n\u00e3o adicionais e utilizada para contabilizar despesas j\u00e1 existentes, ou mesmo para financiar investimentos em combust\u00edveis f\u00f3sseis.<br \/><\/span><span style=\"font-weight: 400\">. De acordo com as conclus\u00f5es da WWF, entre 2013 e 2021, apenas 71,9% dos 88,5 mil milh\u00f5es de euros de receitas do CELE foram declarados como tendo sido gastos em a\u00e7\u00f5es clim\u00e1ticas \u2014 um n\u00famero que, por si s\u00f3, \u00e9 enganador, <\/span><span style=\"text-decoration: underline\"><a style=\"color: #000000;text-decoration: underline\" href=\"https:\/\/www.wwf.eu\/?8275441\/ETS-revenues-report-2022\">uma vez que a an\u00e1lise sugere <\/a><\/span>que pelo menos 12,4 mil milh\u00f5es de euros destes chamados gastos clim\u00e1ticos foram destinados a atividades que foram in\u00fateis ou mesmo contraproducentes em termos clim\u00e1ticos. <\/span><\/p>\n<p><span style=\"color: #000000\"><span style=\"font-weight: 400\">Isto reduz a percentagem das receitas do CELE gastas em a\u00e7\u00f5es clim\u00e1ticas genu\u00ednas para apenas 57,8%. A Pol\u00f3nia tem o maior volume de receitas do CELE n\u00e3o atribu\u00eddas a a\u00e7\u00f5es clim\u00e1ticas &#8211; superior a 6,5 mil milh\u00f5es de euros, seguida de perto pela It\u00e1lia. Al\u00e9m disso, os relat\u00f3rios dos Estados-Membros est\u00e3o repletos de inconsist\u00eancias, classifica\u00e7\u00f5es opacas e, em muitos casos, falta de transpar\u00eancia. Pa\u00edses como a \u00c1ustria e os Pa\u00edses Baixos reportaram zero gastos clim\u00e1ticos em alguns anos, citando regras or\u00e7amentais nacionais que impedem a afeta\u00e7\u00e3o de verbas. Outros, como a Fran\u00e7a, transferiram ambiguamente as receitas do CELE para os seus or\u00e7amentos gerais, rotuladas como \u00aba\u00e7\u00e3o clim\u00e1tica\u00bb, sem justifica\u00e7\u00e3o.     <\/span><a style=\"color: #000000;text-decoration: underline\" href=\"https:\/\/bankwatch.org\/publication\/keeping-the-flame-alive-with-emission-revenues-how-the-eu-modernisation-fund-props-up-fossil-gas-and-waste-incineration\">Estas aloca\u00e7\u00f5es<\/a> erradas contradizem os objetivos clim\u00e1ticos da UE e correm o risco de perpetuar sistemas energ\u00e9ticos com elevadas emiss\u00f5es de carbono.<\/span><\/p>\n<p><span style=\"font-weight: 400;color: #000000\">Com a introdu\u00e7\u00e3o do CELE2, os cidad\u00e3os, ao contr\u00e1rio da ind\u00fastria, n\u00e3o receber\u00e3o licen\u00e7as gratuitas, o que significa que o custo total da fixa\u00e7\u00e3o do pre\u00e7o do carbono ser\u00e1 transferido para eles. Se os Estados-Membros continuarem a investir as suas receitas do CELE em sistemas energ\u00e9ticos com elevadas emiss\u00f5es de carbono, correm o risco de consolidar a depend\u00eancia de fontes de energia poluentes e cada vez mais caras. Isto n\u00e3o s\u00f3 atrasa a transi\u00e7\u00e3o para alternativas limpas, como tamb\u00e9m imp\u00f5e encargos financeiros desproporcionais aos cidad\u00e3os, \u00e0 medida que os pre\u00e7os do carbono aumentam, especialmente nos Estados-Membros com rendimentos mais baixos. Sem uma afeta\u00e7\u00e3o de verbas aplic\u00e1vel e regras mais claras sobre as despesas eleg\u00edveis para o clima, o potencial transformador das receitas do CELE continua em risco.<br \/>   <\/span>[\/et_pb_accordion_item][et_pb_accordion_item title=&#8221;Financiamentos para atividades clim\u00e1ticas &#8221; _builder_version=&#8221;4.27.4&#8243; _module_preset=&#8221;default&#8221; global_colors_info=&#8221;{}&#8221; toggle_level=&#8221;h1&#8243; toggle_font=&#8221;|700|||||||&#8221; open=&#8221;off&#8221;]<\/p>\n<p><span style=\"font-weight: 400\">As medidas estruturais que visam mudan\u00e7as a longo prazo devem andar a par com o al\u00edvio tempor\u00e1rio e a prote\u00e7\u00e3o dos consumidores vulner\u00e1veis. Uma combina\u00e7\u00e3o de transfer\u00eancias diretas e investimentos direcionados pode reduzir a desigualdade em mat\u00e9ria de energia e transportes, mas o apoio ao rendimento deve ser direcionado dentro de uma efici\u00eancia razo\u00e1vel dos recursos e acompanhado por investimentos transformadores para abordar a causa principal da pobreza energ\u00e9tica: a depend\u00eancia dos combust\u00edveis f\u00f3sseis. <\/span><\/p>\n<p><span style=\"text-decoration: underline\"><span style=\"color: #000000;text-decoration: underline\"><a style=\"color: #000000;text-decoration: underline\" href=\"https:\/\/life-effect.org\/project\/why-direct-payments-are-necessary-to-make-carbon-pricing-for-households-work-in-the-eu\/\"><span style=\"font-weight: 400\">Os pagamentos diretos direcionados<\/span><\/a><\/span><\/span><span style=\"font-weight: 400\"> proporcionam um al\u00edvio imediato do impacto da fixa\u00e7\u00e3o do pre\u00e7o do carbono, protegendo o poder de compra das fam\u00edlias, e podem ajudar a manter o apoio p\u00fablico \u00e0 transi\u00e7\u00e3o. Se forem efetuados de forma vis\u00edvel e regular, ajudam a manter a confian\u00e7a do p\u00fablico de que as receitas est\u00e3o a ser devolvidas aos cidad\u00e3os, em vez de serem absorvidas pelos or\u00e7amentos gerais. \u00c9 importante referir que, uma vez que estes pagamentos n\u00e3o est\u00e3o ligados ao uso de combust\u00edveis f\u00f3sseis, n\u00e3o enfraquecem o sinal do pre\u00e7o do carbono. <\/span><\/p>\n<p><span style=\"font-weight: 400\">N\u00e3o existe uma abordagem \u00fanica; os Estados-Membros t\u00eam flexibilidade para conceber regimes de pagamento adequados ao seu contexto nacional. Alguns podem optar por uma segmenta\u00e7\u00e3o baseada no rendimento, enquanto outros podem utilizar crit\u00e9rios geogr\u00e1ficos ou demogr\u00e1ficos, ou combinar pagamentos universais com tributa\u00e7\u00e3o progressiva. O que importa \u00e9 que o apoio chegue \u00e0queles que mais precisam, de uma forma vis\u00edvel, justa e administrativamente vi\u00e1vel. Os pagamentos diretos bem concebidos e socialmente direcionados n\u00e3o substituem o investimento estrutural, mas s\u00e3o antes um pilar necess\u00e1rio de uma transi\u00e7\u00e3o justa. <\/span><\/p>\n<p><span style=\"font-weight: 400\">A legisla\u00e7\u00e3o da UE oferece m\u00faltiplas vias para apoiar pagamentos direcionados para aqueles que s\u00e3o mais afetados pela pobreza energ\u00e9tica. O SCF permite que at\u00e9 37,5 % da sua dota\u00e7\u00e3o seja utilizada para apoio direto tempor\u00e1rio ao rendimento, mas o seu limite m\u00e1ximo restringe o seu impacto, especialmente se os pre\u00e7os subirem inesperadamente. Por conseguinte, as receitas do CELE2 fora do SCF \u2014 atribu\u00eddas diretamente aos Estados-Membros \u2014 tornam-se uma fonte de financiamento cr\u00edtica. A Diretiva CELE j\u00e1 incentiva a prioriza\u00e7\u00e3o de utiliza\u00e7\u00f5es que abordem os aspetos sociais do com\u00e9rcio de emiss\u00f5es, incluindo disposi\u00e7\u00f5es espec\u00edficas para apoio financeiro para abordar os aspetos sociais relativos aos utilizadores de rendimentos baixos e m\u00e9dios. <\/span><\/p>\n<p>[\/et_pb_accordion_item][et_pb_accordion_item title=&#8221;Benef\u00edcio social clim\u00e1tico&#8221; _builder_version=&#8221;4.27.4&#8243; _module_preset=&#8221;default&#8221; global_colors_info=&#8221;{}&#8221; toggle_level=&#8221;h1&#8243; toggle_font=&#8221;|700|||||||&#8221; open=&#8221;off&#8221;]<\/p>\n<p><span style=\"color: #000000\">Com a UE a enfrentar um d\u00e9fice de investimento anual de<span style=\"text-decoration: underline\"><a style=\"color: #000000;text-decoration: underline\" href=\"https:\/\/etxtra.org\/ets-revenue-use-maximising-social-and-climate-benefit\/#:~:text=As%20we%20are%20currently%20faced,a%20resilient%20renewable%20energy%20system.\"> 240 mil milh\u00f5es de euros<\/a><\/span> para descarbonizar edif\u00edcios e transportes, as receitas do CELE2 oferecem uma oportunidade crucial para colmatar este d\u00e9fice, proporcionando simultaneamente melhorias reais na vida quotidiana das pessoas &#8211; casas mais quentes, ar mais limpo e contas de energia mais baixas. <\/span><\/p>\n<p><span style=\"color: #000000\"><span style=\"font-weight: 400\">Quando utilizadas estrategicamente, estas receitas podem ir al\u00e9m de aliviar o custo da fixa\u00e7\u00e3o do pre\u00e7o do carbono e ajudar a impulsionar o progresso social e econ\u00f3mico a longo prazo. Atualmente, muitas fam\u00edlias enfrentam a pobreza energ\u00e9tica: em 2024, <\/span><span style=\"text-decoration: underline\"><a style=\"color: #000000;text-decoration: underline\" href=\"https:\/\/energy-poverty.ec.europa.eu\/epah-indicators?indicator-inability+tkphmdqt+warm-eurostat+households-total+bynts+region-nuts+2-country-all+indicators-2024\"><span style=\"font-weight: 400\">9 % das fam\u00edlias da UE n\u00e3o conseguem manter as suas casas adequadamente aquecidas,<\/span><\/a><\/span><span style=\"font-weight: 400\">com a percentagem a ultrapassar os 15 % na Gr\u00e9cia, Bulg\u00e1ria, Litu\u00e2nia, Espanha e Portugal. Ao combater a pobreza energ\u00e9tica e de transportes, especialmente entre os grupos vulner\u00e1veis, a transi\u00e7\u00e3o n\u00e3o \u00e9 apenas de baixo carbono, mas tamb\u00e9m socialmente ben\u00e9fica. <\/span><\/span><\/p>\n<p><span style=\"color: #000000\">Os investimentos em efici\u00eancia energ\u00e9tica, transportes p\u00fablicos e energias renov\u00e1veis tamb\u00e9m proporcionam importantes benef\u00edcios para a sa\u00fade, reduzindo a polui\u00e7\u00e3o atmosf\u00e9rica, que ainda <span style=\"text-decoration: underline\"><a style=\"color: #000000;text-decoration: underline\" href=\"https:\/\/www.eea.europa.eu\/en\/topics\/in-depth\/air-pollution\/air-pollution-country-fact-sheets-2024\/quick-country-facts?activeAccordion=cff1c6f1-fa24-4cd9-9685-d1951149e0e1%2C2b13e078-fb64-4391-8e8e-5a4f6df49f45%2C5d4dc6e7-2aff-49f1-a614-e0e7d759e260\">causa centenas de milhares de mortes prematuras na UE <\/a><\/span>todos os anos.<span style=\"font-weight: 400\">Refor\u00e7am igualmente a seguran\u00e7a energ\u00e9tica da Europa, reduzindo a depend\u00eancia dos combust\u00edveis f\u00f3sseis importados, protegendo os cidad\u00e3os dos choques de pre\u00e7os e refor\u00e7ando a soberania da Europa. Investimentos bem direcionados podem apoiar a cria\u00e7\u00e3o de empregos locais, melhorar a competitividade e fortalecer o desenvolvimento regional. O setor da constru\u00e7\u00e3o, <\/span><span style=\"text-decoration: underline\"><a style=\"color: #000000;text-decoration: underline\" href=\"https:\/\/www.bpie.eu\/publication\/delivering-the-epbd-a-guide-towards-better-affordable-and-more-resilient-buildings-for-all-in-europe\/\"><span style=\"font-weight: 400\">por si s\u00f3, representa mais de 10%<\/span><\/a><\/span><span style=\"font-weight: 400\"> do PIB da UE e \u00e9 dominado por PME, o que significa que renova\u00e7\u00f5es energ\u00e9ticas em grande escala podem desencadear oportunidades de neg\u00f3cios significativas e criar milhares de empregos verdes preparados para o futuro. Da mesma forma, acelerar a ado\u00e7\u00e3o de ve\u00edculos el\u00e9tricos no transporte rodovi\u00e1rio poderia sustentar os atuais empregos e n\u00edveis de produ\u00e7\u00e3o automotiva na Europa, <\/span>ao mesmo tempo que criaria novas oportunidades<a style=\"color: #000000;text-decoration: underline\" href=\"https:\/\/www.transportenvironment.org\/articles\/europes-automotive-industry-at-a-crossroads\">. A T&amp;E descobriu que 100 000 novos empregos<\/a> poderiam ser criados na cadeia de abastecimento de baterias e 120 000 na infraestrutura de carregamento at\u00e9 2035.<span style=\"text-decoration: underline\"><a style=\"color: #000000;text-decoration: underline\" href=\"https:\/\/caneurope.org\/content\/uploads\/2024\/01\/CAN-Europe-co-benefits-of-climate-action_REPORT.pdf\"> Estudos<\/a><\/span> concluem que a UE poderia gerar mais de um trili\u00e3o de euros em benef\u00edcios socioecon\u00f3micos at\u00e9 2030, se investir numa trajet\u00f3ria de transi\u00e7\u00e3o mais ambiciosa.<\/span><\/p>\n<p>[\/et_pb_accordion_item][\/et_pb_accordion][\/et_pb_column][\/et_pb_row][et_pb_row _builder_version=&#8221;4.27.4&#8243; _module_preset=&#8221;default&#8221; background_image=&#8221;https:\/\/life-effect.org\/wp-content\/uploads\/2025\/10\/Streetpattern-01-light-green.png&#8221; custom_margin=&#8221;40px||40px||true|false&#8221; custom_padding=&#8221;60px|40px|60px|40px|true|true&#8221; border_radii=&#8221;on|30px|30px|30px|30px&#8221; border_width_all=&#8221;4px&#8221; border_color_all=&#8221;#FFC6ED&#8221; global_colors_info=&#8221;{}&#8221;][et_pb_column type=&#8221;4_4&#8243; _builder_version=&#8221;4.27.4&#8243; _module_preset=&#8221;default&#8221; global_colors_info=&#8221;{}&#8221;][et_pb_text _builder_version=&#8221;4.27.4&#8243; _module_preset=&#8221;default&#8221; text_font=&#8221;&#8211;et_global_heading_font|700|||||||&#8221; header_font=&#8221;&#8211;et_global_heading_font|700|||||||&#8221; header_text_align=&#8221;center&#8221; header_text_color=&#8221;gcid-body-color&#8221; header_font_size=&#8221;50px&#8221; global_colors_info=&#8221;{%22gcid-body-color%22:%91%22header_text_color%22%93}&#8221;]<\/p>\n<h1>Considera\u00e7\u00f5es sobre<\/h1>\n<h1>as despesas das receitas do ETS2<\/h1>\n<p>[\/et_pb_text][et_pb_button button_url=&#8221;https:\/\/life-effect.org\/considerations-for-ets2-revenue-spending-quiz\/&#8221; url_new_window=&#8221;on&#8221; button_text=&#8221;fa\u00e7a um teste&#8221; button_alignment=&#8221;center&#8221; _builder_version=&#8221;4.27.4&#8243; _module_preset=&#8221;default&#8221; global_colors_info=&#8221;{}&#8221;][\/et_pb_button][\/et_pb_column][\/et_pb_row][et_pb_row column_structure=&#8221;1_2,1_2&#8243; _builder_version=&#8221;4.27.4&#8243; _module_preset=&#8221;default&#8221; global_colors_info=&#8221;{}&#8221;][et_pb_column type=&#8221;1_2&#8243; _builder_version=&#8221;4.27.4&#8243; _module_preset=&#8221;default&#8221; global_colors_info=&#8221;{}&#8221;][et_pb_button button_url=&#8221;https:\/\/life-effect.org\/pt-pt\/fundo-social-para-o-clima\/&#8221; url_new_window=&#8221;on&#8221; button_text=&#8221;Fundo Social para o Clima&#8221; button_alignment=&#8221;left&#8221; _builder_version=&#8221;4.27.4&#8243; _module_preset=&#8221;default&#8221; button_text_color=&#8221;gcid-heading-color&#8221; button_bg_color=&#8221;RGBA(255,255,255,0)&#8221; button_bg_enable_image=&#8221;off&#8221; global_colors_info=&#8221;{%22gcid-heading-color%22:%91%22button_text_color%22%93}&#8221;][\/et_pb_button][\/et_pb_column][et_pb_column type=&#8221;1_2&#8243; _builder_version=&#8221;4.27.4&#8243; _module_preset=&#8221;default&#8221; global_colors_info=&#8221;{}&#8221;][et_pb_button button_url=&#8221;https:\/\/life-effect.org\/pt-pt\/qual-sera-o-preco\/&#8221; button_text=&#8221;Qual ser\u00e1 o pre\u00e7o?&#8221; _builder_version=&#8221;4.27.4&#8243; _module_preset=&#8221;default&#8221; button_text_color=&#8221;gcid-heading-color&#8221; button_bg_color=&#8221;RGBA(255,255,255,0)&#8221; button_bg_enable_image=&#8221;off&#8221; global_colors_info=&#8221;{%22gcid-heading-color%22:%91%22button_text_color%22%93}&#8221;][\/et_pb_button][\/et_pb_column][\/et_pb_row][\/et_pb_section]<\/p>\n","protected":false},"excerpt":{"rendered":"<p>Considera\u00e7\u00f5es sobre as despesas das receitas do ETS2 A UE deve colmatar lacunas de investimento anuais de, pelo menos, 137 mil milh\u00f5es de euros no setor da constru\u00e7\u00e3o e de, pelo menos, 147 mil milh\u00f5es de euros no setor dos transportes dom\u00e9sticos, a fim de cumprir as suas metas para 2030. As receitas do CELE2 [&hellip;]<\/p>\n","protected":false},"author":20,"featured_media":0,"parent":0,"menu_order":0,"comment_status":"closed","ping_status":"closed","template":"","meta":{"_acf_changed":false,"_et_pb_use_builder":"on","_et_pb_old_content":"","_et_gb_content_width":"","_monsterinsights_skip_tracking":false,"_monsterinsights_sitenote_active":false,"_monsterinsights_sitenote_note":"","_monsterinsights_sitenote_category":0,"footnotes":""},"class_list":["post-407504","page","type-page","status-publish","hentry"],"acf":[],"yoast_head":"<!-- This site is optimized with the Yoast SEO plugin v27.5 - https:\/\/yoast.com\/product\/yoast-seo-wordpress\/ -->\n<title>Considera\u00e7\u00f5es sobre as despesas das receitas do ETS2 - LIFE Effect<\/title>\n<meta name=\"robots\" content=\"index, follow, max-snippet:-1, max-image-preview:large, max-video-preview:-1\" \/>\n<link rel=\"canonical\" href=\"https:\/\/life-effect.org\/pt-pt\/consideracoes-sobre-as-despesas-das-receitas-do-ets2\/\" \/>\n<meta property=\"og:locale\" content=\"pt_PT\" \/>\n<meta property=\"og:type\" content=\"article\" \/>\n<meta property=\"og:title\" content=\"Considera\u00e7\u00f5es sobre as despesas das receitas do ETS2 - LIFE Effect\" \/>\n<meta property=\"og:description\" content=\"Considera\u00e7\u00f5es sobre as despesas das receitas do ETS2 A UE deve colmatar lacunas de investimento anuais de, pelo menos, 137 mil milh\u00f5es de euros no setor da constru\u00e7\u00e3o e de, pelo menos, 147 mil milh\u00f5es de euros no setor dos transportes dom\u00e9sticos, a fim de cumprir as suas metas para 2030. As receitas do CELE2 [&hellip;]\" \/>\n<meta property=\"og:url\" content=\"https:\/\/life-effect.org\/pt-pt\/consideracoes-sobre-as-despesas-das-receitas-do-ets2\/\" \/>\n<meta property=\"og:site_name\" content=\"LIFE Effect\" \/>\n<meta property=\"article:modified_time\" content=\"2025-11-27T15:08:21+00:00\" \/>\n<meta name=\"twitter:card\" content=\"summary_large_image\" \/>\n<meta name=\"twitter:label1\" content=\"Tempo estimado de leitura\" \/>\n\t<meta name=\"twitter:data1\" content=\"13 minutos\" \/>\n<script type=\"application\/ld+json\" class=\"yoast-schema-graph\">{\"@context\":\"https:\\\/\\\/schema.org\",\"@graph\":[{\"@type\":\"WebPage\",\"@id\":\"https:\\\/\\\/life-effect.org\\\/pt-pt\\\/consideracoes-sobre-as-despesas-das-receitas-do-ets2\\\/\",\"url\":\"https:\\\/\\\/life-effect.org\\\/pt-pt\\\/consideracoes-sobre-as-despesas-das-receitas-do-ets2\\\/\",\"name\":\"Considera\u00e7\u00f5es sobre as despesas das receitas do ETS2 - LIFE Effect\",\"isPartOf\":{\"@id\":\"https:\\\/\\\/life-effect.org\\\/pt-pt\\\/#website\"},\"datePublished\":\"2025-11-13T09:59:20+00:00\",\"dateModified\":\"2025-11-27T15:08:21+00:00\",\"breadcrumb\":{\"@id\":\"https:\\\/\\\/life-effect.org\\\/pt-pt\\\/consideracoes-sobre-as-despesas-das-receitas-do-ets2\\\/#breadcrumb\"},\"inLanguage\":\"pt-PT\",\"potentialAction\":[{\"@type\":\"ReadAction\",\"target\":[\"https:\\\/\\\/life-effect.org\\\/pt-pt\\\/consideracoes-sobre-as-despesas-das-receitas-do-ets2\\\/\"]}]},{\"@type\":\"BreadcrumbList\",\"@id\":\"https:\\\/\\\/life-effect.org\\\/pt-pt\\\/consideracoes-sobre-as-despesas-das-receitas-do-ets2\\\/#breadcrumb\",\"itemListElement\":[{\"@type\":\"ListItem\",\"position\":1,\"name\":\"Home\",\"item\":\"https:\\\/\\\/life-effect.org\\\/pt-pt\\\/\"},{\"@type\":\"ListItem\",\"position\":2,\"name\":\"Considera\u00e7\u00f5es sobre as despesas das receitas do ETS2\"}]},{\"@type\":\"WebSite\",\"@id\":\"https:\\\/\\\/life-effect.org\\\/pt-pt\\\/#website\",\"url\":\"https:\\\/\\\/life-effect.org\\\/pt-pt\\\/\",\"name\":\"LIFE Effect\",\"description\":\"For carbon pricing that puts people and planet first\",\"potentialAction\":[{\"@type\":\"SearchAction\",\"target\":{\"@type\":\"EntryPoint\",\"urlTemplate\":\"https:\\\/\\\/life-effect.org\\\/pt-pt\\\/?s={search_term_string}\"},\"query-input\":{\"@type\":\"PropertyValueSpecification\",\"valueRequired\":true,\"valueName\":\"search_term_string\"}}],\"inLanguage\":\"pt-PT\"}]}<\/script>\n<!-- \/ Yoast SEO plugin. -->","yoast_head_json":{"title":"Considera\u00e7\u00f5es sobre as despesas das receitas do ETS2 - LIFE Effect","robots":{"index":"index","follow":"follow","max-snippet":"max-snippet:-1","max-image-preview":"max-image-preview:large","max-video-preview":"max-video-preview:-1"},"canonical":"https:\/\/life-effect.org\/pt-pt\/consideracoes-sobre-as-despesas-das-receitas-do-ets2\/","og_locale":"pt_PT","og_type":"article","og_title":"Considera\u00e7\u00f5es sobre as despesas das receitas do ETS2 - LIFE Effect","og_description":"Considera\u00e7\u00f5es sobre as despesas das receitas do ETS2 A UE deve colmatar lacunas de investimento anuais de, pelo menos, 137 mil milh\u00f5es de euros no setor da constru\u00e7\u00e3o e de, pelo menos, 147 mil milh\u00f5es de euros no setor dos transportes dom\u00e9sticos, a fim de cumprir as suas metas para 2030. As receitas do CELE2 [&hellip;]","og_url":"https:\/\/life-effect.org\/pt-pt\/consideracoes-sobre-as-despesas-das-receitas-do-ets2\/","og_site_name":"LIFE Effect","article_modified_time":"2025-11-27T15:08:21+00:00","twitter_card":"summary_large_image","twitter_misc":{"Tempo estimado de leitura":"13 minutos"},"schema":{"@context":"https:\/\/schema.org","@graph":[{"@type":"WebPage","@id":"https:\/\/life-effect.org\/pt-pt\/consideracoes-sobre-as-despesas-das-receitas-do-ets2\/","url":"https:\/\/life-effect.org\/pt-pt\/consideracoes-sobre-as-despesas-das-receitas-do-ets2\/","name":"Considera\u00e7\u00f5es sobre as despesas das receitas do ETS2 - LIFE Effect","isPartOf":{"@id":"https:\/\/life-effect.org\/pt-pt\/#website"},"datePublished":"2025-11-13T09:59:20+00:00","dateModified":"2025-11-27T15:08:21+00:00","breadcrumb":{"@id":"https:\/\/life-effect.org\/pt-pt\/consideracoes-sobre-as-despesas-das-receitas-do-ets2\/#breadcrumb"},"inLanguage":"pt-PT","potentialAction":[{"@type":"ReadAction","target":["https:\/\/life-effect.org\/pt-pt\/consideracoes-sobre-as-despesas-das-receitas-do-ets2\/"]}]},{"@type":"BreadcrumbList","@id":"https:\/\/life-effect.org\/pt-pt\/consideracoes-sobre-as-despesas-das-receitas-do-ets2\/#breadcrumb","itemListElement":[{"@type":"ListItem","position":1,"name":"Home","item":"https:\/\/life-effect.org\/pt-pt\/"},{"@type":"ListItem","position":2,"name":"Considera\u00e7\u00f5es sobre as despesas das receitas do ETS2"}]},{"@type":"WebSite","@id":"https:\/\/life-effect.org\/pt-pt\/#website","url":"https:\/\/life-effect.org\/pt-pt\/","name":"LIFE Effect","description":"For carbon pricing that puts people and planet first","potentialAction":[{"@type":"SearchAction","target":{"@type":"EntryPoint","urlTemplate":"https:\/\/life-effect.org\/pt-pt\/?s={search_term_string}"},"query-input":{"@type":"PropertyValueSpecification","valueRequired":true,"valueName":"search_term_string"}}],"inLanguage":"pt-PT"}]}},"_links":{"self":[{"href":"https:\/\/life-effect.org\/pt-pt\/wp-json\/wp\/v2\/pages\/407504","targetHints":{"allow":["GET"]}}],"collection":[{"href":"https:\/\/life-effect.org\/pt-pt\/wp-json\/wp\/v2\/pages"}],"about":[{"href":"https:\/\/life-effect.org\/pt-pt\/wp-json\/wp\/v2\/types\/page"}],"author":[{"embeddable":true,"href":"https:\/\/life-effect.org\/pt-pt\/wp-json\/wp\/v2\/users\/20"}],"replies":[{"embeddable":true,"href":"https:\/\/life-effect.org\/pt-pt\/wp-json\/wp\/v2\/comments?post=407504"}],"version-history":[{"count":5,"href":"https:\/\/life-effect.org\/pt-pt\/wp-json\/wp\/v2\/pages\/407504\/revisions"}],"predecessor-version":[{"id":408182,"href":"https:\/\/life-effect.org\/pt-pt\/wp-json\/wp\/v2\/pages\/407504\/revisions\/408182"}],"wp:attachment":[{"href":"https:\/\/life-effect.org\/pt-pt\/wp-json\/wp\/v2\/media?parent=407504"}],"curies":[{"name":"wp","href":"https:\/\/api.w.org\/{rel}","templated":true}]}}