{"id":407526,"date":"2025-11-13T10:35:11","date_gmt":"2025-11-13T09:35:11","guid":{"rendered":"https:\/\/life-effect.org\/fundo-social-para-o-clima\/"},"modified":"2025-11-27T15:02:42","modified_gmt":"2025-11-27T14:02:42","slug":"fundo-social-para-o-clima","status":"publish","type":"page","link":"https:\/\/life-effect.org\/pt-pt\/fundo-social-para-o-clima\/","title":{"rendered":"Fundo Social para o Clima"},"content":{"rendered":"<p>[et_pb_section fb_built=&#8221;1&#8243; _builder_version=&#8221;4.27.4&#8243; _module_preset=&#8221;default&#8221; background_color=&#8221;#F0EFEE&#8221; background_image=&#8221;https:\/\/life-effect.org\/wp-content\/uploads\/2025\/10\/Life-effect-background-02-sky.png&#8221; background_position=&#8221;top_left&#8221; min_height=&#8221;2598.4px&#8221; custom_padding=&#8221;163px|||0px||&#8221; global_colors_info=&#8221;{}&#8221;][et_pb_row _builder_version=&#8221;4.27.4&#8243; _module_preset=&#8221;default&#8221; width=&#8221;91.5%&#8221; module_alignment=&#8221;center&#8221; min_height=&#8221;157.3px&#8221; custom_margin=&#8221;0px|auto|-55px|180px|false|false&#8221; custom_padding=&#8221;||0px|||&#8221; global_colors_info=&#8221;{}&#8221;][et_pb_column type=&#8221;4_4&#8243; _builder_version=&#8221;4.27.4&#8243; _module_preset=&#8221;default&#8221; global_colors_info=&#8221;{}&#8221;][et_pb_text content_tablet=&#8221;<\/p>\n<p>Fundo Social para o Clima<\/p>\n<p>&#8221; content_phone=&#8221;<\/p>\n<p>Fundo Social para o Clima<\/p>\n<p>&#8221; content_last_edited=&#8221;on|phone&#8221; _builder_version=&#8221;4.27.4&#8243; _module_preset=&#8221;default&#8221; text_font=&#8221;&#8211;et_global_heading_font|700|||||||&#8221; text_font_size=&#8221;50px&#8221; min_height=&#8221;124.8px&#8221; custom_padding=&#8221;||93px|||&#8221; text_line_height_tablet=&#8221;1.7em&#8221; text_line_height_phone=&#8221;1em&#8221; text_line_height_last_edited=&#8221;on|tablet&#8221; global_colors_info=&#8221;{}&#8221;]<\/p>\n<p style=\"text-align: left\">Fundo Social para o Clima<\/p>\n<p>[\/et_pb_text][\/et_pb_column][\/et_pb_row][et_pb_row _builder_version=&#8221;4.27.4&#8243; _module_preset=&#8221;default&#8221; custom_margin=&#8221;||20px||false|false&#8221; global_colors_info=&#8221;{}&#8221;][et_pb_column type=&#8221;4_4&#8243; _builder_version=&#8221;4.27.4&#8243; _module_preset=&#8221;default&#8221; global_colors_info=&#8221;{}&#8221;][et_pb_video src=&#8221;https:\/\/youtu.be\/i58MmFMOj0M?si=_qj-URzwg2NaLQMg&#8221; _builder_version=&#8221;4.27.4&#8243; _module_preset=&#8221;default&#8221; global_colors_info=&#8221;{}&#8221;][\/et_pb_video][\/et_pb_column][\/et_pb_row][et_pb_row _builder_version=&#8221;4.27.4&#8243; _module_preset=&#8221;default&#8221; custom_padding=&#8221;||0px|||&#8221; global_colors_info=&#8221;{}&#8221;][et_pb_column type=&#8221;4_4&#8243; _builder_version=&#8221;4.27.4&#8243; _module_preset=&#8221;default&#8221; global_colors_info=&#8221;{}&#8221;][et_pb_blurb content_max_width=&#8221;100%&#8221; admin_label=&#8221;FContent V20 &#8211; Five &#8211; Empowering businesses across industries&#8221; module_class=&#8221;fc5_blurb&#8221; _builder_version=&#8221;4.27.4&#8243; _module_preset=&#8221;default&#8221; header_font=&#8221;Sofia Sans|600|||||||&#8221; header_text_color=&#8221;#FFFFFF&#8221; header_font_size=&#8221;18px&#8221; header_line_height=&#8221;100%&#8221; body_font=&#8221;Sofia Sans||||||||&#8221; body_text_color=&#8221;gcid-heading-color&#8221; width=&#8221;100%&#8221; min_height=&#8221;464.5px&#8221; custom_margin=&#8221;||0px||false|false&#8221; custom_padding=&#8221;||0px|0px|false|false&#8221; animation=&#8221;off&#8221; header_font_size_tablet=&#8221;18px&#8221; header_font_size_phone=&#8221;16px&#8221; header_font_size_last_edited=&#8221;on|phone&#8221; custom_css_blurb_title=&#8221;padding-bottom:18px;&#8221; custom_css_blurb_content=&#8221;font-weight:400;&#8221; inline_fonts=&#8221;Sofia Sans&#8221; global_colors_info=&#8221;{%22gcid-heading-color%22:%91%22body_text_color%22%93}&#8221; custom_css_blurb_title_last_edited=&#8221;on|phone&#8221; custom_css_blurb_title_tablet=&#8221;padding-top: 20px;||padding-bottom: 20px;&#8221; custom_css_blurb_title_phone=&#8221;padding-top: 20px;||padding-bottom: 20px;&#8221;]<\/p>\n<p><span style=\"font-weight: 400\">Em resultado do aumento dos custos dos combust\u00edveis e dos transportes imposto pelo CELE2, o Fundo Social para o Clima (SCF) foi criado como resposta a quaisquer impactos socioecon\u00f4micos negativos causados pelo CELE2 em fam\u00edlias vulner\u00e1veis. <\/span>O SCF \u00e9 o primeiro fundo da <span style=\"color: #000000;text-decoration: underline\"><a style=\"color: #000000;text-decoration: underline\" href=\"https:\/\/energy.ec.europa.eu\/topics\/markets-and-consumers\/energy-consumers-and-prosumers\/energy-poverty_en\">UE<\/a><\/span> desenvolvido com o objetivo expl\u00edcito de aliviar a potencial pobreza energ\u00e9tica e de transportes resultante da transi\u00e7\u00e3o para longe dos combust\u00edveis f\u00f3sseis.<\/p>\n<p><span style=\"font-weight: 400\">De 2026 a 2032, o fundo canalizar\u00e1 65 mil milh\u00f5es de euros em apoio direcionado a todos os Estados-Membros da UE. Como o SCF come\u00e7ar\u00e1 a distribuir fundos a partir de 2026, um ano antes do in\u00edcio do CELE2, o SCF \u00e9 financiado por 50 milh\u00f5es de licen\u00e7as do CELE1 e 150 milh\u00f5es de licen\u00e7as do CELE2, at\u00e9 ao valor m\u00e1ximo de 65 mil milh\u00f5es de euros. <\/span><span style=\"text-decoration: underline\"><span style=\"color: #000000;text-decoration: underline\"><a style=\"color: #000000;text-decoration: underline\" href=\"https:\/\/www.sciencedirect.com\/science\/article\/pii\/S2214629625001227\"><span style=\"font-weight: 400\">25 million<\/span><\/a><\/span><\/span><span style=\"font-weight: 400\"> Em geral, tanto a pobreza energ\u00e9tica como a pobreza no transporte s\u00e3o quest\u00f5es complexas, interligadas com vulnerabilidades sociais como baixos rendimentos, idade avan\u00e7ada, defici\u00eancia, sa\u00fade e desvantagens regionais. <\/span><\/p>\n<p>Ao mesmo tempo, existem desigualdades claras nas pegadas de <span style=\"text-decoration: underline;color: #000000\"><a style=\"color: #000000;text-decoration: underline\" href=\"https:\/\/www.iea.org\/data-and-statistics\/charts\/energy-related-co2-emissions-per-capita-by-income-decile-in-selected-countries-and-regions-2021\">carbono em toda a UE<\/a><\/span>:<span style=\"font-weight: 400\">os 10 % mais ricos emitem cerca de quatro vezes mais do que a pessoa mediana e at\u00e9 16 vezes mais do que os 10% mais pobres. No que diz respeito ao transporte rodovi\u00e1rio e aos edif\u00edcios, rendimentos mais elevados significam geralmente mais casas ou casas maiores para aquecer e mais carros na estrada. Os agregados familiares mais ricos n\u00e3o s\u00f3 causam mais emiss\u00f5es, como tamb\u00e9m t\u00eam dinheiro para absorver pre\u00e7os mais elevados do carbono ou para mudar para sistemas de aquecimento e ve\u00edculos mais limpos. Isto torna essencial proteger os grupos vulner\u00e1veis, garantindo simultaneamente que os principais respons\u00e1veis pela polui\u00e7\u00e3o paguem a sua quota-parte. <\/span><\/p>\n<p><span style=\"font-weight: 400\">O montante dispon\u00edvel no Fundo Social para o Clima \u00e9 insuficiente para combater as desigualdades sist\u00e9micas na origem da pobreza energ\u00e9tica e dos transportes, mas, como primeiro fundo deste tipo especificamente destinado \u00e0 pobreza energ\u00e9tica, constitui um passo positivo no sentido de reservar apoio financeiro para fazer face ao impacto social da pol\u00edtica clim\u00e1tica.<\/span><\/p>\n<p><a href=\"https:\/\/life-effect.org\/wp-content\/uploads\/2025\/11\/PT-Module-2.pdf\" title=\"Descarregar o cap\u00edtulo \"><strong>Descarregar o cap\u00edtulo <\/strong><\/a><\/p>\n<p>[\/et_pb_blurb][\/et_pb_column][\/et_pb_row][et_pb_row _builder_version=&#8221;4.27.4&#8243; _module_preset=&#8221;default&#8221; custom_margin=&#8221;0px||0px||true|true&#8221; global_colors_info=&#8221;{}&#8221;][et_pb_column type=&#8221;4_4&#8243; _builder_version=&#8221;4.27.4&#8243; _module_preset=&#8221;default&#8221; global_colors_info=&#8221;{}&#8221;][et_pb_accordion open_toggle_text_color=&#8221;gcid-heading-color&#8221; open_toggle_background_color=&#8221;#B7DA9D&#8221; closed_toggle_background_color=&#8221;#B7DA9D&#8221; toggle_icon=&#8221;&#xe050;||divi||400&#8243; icon_color=&#8221;gcid-heading-color&#8221; use_icon_font_size=&#8221;on&#8221; icon_font_size=&#8221;32px&#8221; _builder_version=&#8221;4.27.4&#8243; _module_preset=&#8221;default&#8221; toggle_text_color=&#8221;gcid-heading-color&#8221; toggle_level=&#8221;h1&#8243; toggle_font_size=&#8221;30px&#8221; toggle_letter_spacing=&#8221;0.5px&#8221; closed_toggle_font_size=&#8221;30px&#8221; body_font=&#8221;Sofia Sans||||||||&#8221; border_radii=&#8221;on|20px|20px|20px|20px&#8221; border_width_all=&#8221;3px&#8221; border_color_all=&#8221;gcid-heading-color&#8221; global_colors_info=&#8221;{%22gcid-heading-color%22:%91%22open_toggle_text_color%22,%22toggle_text_color%22,%22border_color_all%22,%22icon_color%22%93}&#8221;][et_pb_accordion_item title=&#8221;Financiamento do Fundo Social para o Clima &#8221; open=&#8221;on&#8221; _builder_version=&#8221;4.27.4&#8243; _module_preset=&#8221;default&#8221; global_colors_info=&#8221;{}&#8221; toggle_level=&#8221;h1&#8243; toggle_font=&#8221;|700|||||||&#8221;]<\/p>\n<p><span style=\"font-weight: 400\">Em resultado do aumento dos custos dos combust\u00edveis e dos transportes imposto pelo CELE2, o Fundo Social para o Clima (SCF) foi criado como resposta a quaisquer impactos socioecon\u00f4micos negativos causados pelo CELE2 em fam\u00edlias vulner\u00e1veis. O SCF \u00e9 o primeiro fundo da UE desenvolvido com o objetivo expl\u00edcito de aliviar a potencial pobreza energ\u00e9tica e de transportes resultante da transi\u00e7\u00e3o para longe dos combust\u00edveis f\u00f3sseis. De 2026 a 2032, o fundo canalizar\u00e1 65 mil milh\u00f5es de euros em apoio direcionado a todos os Estados-Membros da UE. Como o SCF come\u00e7ar\u00e1 a distribuir fundos a partir de 2026, um ano antes do in\u00edcio do CELE2, o SCF \u00e9 financiado por 50 milh\u00f5es de licen\u00e7as do CELE1 e 150 milh\u00f5es de licen\u00e7as do CELE2, at\u00e9 ao valor m\u00e1ximo de 65 mil milh\u00f5es de euros. 25 % do financiamento dos projetos no \u00e2mbito dos Planos Sociais para o Clima deve provir dos Estados-Membros, elevando o financiamento dispon\u00edvel do SCF para um total de 86,7 mil milh\u00f5es de euros. Os Estados-Membros s\u00e3o livres de cofinanciar os planos, utilizando as receitas do CELE2, e de aumentar a taxa de cofinanciamento para al\u00e9m de 25 %.<br \/><\/span><\/p>\n<p>[\/et_pb_accordion_item][et_pb_accordion_item title=&#8221;Atribui\u00e7\u00e3o do SCF&#8221; _builder_version=&#8221;4.27.4&#8243; _module_preset=&#8221;default&#8221; global_colors_info=&#8221;{}&#8221; toggle_level=&#8221;h1&#8243; toggle_font=&#8221;|700|||||||&#8221; open=&#8221;off&#8221;]<\/p>\n<p>Cada Estado-Membro recebe uma atribui\u00e7\u00e3o do SCF, com base numa avalia\u00e7\u00e3o das necessidades, que tem em conta a percentagem da popula\u00e7\u00e3o em risco de pobreza nas zonas rurais, as emiss\u00f5es de CO2<span style=\"font-weight: 400\"> provenientes do combust\u00edvel utilizado nas habita\u00e7\u00f5es, as habita\u00e7\u00f5es em risco de pobreza com pagamentos em atraso das contas de servi\u00e7os p\u00fablicos, a popula\u00e7\u00e3o total e o RNB (Rendimento Nacional Bruto) per capita. Como resultado, a Pol\u00f3nia (17,6% do or\u00e7amento do SCF), Fran\u00e7a (11,2%), It\u00e1lia (10,8%), Espanha (10,5%) e Rom\u00e9nia (9,3%) receber\u00e3o o maior financiamento. Existe um mecanismo de solidariedade incorporado no SCF, uma vez que os Estados-Membros com maiores necessidades receber\u00e3o proporcionalmente mais financiamento em compara\u00e7\u00e3o com o pre\u00e7o CELE2 que pagam. Por exemplo, a Bulg\u00e1ria \u00e9 um benefici\u00e1rio l\u00edquido do fundo, recebendo uma dota\u00e7\u00e3o de financiamento maior em rela\u00e7\u00e3o \u00e0 sua quota de emiss\u00f5es.<br \/><\/span><\/p>\n<p>[\/et_pb_accordion_item][et_pb_accordion_item title=&#8221;Gastar o Fundo Social para o Clima&#8221; _builder_version=&#8221;4.27.4&#8243; _module_preset=&#8221;default&#8221; global_colors_info=&#8221;{}&#8221; toggle_level=&#8221;h1&#8243; toggle_font=&#8221;|700|||||||&#8221; open=&#8221;off&#8221;]<\/p>\n<p><span style=\"font-weight: 400\">Cada Estado-Membro recebe uma atribui\u00e7\u00e3o do SCF, com base numa avalia\u00e7\u00e3o das necessidades, que tem em conta a percentagem da popula\u00e7\u00e3o em risco de pobreza nas zonas rurais, as emiss\u00f5es de CO2 provenientes do combust\u00edvel utilizado nas habita\u00e7\u00f5es, as habita\u00e7\u00f5es em risco de pobreza com pagamentos em atraso das contas de servi\u00e7os p\u00fablicos, a popula\u00e7\u00e3o total e o RNB (Rendimento Nacional Bruto) per capita. Como resultado, a Pol\u00f3nia (17,6% do or\u00e7amento do SCF), Fran\u00e7a (11,2%), It\u00e1lia (10,8%), Espanha (10,5%) e Rom\u00e9nia (9,3%) receber\u00e3o o maior financiamento. Existe um mecanismo de solidariedade incorporado no SCF, uma vez que os Estados-Membros com maiores necessidades receber\u00e3o proporcionalmente mais financiamento em compara\u00e7\u00e3o com o pre\u00e7o CELE2 que pagam. Por exemplo, a Bulg\u00e1ria \u00e9 um benefici\u00e1rio l\u00edquido do fundo, recebendo uma dota\u00e7\u00e3o de financiamento maior em rela\u00e7\u00e3o \u00e0 sua quota de emiss\u00f5es. <\/span><\/p>\n<p><span style=\"font-weight: 400\">Um montante limitado, at\u00e9 37,5 % do fundo, pode ser gasto em apoio direto tempor\u00e1rio ao rendimento, uma vez que muitos investimentos, como a renova\u00e7\u00e3o de uma habita\u00e7\u00e3o ou a melhoria de uma linha de transportes p\u00fablicos, podem demorar v\u00e1rios anos. Durante esse per\u00edodo, as fam\u00edlias vulner\u00e1veis que dependem do apoio p\u00fablico para esses investimentos est\u00e3o expostas ao pre\u00e7o do carbono, podendo ser necess\u00e1rio apoio monet\u00e1rio.<br \/><\/span><\/p>\n<p><span style=\"font-weight: 400\">Outros 2,5 % est\u00e3o dispon\u00edveis para a realiza\u00e7\u00e3o de consultas p\u00fablicas, atividades de comunica\u00e7\u00e3o, realiza\u00e7\u00e3o de estudos ou presta\u00e7\u00e3o de assist\u00eancia t\u00e9cnica e refor\u00e7o das capacidades dos organismos de execu\u00e7\u00e3o. Esta categoria pode abranger a forma\u00e7\u00e3o para garantir a gest\u00e3o adequada do fundo e a concretiza\u00e7\u00e3o dos seus objetivos ou a cria\u00e7\u00e3o de \u00abbalc\u00f5es \u00fanicos\u00bb para ajudar os cidad\u00e3os a superar as dificuldades em beneficiar dos programas governamentais relacionados com a renova\u00e7\u00e3o de habita\u00e7\u00f5es.<br \/><\/span><\/p>\n<p>[\/et_pb_accordion_item][et_pb_accordion_item title=&#8221;Processo do Plano Social para o Clima&#8221; _builder_version=&#8221;4.27.4&#8243; _module_preset=&#8221;default&#8221; global_colors_info=&#8221;{}&#8221; toggle_level=&#8221;h1&#8243; toggle_font=&#8221;|700|||||||&#8221; open=&#8221;off&#8221;]<\/p>\n<p><span style=\"font-weight: 400\">Os Estados-Membros podem aceder aos fundos do SCF atrav\u00e9s da apresenta\u00e7\u00e3o de Planos Sociais para o Clima (PSC) nacionais, que deveriam ser apresentados em junho de 2025, prazo que apenas a Su\u00e9cia e a Let\u00f3nia cumpriram. Os PSC devem ser aprovados pela Comiss\u00e3o, ap\u00f3s um processo de consulta obrigat\u00f3rio com as autoridades locais e regionais, representantes dos parceiros econ\u00f3micos e sociais, da sociedade civil e das organiza\u00e7\u00f5es juvenis, bem como outras partes interessadas. Ap\u00f3s a apresenta\u00e7\u00e3o, a Comiss\u00e3o disp\u00f5e de dois meses para solicitar informa\u00e7\u00f5es adicionais ou fazer observa\u00e7\u00f5es, podendo o Estado-Membro rever o plano, se necess\u00e1rio. Os planos s\u00e3o avaliados com base na sua relev\u00e2ncia, efic\u00e1cia, efici\u00eancia e coer\u00eancia. A decis\u00e3o final \u00e9 tomada no prazo de cinco meses a contar da apresenta\u00e7\u00e3o.<br \/><\/span><\/p>\n<p><span style=\"font-weight: 400\">Uma avalia\u00e7\u00e3o positiva conduz a um ato da Comiss\u00e3o que descreve todas as informa\u00e7\u00f5es relacionadas com a implementa\u00e7\u00e3o do PSC, incluindo a dota\u00e7\u00e3o financeira m\u00e1xima e a contribui\u00e7\u00e3o nacional. O desembolso do financiamento est\u00e1 condicionado ao cumprimento dos marcos e metas descritos no plano. Os Estados-Membros podem solicitar pagamentos duas vezes por ano, com os primeiros pagamentos a come\u00e7arem em 2026. Os Estados-Membros s\u00e3o obrigados a alterar os seus PSC se estes deixarem de ser exequ\u00edveis ou exigirem ajustamentos significativos. A Comiss\u00e3o pode rejeitar o plano alterado ap\u00f3s dar ao Estado-Membro a oportunidade de comunicar as suas conclus\u00f5es e fornecer explica\u00e7\u00f5es para as discrep\u00e2ncias. <\/span><\/p>\n<p><span style=\"font-weight: 400\">O Plano Social para o Clima de cada Estado-Membro deve incluir: <\/span><\/p>\n<ul>\n<li><span style=\"font-weight: 400\"> Uma estimativa dos efeitos previstos dos aumentos de pre\u00e7os resultantes da introdu\u00e7\u00e3o do CELE2, particularmente em rela\u00e7\u00e3o \u00e0 pobreza energ\u00e9tica e de transportes.<\/span><\/li>\n<\/ul>\n<p>&nbsp;<\/p>\n<ul>\n<li><span style=\"font-weight: 400\"> O n\u00famero estimado e a identifica\u00e7\u00e3o dos agregados familiares vulner\u00e1veis, das microempresas e dos utilizadores de transportes (transportes p\u00fablicos e ve\u00edculos particulares).<\/span><\/li>\n<\/ul>\n<p>&nbsp;<\/p>\n<ul>\n<li><span style=\"font-weight: 400\"> Pol\u00edticas e investimentos concretos previstos para reduzir os efeitos negativos do aumento dos pre\u00e7os nestes grupos-alvo, incluindo apoio tempor\u00e1rio ao rendimento e medidas de descarboniza\u00e7\u00e3o a longo prazo.<\/span><\/li>\n<\/ul>\n<p>&nbsp;<\/p>\n<ul>\n<li><span style=\"font-weight: 400\"> Marcos, metas e indicadores para acompanhar a implementa\u00e7\u00e3o e conclus\u00e3o at\u00e9 meados de 2032. <\/span><\/li>\n<\/ul>\n<p>&nbsp;<\/p>\n<ul>\n<li><span style=\"font-weight: 400\"> Custos do plano e explica\u00e7\u00e3o de como \u00e9 garantida a efici\u00eancia dos custos. <\/span><\/li>\n<\/ul>\n<p>&nbsp;<\/p>\n<ul>\n<li><span style=\"font-weight: 400\"> Explica\u00e7\u00e3o de como o plano cumpre o princ\u00edpio de \u00abn\u00e3o causar danos significativos\u00bb. <\/span><\/li>\n<\/ul>\n<p>&nbsp;<\/p>\n<ul>\n<li><span style=\"font-weight: 400\"> Informa\u00e7\u00f5es detalhadas sobre os processos de consulta p\u00fablica utilizados para criar o plano. Deve ser realizada uma consulta p\u00fablica com as autoridades locais e regionais, representantes dos parceiros econ\u00f3micos e sociais, organiza\u00e7\u00f5es da sociedade civil relevantes, organiza\u00e7\u00f5es juvenis e outras partes interessadas. O pr\u00f3prio plano deve conter um resumo dessas consultas, que ser\u00e1 considerado na avalia\u00e7\u00e3o da Comiss\u00e3o. <\/span><\/li>\n<\/ul>\n<p>&nbsp;<\/p>\n<p>[\/et_pb_accordion_item][\/et_pb_accordion][\/et_pb_column][\/et_pb_row][et_pb_row _builder_version=&#8221;4.27.4&#8243; _module_preset=&#8221;default&#8221; background_image=&#8221;https:\/\/life-effect.org\/wp-content\/uploads\/2025\/10\/Streetpattern-01-light-green.png&#8221; custom_margin=&#8221;40px||40px||true|false&#8221; custom_padding=&#8221;60px|40px|60px|40px|true|true&#8221; border_radii=&#8221;on|30px|30px|30px|30px&#8221; border_width_all=&#8221;4px&#8221; border_color_all=&#8221;#FFC6ED&#8221; global_colors_info=&#8221;{}&#8221;][et_pb_column type=&#8221;4_4&#8243; _builder_version=&#8221;4.27.4&#8243; _module_preset=&#8221;default&#8221; global_colors_info=&#8221;{}&#8221;][et_pb_text _builder_version=&#8221;4.27.4&#8243; _module_preset=&#8221;default&#8221; text_font=&#8221;&#8211;et_global_heading_font|700|||||||&#8221; header_font=&#8221;&#8211;et_global_heading_font|700|||||||&#8221; header_text_align=&#8221;center&#8221; header_text_color=&#8221;gcid-body-color&#8221; header_font_size=&#8221;50px&#8221; global_colors_info=&#8221;{%22gcid-body-color%22:%91%22header_text_color%22%93}&#8221;]<\/p>\n<h1>Fundo Social para o Clima<\/h1>\n<p>[\/et_pb_text][et_pb_button button_url=&#8221;https:\/\/life-effect.org\/social-climate-fund-quiz\/&#8221; url_new_window=&#8221;on&#8221; button_text=&#8221;fa\u00e7a um teste&#8221; button_alignment=&#8221;center&#8221; _builder_version=&#8221;4.27.4&#8243; _module_preset=&#8221;default&#8221; global_colors_info=&#8221;{}&#8221;][\/et_pb_button][\/et_pb_column][\/et_pb_row][et_pb_row column_structure=&#8221;1_2,1_2&#8243; _builder_version=&#8221;4.27.4&#8243; _module_preset=&#8221;default&#8221; global_colors_info=&#8221;{}&#8221;][et_pb_column type=&#8221;1_2&#8243; _builder_version=&#8221;4.27.4&#8243; _module_preset=&#8221;default&#8221; global_colors_info=&#8221;{}&#8221;][et_pb_button button_url=&#8221;https:\/\/life-effect.org\/pt-pt\/o-que-e-o-cele2-como-funciona-o-cele2\/&#8221; button_text=&#8221; O que \u00e9 o CELE2?&#8221; button_alignment=&#8221;left&#8221; _builder_version=&#8221;4.27.4&#8243; _module_preset=&#8221;default&#8221; button_text_color=&#8221;gcid-heading-color&#8221; button_bg_color=&#8221;RGBA(255,255,255,0)&#8221; button_bg_enable_image=&#8221;off&#8221; global_colors_info=&#8221;{%22gcid-heading-color%22:%91%22button_text_color%22%93}&#8221;][\/et_pb_button][\/et_pb_column][et_pb_column type=&#8221;1_2&#8243; _builder_version=&#8221;4.27.4&#8243; _module_preset=&#8221;default&#8221; global_colors_info=&#8221;{}&#8221;][et_pb_button button_url=&#8221;https:\/\/life-effect.org\/pt-pt\/consideracoes-sobre-as-despesas-das-receitas-do-ets2\/&#8221; button_text=&#8221; Considera\u00e7\u00f5es sobre as despesas das receitas do ETS2&#8243; button_alignment=&#8221;center&#8221; _builder_version=&#8221;4.27.4&#8243; _module_preset=&#8221;default&#8221; button_text_color=&#8221;gcid-heading-color&#8221; button_bg_color=&#8221;RGBA(255,255,255,0)&#8221; button_bg_enable_image=&#8221;off&#8221; global_colors_info=&#8221;{%22gcid-heading-color%22:%91%22button_text_color%22%93}&#8221;][\/et_pb_button][\/et_pb_column][\/et_pb_row][\/et_pb_section]<\/p>\n","protected":false},"excerpt":{"rendered":"<p>Fundo Social para o ClimaEm resultado do aumento dos custos dos combust\u00edveis e dos transportes imposto pelo CELE2, o Fundo Social para o Clima (SCF) foi criado como resposta a quaisquer impactos socioecon\u00f4micos negativos causados pelo CELE2 em fam\u00edlias vulner\u00e1veis. O SCF \u00e9 o primeiro fundo da UE desenvolvido com o objetivo expl\u00edcito de aliviar [&hellip;]<\/p>\n","protected":false},"author":20,"featured_media":0,"parent":0,"menu_order":0,"comment_status":"closed","ping_status":"closed","template":"","meta":{"_acf_changed":false,"_et_pb_use_builder":"on","_et_pb_old_content":"","_et_gb_content_width":"","_monsterinsights_skip_tracking":false,"_monsterinsights_sitenote_active":false,"_monsterinsights_sitenote_note":"","_monsterinsights_sitenote_category":0,"footnotes":""},"class_list":["post-407526","page","type-page","status-publish","hentry"],"acf":[],"yoast_head":"<!-- This site is optimized with the Yoast SEO plugin v27.5 - https:\/\/yoast.com\/product\/yoast-seo-wordpress\/ -->\n<title>Fundo Social para o Clima - LIFE Effect<\/title>\n<meta name=\"robots\" content=\"index, follow, max-snippet:-1, max-image-preview:large, max-video-preview:-1\" \/>\n<link rel=\"canonical\" href=\"https:\/\/life-effect.org\/pt-pt\/fundo-social-para-o-clima\/\" \/>\n<meta property=\"og:locale\" content=\"pt_PT\" \/>\n<meta property=\"og:type\" content=\"article\" \/>\n<meta property=\"og:title\" content=\"Fundo Social para o Clima - LIFE Effect\" \/>\n<meta property=\"og:description\" content=\"Fundo Social para o ClimaEm resultado do aumento dos custos dos combust\u00edveis e dos transportes imposto pelo CELE2, o Fundo Social para o Clima (SCF) foi criado como resposta a quaisquer impactos socioecon\u00f4micos negativos causados pelo CELE2 em fam\u00edlias vulner\u00e1veis. O SCF \u00e9 o primeiro fundo da UE desenvolvido com o objetivo expl\u00edcito de aliviar [&hellip;]\" \/>\n<meta property=\"og:url\" content=\"https:\/\/life-effect.org\/pt-pt\/fundo-social-para-o-clima\/\" \/>\n<meta property=\"og:site_name\" content=\"LIFE Effect\" \/>\n<meta property=\"article:modified_time\" content=\"2025-11-27T14:02:42+00:00\" \/>\n<meta name=\"twitter:card\" content=\"summary_large_image\" \/>\n<meta name=\"twitter:label1\" content=\"Tempo estimado de leitura\" \/>\n\t<meta name=\"twitter:data1\" content=\"12 minutos\" \/>\n<script type=\"application\/ld+json\" class=\"yoast-schema-graph\">{\"@context\":\"https:\\\/\\\/schema.org\",\"@graph\":[{\"@type\":\"WebPage\",\"@id\":\"https:\\\/\\\/life-effect.org\\\/pt-pt\\\/fundo-social-para-o-clima\\\/\",\"url\":\"https:\\\/\\\/life-effect.org\\\/pt-pt\\\/fundo-social-para-o-clima\\\/\",\"name\":\"Fundo Social para o Clima - LIFE Effect\",\"isPartOf\":{\"@id\":\"https:\\\/\\\/life-effect.org\\\/pt-pt\\\/#website\"},\"datePublished\":\"2025-11-13T09:35:11+00:00\",\"dateModified\":\"2025-11-27T14:02:42+00:00\",\"breadcrumb\":{\"@id\":\"https:\\\/\\\/life-effect.org\\\/pt-pt\\\/fundo-social-para-o-clima\\\/#breadcrumb\"},\"inLanguage\":\"pt-PT\",\"potentialAction\":[{\"@type\":\"ReadAction\",\"target\":[\"https:\\\/\\\/life-effect.org\\\/pt-pt\\\/fundo-social-para-o-clima\\\/\"]}]},{\"@type\":\"BreadcrumbList\",\"@id\":\"https:\\\/\\\/life-effect.org\\\/pt-pt\\\/fundo-social-para-o-clima\\\/#breadcrumb\",\"itemListElement\":[{\"@type\":\"ListItem\",\"position\":1,\"name\":\"Home\",\"item\":\"https:\\\/\\\/life-effect.org\\\/pt-pt\\\/\"},{\"@type\":\"ListItem\",\"position\":2,\"name\":\"Fundo Social para o Clima\"}]},{\"@type\":\"WebSite\",\"@id\":\"https:\\\/\\\/life-effect.org\\\/pt-pt\\\/#website\",\"url\":\"https:\\\/\\\/life-effect.org\\\/pt-pt\\\/\",\"name\":\"LIFE Effect\",\"description\":\"For carbon pricing that puts people and planet first\",\"potentialAction\":[{\"@type\":\"SearchAction\",\"target\":{\"@type\":\"EntryPoint\",\"urlTemplate\":\"https:\\\/\\\/life-effect.org\\\/pt-pt\\\/?s={search_term_string}\"},\"query-input\":{\"@type\":\"PropertyValueSpecification\",\"valueRequired\":true,\"valueName\":\"search_term_string\"}}],\"inLanguage\":\"pt-PT\"}]}<\/script>\n<!-- \/ Yoast SEO plugin. -->","yoast_head_json":{"title":"Fundo Social para o Clima - LIFE Effect","robots":{"index":"index","follow":"follow","max-snippet":"max-snippet:-1","max-image-preview":"max-image-preview:large","max-video-preview":"max-video-preview:-1"},"canonical":"https:\/\/life-effect.org\/pt-pt\/fundo-social-para-o-clima\/","og_locale":"pt_PT","og_type":"article","og_title":"Fundo Social para o Clima - LIFE Effect","og_description":"Fundo Social para o ClimaEm resultado do aumento dos custos dos combust\u00edveis e dos transportes imposto pelo CELE2, o Fundo Social para o Clima (SCF) foi criado como resposta a quaisquer impactos socioecon\u00f4micos negativos causados pelo CELE2 em fam\u00edlias vulner\u00e1veis. O SCF \u00e9 o primeiro fundo da UE desenvolvido com o objetivo expl\u00edcito de aliviar [&hellip;]","og_url":"https:\/\/life-effect.org\/pt-pt\/fundo-social-para-o-clima\/","og_site_name":"LIFE Effect","article_modified_time":"2025-11-27T14:02:42+00:00","twitter_card":"summary_large_image","twitter_misc":{"Tempo estimado de leitura":"12 minutos"},"schema":{"@context":"https:\/\/schema.org","@graph":[{"@type":"WebPage","@id":"https:\/\/life-effect.org\/pt-pt\/fundo-social-para-o-clima\/","url":"https:\/\/life-effect.org\/pt-pt\/fundo-social-para-o-clima\/","name":"Fundo Social para o Clima - LIFE Effect","isPartOf":{"@id":"https:\/\/life-effect.org\/pt-pt\/#website"},"datePublished":"2025-11-13T09:35:11+00:00","dateModified":"2025-11-27T14:02:42+00:00","breadcrumb":{"@id":"https:\/\/life-effect.org\/pt-pt\/fundo-social-para-o-clima\/#breadcrumb"},"inLanguage":"pt-PT","potentialAction":[{"@type":"ReadAction","target":["https:\/\/life-effect.org\/pt-pt\/fundo-social-para-o-clima\/"]}]},{"@type":"BreadcrumbList","@id":"https:\/\/life-effect.org\/pt-pt\/fundo-social-para-o-clima\/#breadcrumb","itemListElement":[{"@type":"ListItem","position":1,"name":"Home","item":"https:\/\/life-effect.org\/pt-pt\/"},{"@type":"ListItem","position":2,"name":"Fundo Social para o Clima"}]},{"@type":"WebSite","@id":"https:\/\/life-effect.org\/pt-pt\/#website","url":"https:\/\/life-effect.org\/pt-pt\/","name":"LIFE Effect","description":"For carbon pricing that puts people and planet first","potentialAction":[{"@type":"SearchAction","target":{"@type":"EntryPoint","urlTemplate":"https:\/\/life-effect.org\/pt-pt\/?s={search_term_string}"},"query-input":{"@type":"PropertyValueSpecification","valueRequired":true,"valueName":"search_term_string"}}],"inLanguage":"pt-PT"}]}},"_links":{"self":[{"href":"https:\/\/life-effect.org\/pt-pt\/wp-json\/wp\/v2\/pages\/407526","targetHints":{"allow":["GET"]}}],"collection":[{"href":"https:\/\/life-effect.org\/pt-pt\/wp-json\/wp\/v2\/pages"}],"about":[{"href":"https:\/\/life-effect.org\/pt-pt\/wp-json\/wp\/v2\/types\/page"}],"author":[{"embeddable":true,"href":"https:\/\/life-effect.org\/pt-pt\/wp-json\/wp\/v2\/users\/20"}],"replies":[{"embeddable":true,"href":"https:\/\/life-effect.org\/pt-pt\/wp-json\/wp\/v2\/comments?post=407526"}],"version-history":[{"count":4,"href":"https:\/\/life-effect.org\/pt-pt\/wp-json\/wp\/v2\/pages\/407526\/revisions"}],"predecessor-version":[{"id":408168,"href":"https:\/\/life-effect.org\/pt-pt\/wp-json\/wp\/v2\/pages\/407526\/revisions\/408168"}],"wp:attachment":[{"href":"https:\/\/life-effect.org\/pt-pt\/wp-json\/wp\/v2\/media?parent=407526"}],"curies":[{"name":"wp","href":"https:\/\/api.w.org\/{rel}","templated":true}]}}